{"id":5793,"date":"2021-03-19T16:53:45","date_gmt":"2021-03-19T16:53:45","guid":{"rendered":"https:\/\/cp-rup.com\/?page_id=5793"},"modified":"2025-06-16T09:49:52","modified_gmt":"2025-06-16T09:49:52","slug":"azores","status":"publish","type":"page","link":"https:\/\/www.cp-rup.com\/es\/regiones-ultraperifericas\/azores\/","title":{"rendered":"Las Azores"},"content":{"rendered":"<h1 style=\"text-align: center;\">Las Azores<\/h1>\n<p><span style=\"font-weight: 400;\">El archipi\u00e9lago de las Azores se encuentra en el oc\u00e9ano Atl\u00e1ntico Norte entre los 36\u00ba y 43\u00ba de latitud norte y los 25\u00ba y 31\u00ba de longitud oeste, aproximadamente a 1500 km al oeste de Lisboa y a 3600 km al este de Am\u00e9rica del Norte.<\/span><\/p>\n<p><span style=\"font-weight: 400;\">Las Azores se caracterizan por su diversidad paisaj\u00edstica y por la riqueza de su patrimonio medioambiental, natural y cultural. Su ubicaci\u00f3n geogr\u00e1fica y origen volc\u00e1nico son los responsables de su gran variedad de ecosistemas.<\/span><\/p>\n<p><span style=\"font-weight: 400;\">Las islas de Corvo, Flores y Graciosa y las Faj\u00e3s de S. Jorge han recibido de la UNESCO el t\u00edtulo de Reserva Mundial de la Biosfera. El centro hist\u00f3rico de la ciudad de Angra do Hero\u00edsmo, en la isla Terceira, considerado uno de los ejemplos m\u00e1s notables del urbanismo renacentista, y el Paisaje Cultural de la Vid, en la isla Pico, son Patrimonio Mundial de la UNESCO. Todo el territorio de las Azores, que abarca 121 geositios dispersos por las nueve islas volc\u00e1nicas del archipi\u00e9lago y la zona marina circundante, est\u00e1 clasificado por la UNESCO como Geoparque.\u00a0<\/span><\/p>\n<p><span style=\"font-weight: 400;\">Asimismo, las Azores se caracterizan por su posici\u00f3n geoestrat\u00e9gica, entre los continentes europeo, americano y africano, por lo que representan un activo formidable de la proyecci\u00f3n mundial de la Uni\u00f3n Europea.<\/span><\/p>\n<p><span style=\"font-weight: 400;\">El archipi\u00e9lago est\u00e1 formado por nueve islas: S\u00e3o Miguel, Santa Maria, Terceira, Graciosa, Faial, S\u00e3o Jorge, Pico, Flores y Corvo, con una superficie terrestre total de 2321 km<\/span><span style=\"font-weight: 400;\">2<\/span><span style=\"font-weight: 400;\"> y por el mar que las rodea que totaliza cerca de un mill\u00f3n de km<\/span><span style=\"font-weight: 400;\">2<\/span><span style=\"font-weight: 400;\">.<\/span><\/p>\n<p>&nbsp;<\/p>\n<p><span style=\"font-weight: 400;\">Adem\u00e1s de ser una regi\u00f3n ultraperif\u00e9rica, la dispersi\u00f3n geogr\u00e1fica entre las islas acent\u00faa los retos a los que se enfrentan sus habitantes. Por ejemplo, la distancia entre las islas Corvo o Flores y la isla de Santa Maria supera los 600 km.<\/span><\/p>\n<p><span style=\"font-weight: 400;\">La poblaci\u00f3n de la Regi\u00f3n Aut\u00f3noma de las Azores es de 245.283 habitantes, con una densidad de poblaci\u00f3n media de 105 habitantes por km<\/span><span style=\"font-weight: 400;\">2<\/span><span style=\"font-weight: 400;\"> y un PIB per c\u00e1pita que se ha ido acercando a la media comunitaria.<\/span><\/p>\n<p><span style=\"font-weight: 400;\">Las Azores tienen un clima mar\u00edtimo templado, con temperaturas medias de 24 \u00b0C en verano y 13 \u00b0C en invierno.<\/span><\/p>\n<p>&nbsp;<\/p>\n<div class=\"col-12 mb-5\">\n<div class=\"row\">\n<div class=\"col-12 col-sm-12 col-md-12\">\n                    \t<div class=\"rup_main_map__wrapper position-relative\">\n\t\t<div id=\"rup_main_map\" class=\"position-static\" style=\"background-image: url('https:\/\/www.cp-rup.com\/wp-content\/themes\/rup\/img\/MapaSVGCPRUP.svg');\">\n            <a href=\"https:\/\/www.cp-rup.com\/es\/regiones-ultraperifericas\/azores\/\">\n\t\t\t\t<div class=\"map-marker--wrapper azores\" style=\"top: 35%; left: 39.7%;\">\n\t\t\t\t\t<div class=\"hover_title Azores\"> A\u00e7ores <\/div>\n\t\t\t\t\t<div class=\"map-marker map-marker--selected Azores\" title=\"A\u00e7ores\"><\/div>\n\t\t\t\t<\/div>\n\t\t\t<\/a>\n            <a href=\"https:\/\/www.cp-rup.com\/es\/regiones-ultraperifericas\/madeira\/\">\n\t\t\t\t<div class=\"map-marker--wrapper madeira\" style=\"top: 40%; left: 40.1%;\">\n\t\t\t\t\t<div class=\"hover_title Madeira\"> Madeira <\/div>\n\t\t\t\t\t<div class=\"map-marker  Madeira\" title=\"Madeira\"><\/div>\n\t\t\t\t<\/div>\n\t\t\t<\/a>\n            <a href=\"https:\/\/www.cp-rup.com\/es\/regiones-ultraperifericas\/canarias\/\">\n\t\t\t\t<div class=\"map-marker--wrapper canarias\" style=\"top: 44%; left: 40.5%;\">\n\t\t\t\t\t<div class=\"hover_title Canarias\"> Canarias <\/div>\n\t\t\t\t\t<div class=\"map-marker  Canarias\" title=\"Canarias\"><\/div>\n\t\t\t\t<\/div>\n\t\t\t<\/a>\n            <a href=\"https:\/\/www.cp-rup.com\/es\/regiones-ultraperifericas\/san-martin\/\">\n\t\t\t\t<div class=\"map-marker--wrapper saint-martin\" style=\"top: 46%; left: 30.7%;\">\n\t\t\t\t\t<div class=\"hover_title San_Martin\"> Saint-Martin <\/div>\n\t\t\t\t\t<div class=\"map-marker  San_Martin\" title=\"Saint-Martin\"><\/div>\n\t\t\t\t<\/div>\n\t\t\t<\/a>\n            <a href=\"https:\/\/www.cp-rup.com\/es\/regiones-ultraperifericas\/guadalupe\/\">\n\t\t\t\t<div class=\"map-marker--wrapper guadeloupe\" style=\"top: 48%; left: 31.7%;\">\n\t\t\t\t\t<div class=\"hover_title Guadalupe\"> Guadeloupe <\/div>\n\t\t\t\t\t<div class=\"map-marker  Guadalupe\" title=\"Guadeloupe\"><\/div>\n\t\t\t\t<\/div>\n\t\t\t<\/a>\n            <a href=\"https:\/\/www.cp-rup.com\/es\/regiones-ultraperifericas\/martinica\/\">\n\t\t\t\t<div class=\"map-marker--wrapper martinica\" style=\"top: 51%; left: 31.7%;\">\n\t\t\t\t\t<div class=\"hover_title Martinica\" style=\"top: 5px !important;\"> Martinique <\/div>\n\t\t\t\t\t<div class=\"map-marker  Martinica\" title=\"Martinique\"><\/div>\n\t\t\t\t<\/div>\n\t\t\t<\/a>\n            <a href=\"https:\/\/www.cp-rup.com\/es\/regiones-ultraperifericas\/guayana-francesa\/\">\n\t\t\t\t<div class=\"map-marker--wrapper guayana\" style=\"top: 55.2%; left: 32.2%;\">\n\t\t\t\t\t<div class=\"hover_title Guayana_Francesa\"> Guyane <\/div>\n\t\t\t\t\t<div class=\"map-marker  Guayana_Francesa\" title=\"Guyane\"><\/div>\n\t\t\t\t<\/div>\n\t\t\t<\/a>\n\t\t\t\t\n\t\t\t\n            <a href=\"https:\/\/www.cp-rup.com\/es\/regiones-ultraperifericas\/mayotte\/\">\n\t\t\t\t<div class=\"map-marker--wrapper mayotte\" style=\"top: 67%; left: 52.7%;\">\n\t\t\t\t\t<div class=\"hover_title Mayotte\"> Mayotte <\/div>\n\t\t\t\t\t<div class=\"map-marker  Mayotte\" title=\"Mayotte\"><\/div>\n\t\t\t\t<\/div>\n\t\t\t<\/a>\n            <a href=\"https:\/\/www.cp-rup.com\/es\/regiones-ultraperifericas\/reunion\/\">\n\t\t\t\t<div class=\"map-marker--wrapper reunion\" style=\"top: 72%; left: 55.2%;\">\n\t\t\t\t\t<div class=\"hover_title La_Reunion\"> R\u00e9union <\/div>\n\t\t\t\t\t<div class=\"map-marker  La_Reunion\" title=\"R\u00e9union\"><\/div>\n\t\t\t\t<\/div>\n\t\t\t<\/a>\n\t\t<\/div>\n\t<\/div>\n\n\t<style>\n\t.rup_main_map__wrapper:hover .hover_title {\n\t\topacity:1;\n\t}\n\t\n\t.hover_title {\n\t\tposition: absolute;\n\t\topacity:0;\n\t\ttransition: 0.15s opacity ease-in-out;\n\t\tbackground: rgba(255,255,255,0.75);\n\t\tborder-radius: 5px;\n\t\twidth: 60px;\n\t\tfont-size: 10px;\n\t}\n\n\t\t.hover_title:hover + .map-marker{\n\t\t\tanimation-name: animated-map-marker;\n\t\t\tanimation-duration: 0.5s;\n\t\t\tanimation-iteration-count: infinite;\n\t\t\tanimation-direction: alternate;\n\t\t}\n\t<\/style>\n\t<script>\n\tvar azores = jQuery('.map-marker[title=\"A\u00e7ores\"]');\n\tvar madeira = jQuery('.map-marker[title=\"Madeira\"]');\n\tvar canarias = jQuery('.map-marker[title=\"Canarias\"]');\n\tvar saint_martin = jQuery('.map-marker[title=\"Saint-Martin\"]');\n\tvar guadeloupe = jQuery('.map-marker[title=\"Guadeloupe\"]');\n\tvar martinique = jQuery('.map-marker[title=\"Martinique\"]');\n\tvar guyane = jQuery('.map-marker[title=\"Guyane\"]');\n\tvar mayotte = jQuery('.map-marker[title=\"Mayotte\"]');\n\tvar la_reunion  = jQuery('.map-marker[title=\"R\u00e9union\"]');\n\tvar rup = [ azores, madeira, canarias, mayotte, la_reunion, guyane, martinique, guadeloupe, saint_martin ];\n\tvar speed = 500;\n\tvar animation_from = {opacity: 0.25};\n\tvar animation_to = {opacity: 1};\n\tvar animation_easing = \"swing\";\n\t\n\tfunction animate(index){\n\t\trup[index].animate(animation_from, speed, animation_easing, function(){\n\t\t\trup[index].animate(animation_to, speed, animation_easing, function(){\n\t\t\t\tanimate((index+1) % rup.length);\n\t\t\t});\n\t\t});\n\t}\n\n\tanimate(0);\n\t\n\t<\/script>\n\t\n                <\/div>\n<\/p><\/div>\n<\/p><\/div>\n<h3 style=\"text-align: center;\"><strong>Estatuto Pol\u00edtico-Administrativo de la Regi\u00f3n Aut\u00f3noma de las Azores:<\/strong><\/h3>\n<p>&nbsp;<\/p>\n<p><span style=\"font-weight: 400;\">Desde 1976, las Azores tienen el estatuto de regi\u00f3n aut\u00f3noma de Portugal consagrado en la Constituci\u00f3n de la Rep\u00fablica Portuguesa. El estatuto pol\u00edtico-administrativo de las Azores fue aprobado por la Ley n.\u00ba 39\/80, de 22 de agosto. El Gobierno Regional y la Asamblea Legislativa son \u00f3rganos de autogobierno, elegidos por sufragio universal directo y dotados de amplias competencias legislativas y pol\u00edticas.<\/span><\/p>\n<p><span style=\"font-weight: 400;\">La Regi\u00f3n Aut\u00f3noma de las Azores est\u00e1 dividida administrativamente en 19 municipios y 150 pedan\u00edas.<\/span><\/p>\n<p>&nbsp;<\/p>\n<h2 style=\"text-align: center;\"><strong>Actividades econ\u00f3micas<\/strong><\/h2>\n<h3 style=\"text-align: center;\"><b>\u00a0<\/b><strong>Agricultura<\/strong><\/h3>\n<p>&nbsp;<\/p>\n<p><span style=\"font-weight: 400;\">La econom\u00eda de las Azores est\u00e1 fuertemente vinculada al sector agr\u00edcola y tiene como principales elementos la producci\u00f3n de leche (m\u00e1s del 30 % de la producci\u00f3n de leche de Portugal [1]), la producci\u00f3n y exportaci\u00f3n de carne de vacuno, la producci\u00f3n de vino y la agricultura ecol\u00f3gica. Tambi\u00e9n cabe destacar la producci\u00f3n de queso [2] que todav\u00eda se realiza de forma artesanal en algunas islas de las Azores. Las Azores produce alrededor del 50 % del queso producido en el territorio portugu\u00e9s. Por ejemplo, el queso \u00abQueijo de S\u00e3o Jorge\u00bb por su calidad y por el entorno geogr\u00e1fico en el que se produce, tiene la distinci\u00f3n de Denominaci\u00f3n de Origen Protegida (DOP).<\/span><\/p>\n<p><span style=\"font-weight: 400;\">Gran parte del territorio de las Azores est\u00e1 ocupado por pastos, bosques y zonas de uso agr\u00edcola, principalmente explotaciones agr\u00edcolas.<\/span><\/p>\n<p><span style=\"font-weight: 400;\">Las pol\u00edticas p\u00fablicas para la agricultura se centran en la modernizaci\u00f3n de la actividad y de sus infraestructuras para mejorar el acceso a las explotaciones agr\u00edcolas, a las redes el\u00e9ctricas y de suministro de agua.<\/span><\/p>\n<p><span style=\"font-weight: 400;\">Uno de los grandes retos que se plantean a los habitantes de las Azores tiene que ver con la potenciaci\u00f3n paisaj\u00edstica y medioambiental de la agricultura en las islas.<\/span><\/p>\n<p>&nbsp;<\/p>\n<h3 style=\"text-align: center;\"><strong>Mar y pesca<\/strong><\/h3>\n<p>&nbsp;<\/p>\n<p><span style=\"font-weight: 400;\">La pesca y la econom\u00eda azul tambi\u00e9n son muy importantes para la econom\u00eda de las Azores, ya que su Zona Econ\u00f3mica Exclusiva (ZEE) representa aproximadamente 954.496 km<\/span><span style=\"font-weight: 400;\">2<\/span><span style=\"font-weight: 400;\">, es decir, el 55 % de la ZEE portuguesa y el 18 % del mar europeo.<\/span><\/p>\n<p><span style=\"font-weight: 400;\">Las actividades asociadas al mar, como la acuicultura, la n\u00e1utica, la investigaci\u00f3n cient\u00edfica, la marina, la conservaci\u00f3n del medio ambiente y de los recursos marinos, el turismo mar\u00edtimo y de avistamiento de cet\u00e1ceos, muestran el potencial de desarrollo end\u00f3geno de las Azores a trav\u00e9s de las econom\u00edas azul y verde.<\/span><\/p>\n<p><span style=\"font-weight: 400;\">La industria conservera, especialmente la del at\u00fan, ocupa un lugar importante en las exportaciones del archipi\u00e9lago, siendo Espa\u00f1a e Italia sus principales mercados de destino.<\/span><\/p>\n<p><span style=\"font-weight: 400;\">La pesca del at\u00fan en las Azores tambi\u00e9n ha sido distinguida por la organizaci\u00f3n internacional Green Peace como \u00abDolphin Safe\u00bb (sin riesgo para los delfines) y \u00abFriend of the Sea\u00bb(amiga del mar).<\/span><\/p>\n<p>&nbsp;<\/p>\n<h3 style=\"text-align: center;\"><strong>Turismo<\/strong><\/h3>\n<p>&nbsp;<\/p>\n<p><span style=\"font-weight: 400;\">El turismo es uno de los sectores de mayor crecimiento de la econom\u00eda regional. Preservar la sostenibilidad del destino Islas Azores y garantizar un equilibrio adecuado entre el turismo, las infraestructuras asociadas y la protecci\u00f3n del paisaje, los ecosistemas y su biodiversidad, son caracter\u00edsticas \u00fanicas de la regi\u00f3n.<\/span><\/p>\n<p><span style=\"font-weight: 400;\">Esta estrategia ha ganado importancia a nivel europeo e internacional. Entre muchos otros premios y distinciones, el Archipi\u00e9lago fue declarado \u201cDestino Quality Coast n.\u00ba 1\u201d, con reconocimiento Gold, galard\u00f3n que distingue al destino de vacaciones de turismo de costa m\u00e1s sostenible de Europa, y premiado por European Best como uno de los mejores destinos tur\u00edsticos de Europa para el avistamiento de cet\u00e1ceos.<\/span><\/p>\n<p><span style=\"font-weight: 400;\">El v\u00ednculo existente entre el turismo y las actividades relacionadas con el mar, el medio ambiente y la agricultura es evidente, destacando el avistamiento de cet\u00e1ceos, la pesca deportiva y submarina, la vela, el yatismo, el turismo de cruceros, entre otros, que tambi\u00e9n son un factor de diversificaci\u00f3n y reconversi\u00f3n de activos y de t\u00e9cnicas tradicionales.<\/span><\/p>\n<p>&nbsp;<\/p>\n<h3 style=\"text-align: center;\"><strong>Investigaci\u00f3n, innovaci\u00f3n y energ\u00eda\u00a0<\/strong><\/h3>\n<p>&nbsp;<\/p>\n<p><span style=\"font-weight: 400;\">Las Azores han reforzado su participaci\u00f3n en proyectos europeos que tienen como objetivo la innovaci\u00f3n basada en el conocimiento, en el marco de consorcios o asociaciones, recaudando financiaci\u00f3n directa de la UE, en particular en los programas Horizonte 2020 o INTERREG (por ejemplo, Europa y Espacio Atl\u00e1ntico), con el fin de contribuir al desarrollo y consolidaci\u00f3n de la capacitaci\u00f3n cient\u00edfica de la regi\u00f3n, al fortalecimiento del eje econ\u00f3mico basado en la investigaci\u00f3n, el desarrollo y la innovaci\u00f3n (IDI) y a la proyecci\u00f3n de las Azores en el Espacio Europeo de Investigaci\u00f3n.<\/span><\/p>\n<p><span style=\"font-weight: 400;\">Por otra parte, la Universidad de las Azores, fundada en 1976, est\u00e1 formada por tres campus situados en las islas S\u00e3o Miguel, Terceira y Faial, e integra unidades org\u00e1nicas universitarias y polit\u00e9cnicas. La Universidad de las Azores se centra en \u00e1reas de excelencia y reconocimiento internacional como las ciencias y tecnolog\u00edas del mar y la pesca y, en particular, el estudio de las aguas profundas, los montes submarinos, las fuentes hidrotermales, el medio ambiente y el cambio clim\u00e1tico, as\u00ed como el estudio de la biodiversidad, la vulcanolog\u00eda\/sismolog\u00eda y la biotecnolog\u00eda agroindustrial y marina.<\/span><\/p>\n<p><span style=\"font-weight: 400;\">Confirmando su importancia y centralidad, las Azores acoger\u00e1n el Observatorio del Atl\u00e1ntico, una infraestructura para la investigaci\u00f3n, el seguimiento, la protecci\u00f3n y la explotaci\u00f3n sostenible de los recursos de las profundidades del mar. El Centro Internacional de Investigaci\u00f3n de las Azores (\u201cAtlantic International Research Center\u201d o AIR Center)\u00a0 es una organizaci\u00f3n cient\u00edfica internacional con sede en las Azores, centrada en el Atl\u00e1ntico y cuyo objetivo es el desarrollo cient\u00edfico y tecnol\u00f3gico en los \u00e1mbitos del espacio, el oc\u00e9ano, la atm\u00f3sfera, el clima y la energ\u00eda. En el componente espacial, uno de los proyectos del AIR Center es la creaci\u00f3n de una base espacial para el lanzamiento de peque\u00f1os sat\u00e9lites en las Azores, en la isla Santa Maria.<\/span><\/p>\n<p><span style=\"font-weight: 400;\">Las Azores tambi\u00e9n son un ejemplo de sostenibilidad por su pol\u00edtica de descarbonizaci\u00f3n, ya que el 41 % de su energ\u00eda es de origen renovable y end\u00f3geno, en particular la energ\u00eda geot\u00e9rmica, que ya representa el 67 % de las energ\u00edas renovables.<\/span><\/p>\n<p>&nbsp;<\/p>\n\t\t<div class=\"col-12 mb-5\">\n\t\t\t<div class=\"row widget_picture_with_floating_text\">\n\t\t\t\t<div class=\"col-8  widget_picture_with_floating_text__picture\" style=\"background-image: url('https:\/\/cp-rup.com\/wp-content\/uploads\/2018\/10\/Azores-S\u00e3o-Miguel-Island.jpg.');\"><\/div>\n\t\t\t\t<div class=\"col-6 widget_picture_with_floating_text__text widget_picture_with_floating_text__text--right\">\n\t\t\t\t\t<h3> Turismo<\/h3>\n\t\t\t\t\t<p>La preservaci\u00f3n de la sostenibilidad del destino Islas Azores y la garant\u00eda de un adecuado equilibrio entre la actividad tur\u00edstica, las infraestructuras asociadas y la protecci\u00f3n del paisaje, de los ecosistemas y de su biodiversidad, son caracter\u00edsticas \u00fanicas de la regi\u00f3n. <\/p>\n\t\t\t\t<\/div>\n\t\t\t<\/div>\n\t\t<\/div>\n\n\n\t\t<div class=\"col-12 mb-5\">\n\t\t\t<div class=\"row widget_picture_with_floating_text\">\n\t\t\t\t<div class=\"col-8 offset-4 widget_picture_with_floating_text__picture\" style=\"background-image: url('https:\/\/cp-rup.com\/wp-content\/uploads\/2018\/10\/Azores-PS-Faial-Island-Fisheries.jpg');\"><\/div>\n\t\t\t\t<div class=\"col-6 widget_picture_with_floating_text__text widget_picture_with_floating_text__text--left\">\n\t\t\t\t\t<h3>Mar y pesca<\/h3>\n\t\t\t\t\t<p>La pesca del at\u00fan en las Azores tambi\u00e9n ha sido distinguida por la organizaci\u00f3n internacional Green Peace como \u00abDolphin Safe\u00bb (sin riesgo para los delfines) y \u00abFriend of the Sea\u00bb(amiga del mar).<\/p>\n\t\t\t\t<\/div>\n\t\t\t<\/div>\n\t\t<\/div>\n\n\n\t\t<div class=\"col-12 mb-5\">\n\t\t\t<div class=\"row widget_picture_with_floating_text\">\n\t\t\t\t<div class=\"col-8  widget_picture_with_floating_text__picture\" style=\"background-image: url('https:\/\/cp-rup.com\/wp-content\/uploads\/2018\/10\/Azores-JAR-PS-Santa-Maria-Island-Satellite.jpg');\"><\/div>\n\t\t\t\t<div class=\"col-6 widget_picture_with_floating_text__text widget_picture_with_floating_text__text--right\">\n\t\t\t\t\t<h3>Investigaci\u00f3n<\/h3>\n\t\t\t\t\t<p>En el componente espacial, uno de los proyectos del AIR Center es la creaci\u00f3n de una base espacial para el lanzamiento de peque\u00f1os sat\u00e9lites en las Azores, en la isla Santa Maria. <\/p>\n\t\t\t\t<\/div>\n\t\t\t<\/div>\n\t\t<\/div>\n\n\n<p><a href=\"#_ftnref1\" name=\"_ftn1\">[1]<\/a><a href=\"http:\/\/ec.europa.eu\/regional_policy\/sources\/activity\/outermost\/doc\/plan_action_strategique_eu2020_acores_pt.pdf\" target=\"_blank\" rel=\"noopener noreferrer\">http:\/\/ec.europa.eu\/regional_policy\/sources\/activity\/outermost\/doc\/plan_action_strategique_eu2020_acores_pt.pdf<\/a><\/p>\n<p><a href=\"#_ftnref2\" name=\"_ftn2\">[2]<\/a> <a href=\"https:\/\/www.investinazores.com\/index.php\/pt\/porque-acores\/setor-agroalimentar\" target=\"_blank\" rel=\"noopener noreferrer\">https:\/\/www.investinazores.com\/index.php\/pt\/porque-acores\/setor-agroalimentar<\/a><\/p>\n<h6>Fotos: Jos\u00e9 Ant\u00f3nio Rodrigues<\/h6>\n<div id=\"metaslider-id-3849\" style=\"width: 100%; margin: 0 auto;\" class=\"ml-slider-3-20-3 metaslider metaslider-flex metaslider-3849 ml-slider\">\n    <div id=\"metaslider_container_3849\">\n        <div id=\"metaslider_3849\">\n            <ul aria-live=\"polite\" class=\"slides\">\n                <li style=\"display: block; width: 100%;\" class=\"slide-3850 ms-image\"><img loading=\"lazy\" decoding=\"async\" src=\"https:\/\/www.cp-rup.com\/wp-content\/uploads\/2018\/10\/JAR-Landscape-S\u00e3o-Jorge-Island-1088x400.jpg\" height=\"400\" width=\"1088\" alt=\"\" class=\"slider-3849 slide-3850\" \/><div class=\"caption-wrap\"><div class=\"caption\">S\u00e3o Jorge <\/div><\/div><\/li>\n                <li style=\"display: none; width: 100%;\" class=\"slide-3851 ms-image\"><img loading=\"lazy\" decoding=\"async\" src=\"https:\/\/www.cp-rup.com\/wp-content\/uploads\/2018\/10\/Azores-JAR-Corvo-Island-Top-of-the-page-1088x400.jpg\" height=\"400\" width=\"1088\" alt=\"\" class=\"slider-3849 slide-3851\" \/><div class=\"caption-wrap\"><div class=\"caption\">Corvo <\/div><\/div><\/li>\n                <li style=\"display: none; width: 100%;\" class=\"slide-3852 ms-image\"><img loading=\"lazy\" decoding=\"async\" src=\"https:\/\/www.cp-rup.com\/wp-content\/uploads\/2018\/10\/Azores-JAR-Terceira-Island-1088x400.jpg\" height=\"400\" width=\"1088\" alt=\"\" class=\"slider-3849 slide-3852\" \/><div class=\"caption-wrap\"><div class=\"caption\">Ilha Terceira\n<\/div><\/div><\/li>\n                <li style=\"display: none; width: 100%;\" class=\"slide-3854 ms-image\"><img loading=\"lazy\" decoding=\"async\" src=\"https:\/\/www.cp-rup.com\/wp-content\/uploads\/2018\/10\/Azores-JAR-PS-S\u00e3o-Jorge-Cheese-1088x400.jpg\" height=\"400\" width=\"1088\" alt=\"\" class=\"slider-3849 slide-3854\" \/><div class=\"caption-wrap\"><div class=\"caption\">Ilha S\u00e3o Jorge, <\/div><\/div><\/li>\n                <li style=\"display: none; width: 100%;\" class=\"slide-3855 ms-image\"><img loading=\"lazy\" decoding=\"async\" src=\"https:\/\/www.cp-rup.com\/wp-content\/uploads\/2018\/10\/Azores-JAR-PS-Inter-island-transport-1-1088x400.jpg\" height=\"400\" width=\"1088\" alt=\"\" class=\"slider-3849 slide-3855\" \/><div class=\"caption-wrap\"><div class=\"caption\">Azores<\/div><\/div><\/li>\n                <li style=\"display: none; width: 100%;\" class=\"slide-3856 ms-image\"><img loading=\"lazy\" decoding=\"async\" src=\"https:\/\/www.cp-rup.com\/wp-content\/uploads\/2018\/10\/Azores-JAR-PS-Fisheries-1088x400.jpg\" height=\"400\" width=\"1088\" alt=\"\" class=\"slider-3849 slide-3856\" \/><div class=\"caption-wrap\"><div class=\"caption\">Azores <\/div><\/div><\/li>\n                <li style=\"display: none; width: 100%;\" class=\"slide-3857 ms-image\"><img loading=\"lazy\" decoding=\"async\" src=\"https:\/\/www.cp-rup.com\/wp-content\/uploads\/2018\/10\/Azores-JAR-Terceira-Island-II-1088x400.jpg\" height=\"400\" width=\"1088\" alt=\"\" class=\"slider-3849 slide-3857\" \/><div class=\"caption-wrap\"><div class=\"caption\">Ilha Terceira<\/div><\/div><\/li>\n                <li style=\"display: none; width: 100%;\" class=\"slide-3858 ms-image\"><img loading=\"lazy\" decoding=\"async\" src=\"https:\/\/www.cp-rup.com\/wp-content\/uploads\/2018\/10\/Azores-JAR-Faial-Island-1-1088x400.jpg\" height=\"400\" width=\"1088\" alt=\"\" class=\"slider-3849 slide-3858\" \/><div class=\"caption-wrap\"><div class=\"caption\"> Faial<\/div><\/div><\/li>\n            <\/ul>\n        <\/div>\n        \n    <\/div>\n<\/div>\n<p>&nbsp;<\/p>\n<h2><\/h2>\n<p>&nbsp;<\/p>\n<p>&nbsp;<\/p>\n","protected":false},"excerpt":{"rendered":"<p>Las Azores El archipi\u00e9lago de las Azores se encuentra en el oc\u00e9ano Atl\u00e1ntico Norte entre los 36\u00ba y 43\u00ba de latitud norte y los 25\u00ba y 31\u00ba de longitud oeste, aproximadamente a 1500 km al oeste de Lisboa y a 3600 km al este de Am\u00e9rica del Norte. Las Azores se caracterizan por su diversidad [&hellip;]<\/p>\n","protected":false},"author":37,"featured_media":3680,"parent":5779,"menu_order":0,"comment_status":"closed","ping_status":"closed","template":"page-region-detail.php","meta":{"_acf_changed":false,"footnotes":"","_links_to":"","_links_to_target":""},"class_list":["post-5793","page","type-page","status-publish","has-post-thumbnail","hentry"],"acf":[],"_links":{"self":[{"href":"https:\/\/www.cp-rup.com\/es\/wp-json\/wp\/v2\/pages\/5793","targetHints":{"allow":["GET"]}}],"collection":[{"href":"https:\/\/www.cp-rup.com\/es\/wp-json\/wp\/v2\/pages"}],"about":[{"href":"https:\/\/www.cp-rup.com\/es\/wp-json\/wp\/v2\/types\/page"}],"author":[{"embeddable":true,"href":"https:\/\/www.cp-rup.com\/es\/wp-json\/wp\/v2\/users\/37"}],"replies":[{"embeddable":true,"href":"https:\/\/www.cp-rup.com\/es\/wp-json\/wp\/v2\/comments?post=5793"}],"version-history":[{"count":21,"href":"https:\/\/www.cp-rup.com\/es\/wp-json\/wp\/v2\/pages\/5793\/revisions"}],"predecessor-version":[{"id":9869,"href":"https:\/\/www.cp-rup.com\/es\/wp-json\/wp\/v2\/pages\/5793\/revisions\/9869"}],"up":[{"embeddable":true,"href":"https:\/\/www.cp-rup.com\/es\/wp-json\/wp\/v2\/pages\/5779"}],"wp:featuredmedia":[{"embeddable":true,"href":"https:\/\/www.cp-rup.com\/es\/wp-json\/wp\/v2\/media\/3680"}],"wp:attachment":[{"href":"https:\/\/www.cp-rup.com\/es\/wp-json\/wp\/v2\/media?parent=5793"}],"curies":[{"name":"wp","href":"https:\/\/api.w.org\/{rel}","templated":true}]}}