{"id":5854,"date":"2021-03-19T17:31:54","date_gmt":"2021-03-19T17:31:54","guid":{"rendered":"https:\/\/cp-rup.com\/?page_id=5854"},"modified":"2023-04-10T12:23:25","modified_gmt":"2023-04-10T12:23:25","slug":"reunion","status":"publish","type":"page","link":"https:\/\/www.cp-rup.com\/es\/regiones-ultraperifericas\/reunion\/","title":{"rendered":"Reunio\u0301n"},"content":{"rendered":"<h2 style=\"text-align: center;\">\u00a0Reuni\u00f3n<\/h2>\n<h2 style=\"text-align: center;\">Descripci\u00f3n territorial<\/h2>\n<p>Situada en pleno Suroeste del oc\u00e9ano \u00cdndico, la Reuni\u00f3n es una regi\u00f3n europea del hemisferio sur y la m\u00e1s alejada del continente europeo. Esta isla dispone de infraestructuras de gran calidad, lo que la sit\u00faa entre las primeras de la regi\u00f3n del oc\u00e9ano \u00cdndico en materia de equipamiento.<\/p>\n<p>Dos aeropuertos internacionales y un gran puerto mar\u00edtimo permiten que la Reuni\u00f3n est\u00e9 permanentemente abierta al resto del mundo. Por otro lado, el territorio est\u00e1 conectado con banda ancha gracias a una red que combina varias tecnolog\u00edas. La Reuni\u00f3n dispone tambi\u00e9n de infraestructuras sanitarias modernas, dotadas de las instalaciones p\u00fablicas m\u00e1s eficientes de la regi\u00f3n del oc\u00e9ano \u00cdndico.<\/p>\n<h2 style=\"text-align: center;\">Demograf\u00eda<\/h2>\n<p>A 1 de enero de 2019, 861.200 personas viven en la Reuni\u00f3n. La poblaci\u00f3n ha crecido un 0,5% anual desde 2013, con m\u00e1s rapidez que en Francia continental (0,4%). El crecimiento demogr\u00e1fico viene impulsado por su equilibrio natural, marcado por un mayor n\u00famero de nacimientos que de decesos. Sin embargo, se frena porque se marchan m\u00e1s personas de las que llegan. La tasa de natalidad sigue siendo elevada y claramente superior que la del territorio continental franc\u00e9s. La poblaci\u00f3n es joven (2,5 veces m\u00e1s de personas menores de 20 a\u00f1os que mayores de 65).<\/p>\n<h2 style=\"text-align: center;\">Nivel de vida medio y pobreza<\/h2>\n<p>En 2019, el 37% de los reunioneses viv\u00edan bajo el umbral nacional de pobreza. La pobreza es mucho m\u00e1s elevada que en la metr\u00f3poli francesa (15%). De hecho, el desempleo todav\u00eda es significativo en la isla. El nivel de vida sigue siendo m\u00e1s bajo en la Reuni\u00f3n de un extremo a otro de la escala de rentas. La mitad de la poblaci\u00f3n reunionesa tiene un nivel de renta inferior a 1.320 euros mensuales, es decir, un 27% menos del nacional.<\/p>\n<p>&nbsp;<\/p>\n<h2 style=\"text-align: center;\">Producto interior bruto<\/h2>\n<p>Con un producto interior bruto (PIB) de 19.200 millones de euros en 2020, la Reuni\u00f3n es una de las regiones francesas que genera menos riqueza, si bien ostenta el PIB m\u00e1s elevado de los departamentos franceses de ultramar (DOM). El PIB por habitante y el PIB por puesto de trabajo, 7.000 y 10.000 euros respectivamente, son muy inferiores a los registrados en el territorio continental franc\u00e9s, a excepci\u00f3n de \u00cele-de-France. Sin embargo, su PIB por habitante es superior al de los territorios vecinos del oc\u00e9ano \u00cdndico y muy cercano al de Guadalupe.<\/p>\n<h2 style=\"text-align: center;\">Nivel educativo<\/h2>\n<p>En la Reuni\u00f3n, m\u00e1s de uno de cada tres habitantes (36,5%) a partir de 15 a\u00f1os de edad que ya no estudian, posee al menos un diploma de bachillerato. Uno de cada cinco habitantes tiene un diploma de ense\u00f1anza superior, lo cual est\u00e1 por debajo del nivel nacional (31%). Por otro lado, el 43% de los habitantes de la Reuni\u00f3n tiene poca o ninguna cualificaci\u00f3n, frente al 27% nacional.<\/p>\n<h2 style=\"text-align: center;\">Mercado laboral<\/h2>\n<p>En 2020, el empleo creci\u00f3 en la Reuni\u00f3n (+1,3%), alcanzando la cifra de 302.900 empleos al final del a\u00f1o. Se trata de una de las pocas regiones que crear\u00eda empleo en 2020. El sector terciario representa el 84% del empleo, m\u00e1s que a escala nacional. Concretamente, el sector terciario no comercial est\u00e1 claramente mucho m\u00e1s representado que a escala nacional (41% frente a 31%). En cambio, la Reuni\u00f3n est\u00e1 poco orientada a la industria, con un 7% del empleo, frente al 12% nacional.<\/p>\n<h2 style=\"text-align: center;\">Tasa de desempleo<\/h2>\n<p>En 2021, 59.000 personas estaban en situaci\u00f3n de desempleo, seg\u00fan la Oficina internacional de trabajo de la Reuni\u00f3n, o sea, un 18% de la poblaci\u00f3n activa. La tasa de desempleo disminuy\u00f3 en 2021 (-3 puntos con respecto a 2019) por el dinamismo del empleo. Aunque se haya alcanzado un nivel hist\u00f3ricamente bajo, sigue siendo muy superior a la media francesa (7,9%) y es uno de los m\u00e1s elevados de las regiones francesas. Entre las personas en edad de trabajar, solo el 46% ocupa un puesto de trabajo, frente al 64% nacional. Por otra parte, el n\u00famero de personas inactivas (sin contar con estudiantes ni pensionistas) es casi el doble (16% de las personas de 15 a 64 a\u00f1os, frente al 9% nacional).<\/p>\n<h2 style=\"text-align: center;\">Actividad econ\u00f3mica<\/h2>\n<p>En 2020, 46.400 empresas compon\u00edan principalmente los sectores comerciales no agr\u00edcolas ni financieros de la Reuni\u00f3n. Generaron un valor a\u00f1adido de 7.500 millones de euros (0,7% del valor a\u00f1adido de las empresas francesas, a excepci\u00f3n de Mayotte), con un volumen de negocio de 25.500 millones de euros.<\/p>\n<p>Cuatro sectores contribuyen notablemente a la creaci\u00f3n de este valor a\u00f1adido: la educaci\u00f3n, la sanidad y la acci\u00f3n social (sin incluir al sector p\u00fablico), los diferentes servicios a empresas, el comercio minorista y la construcci\u00f3n.<\/p>\n<p>Dos tercios de las empresas no tienen ning\u00fan empleado. Las dem\u00e1s, 14.370, dan empleo a 117.000 personas, a 31 de diciembre de 2020. En su mayor\u00eda, se trata de empresas de peque\u00f1o tama\u00f1o: 11.870 empresas tienen entre 1 y 9 empleados, 2.460 empresas entre 10 y 249 empleados, y 34 empresas cuentan con m\u00e1s de 250 empleados.<\/p>\n\t<div class=\"rup_main_map__wrapper position-relative\">\n\t\t<div id=\"rup_main_map\" class=\"position-static\" style=\"background-image: url('https:\/\/www.cp-rup.com\/wp-content\/themes\/rup\/img\/MapaSVGCPRUP.svg');\">\n            <a href=\"https:\/\/www.cp-rup.com\/es\/regiones-ultraperifericas\/azores\/\">\n\t\t\t\t<div class=\"map-marker--wrapper azores\" style=\"top: 35%; left: 39.7%;\">\n\t\t\t\t\t<div class=\"hover_title Azores\"> A\u00e7ores <\/div>\n\t\t\t\t\t<div class=\"map-marker  Azores\" title=\"A\u00e7ores\"><\/div>\n\t\t\t\t<\/div>\n\t\t\t<\/a>\n            <a href=\"https:\/\/www.cp-rup.com\/es\/regiones-ultraperifericas\/madeira\/\">\n\t\t\t\t<div class=\"map-marker--wrapper madeira\" style=\"top: 40%; left: 40.1%;\">\n\t\t\t\t\t<div class=\"hover_title Madeira\"> Madeira <\/div>\n\t\t\t\t\t<div class=\"map-marker  Madeira\" title=\"Madeira\"><\/div>\n\t\t\t\t<\/div>\n\t\t\t<\/a>\n            <a href=\"https:\/\/www.cp-rup.com\/es\/regiones-ultraperifericas\/canarias\/\">\n\t\t\t\t<div class=\"map-marker--wrapper canarias\" style=\"top: 44%; left: 40.5%;\">\n\t\t\t\t\t<div class=\"hover_title Canarias\"> Canarias <\/div>\n\t\t\t\t\t<div class=\"map-marker  Canarias\" title=\"Canarias\"><\/div>\n\t\t\t\t<\/div>\n\t\t\t<\/a>\n            <a href=\"https:\/\/www.cp-rup.com\/es\/regiones-ultraperifericas\/san-martin\/\">\n\t\t\t\t<div class=\"map-marker--wrapper saint-martin\" style=\"top: 46%; left: 30.7%;\">\n\t\t\t\t\t<div class=\"hover_title San_Martin\"> Saint-Martin <\/div>\n\t\t\t\t\t<div class=\"map-marker  San_Martin\" title=\"Saint-Martin\"><\/div>\n\t\t\t\t<\/div>\n\t\t\t<\/a>\n            <a href=\"https:\/\/www.cp-rup.com\/es\/regiones-ultraperifericas\/guadalupe\/\">\n\t\t\t\t<div class=\"map-marker--wrapper guadeloupe\" style=\"top: 48%; left: 31.7%;\">\n\t\t\t\t\t<div class=\"hover_title Guadalupe\"> Guadeloupe <\/div>\n\t\t\t\t\t<div class=\"map-marker  Guadalupe\" title=\"Guadeloupe\"><\/div>\n\t\t\t\t<\/div>\n\t\t\t<\/a>\n            <a href=\"https:\/\/www.cp-rup.com\/es\/regiones-ultraperifericas\/martinica\/\">\n\t\t\t\t<div class=\"map-marker--wrapper martinica\" style=\"top: 51%; left: 31.7%;\">\n\t\t\t\t\t<div class=\"hover_title Martinica\" style=\"top: 5px !important;\"> Martinique <\/div>\n\t\t\t\t\t<div class=\"map-marker  Martinica\" title=\"Martinique\"><\/div>\n\t\t\t\t<\/div>\n\t\t\t<\/a>\n            <a href=\"https:\/\/www.cp-rup.com\/es\/regiones-ultraperifericas\/guayana-francesa\/\">\n\t\t\t\t<div class=\"map-marker--wrapper guayana\" style=\"top: 55.2%; left: 32.2%;\">\n\t\t\t\t\t<div class=\"hover_title Guayana_Francesa\"> Guyane <\/div>\n\t\t\t\t\t<div class=\"map-marker  Guayana_Francesa\" title=\"Guyane\"><\/div>\n\t\t\t\t<\/div>\n\t\t\t<\/a>\n\t\t\t\t\n\t\t\t\n            <a href=\"https:\/\/www.cp-rup.com\/es\/regiones-ultraperifericas\/mayotte\/\">\n\t\t\t\t<div class=\"map-marker--wrapper mayotte\" style=\"top: 67%; left: 52.7%;\">\n\t\t\t\t\t<div class=\"hover_title Mayotte\"> Mayotte <\/div>\n\t\t\t\t\t<div class=\"map-marker  Mayotte\" title=\"Mayotte\"><\/div>\n\t\t\t\t<\/div>\n\t\t\t<\/a>\n            <a href=\"https:\/\/www.cp-rup.com\/es\/regiones-ultraperifericas\/reunion\/\">\n\t\t\t\t<div class=\"map-marker--wrapper reunion\" style=\"top: 72%; left: 55.2%;\">\n\t\t\t\t\t<div class=\"hover_title La_Reunion\"> R\u00e9union <\/div>\n\t\t\t\t\t<div class=\"map-marker map-marker--selected La_Reunion\" title=\"R\u00e9union\"><\/div>\n\t\t\t\t<\/div>\n\t\t\t<\/a>\n\t\t<\/div>\n\t<\/div>\n\n\t<style>\n\t.rup_main_map__wrapper:hover .hover_title {\n\t\topacity:1;\n\t}\n\t\n\t.hover_title {\n\t\tposition: absolute;\n\t\topacity:0;\n\t\ttransition: 0.15s opacity ease-in-out;\n\t\tbackground: rgba(255,255,255,0.75);\n\t\tborder-radius: 5px;\n\t\twidth: 60px;\n\t\tfont-size: 10px;\n\t}\n\n\t\t.hover_title:hover + .map-marker{\n\t\t\tanimation-name: animated-map-marker;\n\t\t\tanimation-duration: 0.5s;\n\t\t\tanimation-iteration-count: infinite;\n\t\t\tanimation-direction: alternate;\n\t\t}\n\t<\/style>\n\t<script>\n\tvar azores = jQuery('.map-marker[title=\"A\u00e7ores\"]');\n\tvar madeira = jQuery('.map-marker[title=\"Madeira\"]');\n\tvar canarias = jQuery('.map-marker[title=\"Canarias\"]');\n\tvar saint_martin = jQuery('.map-marker[title=\"Saint-Martin\"]');\n\tvar guadeloupe = jQuery('.map-marker[title=\"Guadeloupe\"]');\n\tvar martinique = jQuery('.map-marker[title=\"Martinique\"]');\n\tvar guyane = jQuery('.map-marker[title=\"Guyane\"]');\n\tvar mayotte = jQuery('.map-marker[title=\"Mayotte\"]');\n\tvar la_reunion  = jQuery('.map-marker[title=\"R\u00e9union\"]');\n\tvar rup = [ azores, madeira, canarias, mayotte, la_reunion, guyane, martinique, guadeloupe, saint_martin ];\n\tvar speed = 500;\n\tvar animation_from = {opacity: 0.25};\n\tvar animation_to = {opacity: 1};\n\tvar animation_easing = \"swing\";\n\t\n\tfunction animate(index){\n\t\trup[index].animate(animation_from, speed, animation_easing, function(){\n\t\t\trup[index].animate(animation_to, speed, animation_easing, function(){\n\t\t\t\tanimate((index+1) % rup.length);\n\t\t\t});\n\t\t});\n\t}\n\n\tanimate(0);\n\t\n\t<\/script>\n\t\n<h2 style=\"text-align: center;\">\u00a0Perfil geogr\u00e1fico y clim\u00e1tico<\/h2>\n<p><strong>\u00a0<\/strong>Isla volc\u00e1nica subtropical, sometida a peligros climatol\u00f3gicos y naturales, la Reuni\u00f3n se caracteriza, sobre todo, por tener un relieve monta\u00f1oso, microclimas, una riqueza excepcional y una diversidad de medios y recursos naturales. Su situaci\u00f3n geogr\u00e1fica la erige como plataforma europea ideal para la observaci\u00f3n de la atm\u00f3sfera y la vigilancia del medio ambiente, asistida por sat\u00e9lite.<\/p>\n<p>Su biodiversidad \u00fanica, que re\u00fane millares de especies naturales y end\u00e9micas, hace de la Reuni\u00f3n uno de los treinta y cuatro \u201cpuntos calientes\u201d mundiales de biodiversidad terrestre y marina. Sus circos, picos y murallas est\u00e1n considerados <strong>Patrimonio Mundial de la UNESCO desde 2010.<\/strong> El territorio est\u00e1 protegido por el <strong>Parque Natural de los Hauts<\/strong> y su <strong>Reserva Marina<\/strong>, en un 42% de la superficie y 80 km de costas protegidas.<\/p>\n<p>Por \u00faltimo, el relieve accidentado conlleva la concentraci\u00f3n de la poblaci\u00f3n principalmente en el litoral, lo cual impacta directamente en las condiciones de vida de los habitantes. Este desequilibrio entre las zonas elevadas y las situadas a nivel del mar genera importantes disparidades en t\u00e9rminos de atractivo, empleo y accesibilidad, y, por lo que respecta a los servicios, en detrimento de las zonas rurales.<\/p>\n<h2 style=\"text-align: center;\">Tejido productivo<\/h2>\n\t\t<div class=\"col-12 mb-5\">\n\t\t\t<div class=\"row widget_picture_with_floating_text\">\n\t\t\t\t<div class=\"col-8  widget_picture_with_floating_text__picture\" style=\"background-image: url('https:\/\/cp-rup.com\/wp-content\/uploads\/2018\/07\/Reuni\u00f3n-slider-.jpg');\"><\/div>\n\t\t\t\t<div class=\"col-6 widget_picture_with_floating_text__text widget_picture_with_floating_text__text--right\">\n\t\t\t\t\t<h3> Agricultura\/agroindustrias<\/h3>\n\t\t\t\t\t<p><\/p>\n<p>\u25aa Agroalimentario: 1\u00ba sector industrial; 1\u00b0 art\u00edculo de exportaci\u00f3n en valor<\/p>\n<p>\u25aa 7000 granjas<\/p>\n<p>\u25aa 22.000 puestos de trabajo<\/p>\n<p>\u25aa Producciones de nicho con alto valor agregado (pi\u00f1a victoria, lichis, caf\u00e9 bourbon pointu, vainilla etiquetada IGP)<\/p>\n<p>\u25aa El az\u00facar y el ron representan el 70% de las exportaciones en valor; l\u00edder mundial en az\u00facares especiales; n\u00famero 1 en los mercados europeos<\/p>\n<p><\/p>\n\t\t\t\t<\/div>\n\t\t\t<\/div>\n\t\t<\/div>\n\n\n<p>&nbsp;<\/p>\n\t\t<div class=\"col-12 mb-5\">\n\t\t\t<div class=\"row widget_picture_with_floating_text\">\n\t\t\t\t<div class=\"col-8 offset-4 widget_picture_with_floating_text__picture\" style=\"background-image: url('https:\/\/cp-rup.com\/wp-content\/uploads\/2018\/07\/Run-Energies-renouvelables-1.jpg');\"><\/div>\n\t\t\t\t<div class=\"col-6 widget_picture_with_floating_text__text widget_picture_with_floating_text__text--left\">\n\t\t\t\t\t<h3> Energ\u00edas renovables \/ edificaciones tropicales<\/h3>\n\t\t\t\t\t<p><\/p>\n<p>\u25aa 1\/3 de la producci\u00f3n de electricidad proviene de fuentes renovables.<\/p>\n<p>\u25aa Abandono de carb\u00f3n y fuel oil pesado para la producci\u00f3n de energ\u00eda el\u00e9ctrica por la conversi\u00f3n total de las 2 centrales de Albioma a biomasa s\u00f3lida adem\u00e1s del uso actual del bagazo de ca\u00f1a de az\u00facar y por el de la central EDF PEI en biomasa l\u00edquida<\/p>\n<p>\u25aa En cuanto a la fotovoltaica, el objetivo es de +250 a 310 MW en 2028, que se suma a los 190 MW existentes.<\/p>\n<p>\u25aa Edificios tropicales: saber hacer y experiencia reconocidos; CIRBAT\/centro de investigaci\u00f3n<\/p>\n<p><\/p>\n\t\t\t\t<\/div>\n\t\t\t<\/div>\n\t\t<\/div>\n\n\n<p>&nbsp;<\/p>\n\t\t<div class=\"col-12 mb-5\">\n\t\t\t<div class=\"row widget_picture_with_floating_text\">\n\t\t\t\t<div class=\"col-8  widget_picture_with_floating_text__picture\" style=\"background-image: url('https:\/\/cp-rup.com\/wp-content\/uploads\/2018\/07\/Reuni\u00f3n-slider-5.jpg');\"><\/div>\n\t\t\t\t<div class=\"col-6 widget_picture_with_floating_text__text widget_picture_with_floating_text__text--right\">\n\t\t\t\t\t<h3>Turismo<\/h3>\n\t\t\t\t\t<p><\/p>\n<p>Reuni\u00f3n muestra una cierta madurez tur\u00edstica, basada en poderosos activos en t\u00e9rminos de atractivo tur\u00edstico, que incluyen en particular:<\/p>\n<p>\u25aa Una diversidad de paisajes (playas, circos, volc\u00e1n&#8230;) que ofrece una amplia oferta de ocio<\/p>\n<p>\u25aa Un clima subtropical favorable todo el a\u00f1o<\/p>\n<p>\u25aa Un atractivo patrimonio cultural ligado a una forma de vida criolla<\/p>\n<p>\u25aa Un nivel de seguridad y estabilidad id\u00e9ntico al de cualquier departamento franc\u00e9s<\/p>\n<p>\u25aa Una c\u00e1lida bienvenida de la poblaci\u00f3n<\/p>\n<p><\/p>\n\t\t\t\t<\/div>\n\t\t\t<\/div>\n\t\t<\/div>\n\n\n<p>&nbsp;<\/p>\n<hr \/>\n<h2>\u00a0Reuni\u00f3n en fotos<\/h2>\n<h2 style=\"text-align: center;\"><div id=\"metaslider-id-1917\" style=\"max-width: 1200px;\" class=\"ml-slider-3-20-3 metaslider metaslider-flex metaslider-1917 ml-slider\">\n    <div id=\"metaslider_container_1917\">\n        <div id=\"metaslider_1917\">\n            <ul aria-live=\"polite\" class=\"slides\">\n                <li style=\"display: block; width: 100%;\" class=\"slide-2361 ms-image\"><img loading=\"lazy\" decoding=\"async\" src=\"https:\/\/www.cp-rup.com\/wp-content\/uploads\/2018\/07\/reuni\u00f3n-slider-4-1200x400.jpg\" height=\"400\" width=\"1200\" alt=\"\" class=\"slider-1917 slide-2361\" \/><div class=\"caption-wrap\"><div class=\"caption\">Piton de la Fournaise<\/div><\/div><\/li>\n                <li style=\"display: none; width: 100%;\" class=\"slide-2362 ms-image\"><img loading=\"lazy\" decoding=\"async\" src=\"https:\/\/www.cp-rup.com\/wp-content\/uploads\/2018\/07\/Reuni\u00f3n-slider-6-1200x400.jpg\" height=\"400\" width=\"1200\" alt=\"\" class=\"slider-1917 slide-2362\" \/><div class=\"caption-wrap\"><div class=\"caption\">Run Rivi\u00e8re des Remparts<\/div><\/div><\/li>\n                <li style=\"display: none; width: 100%;\" class=\"slide-2364 ms-image\"><img loading=\"lazy\" decoding=\"async\" src=\"https:\/\/www.cp-rup.com\/wp-content\/uploads\/2018\/07\/Cap-Jaune-2-JK-1-1200x400.jpg\" height=\"400\" width=\"1200\" alt=\"\" class=\"slider-1917 slide-2364\" \/><div class=\"caption-wrap\"><div class=\"caption\">Cap Jaune <\/div><\/div><\/li>\n                <li style=\"display: none; width: 100%;\" class=\"slide-2365 ms-image\"><img loading=\"lazy\" decoding=\"async\" src=\"https:\/\/www.cp-rup.com\/wp-content\/uploads\/2018\/07\/cannes11_champs-CREDIT-IRT-emmanuel_virin-1-620x206.jpg\" height=\"400\" width=\"1200\" alt=\"\" class=\"slider-1917 slide-2365\" \/><div class=\"caption-wrap\"><div class=\"caption\">Champs de cannes<\/div><\/div><\/li>\n                <li style=\"display: none; width: 100%;\" class=\"slide-2366 ms-image\"><img loading=\"lazy\" decoding=\"async\" src=\"https:\/\/www.cp-rup.com\/wp-content\/uploads\/2018\/07\/Bassin-La-Mer-2-JK-1200x400.jpg\" height=\"400\" width=\"1200\" alt=\"\" class=\"slider-1917 slide-2366\" \/><div class=\"caption-wrap\"><div class=\"caption\">Bassin La Mer<\/div><\/div><\/li>\n            <\/ul>\n        <\/div>\n        \n    <\/div>\n<\/div><\/h2>\n<h2><\/h2>\n<p>&nbsp;<\/p>\n<p>&nbsp;<\/p>\n<p>&nbsp;<\/p>\n<p>&nbsp;<\/p>\n","protected":false},"excerpt":{"rendered":"<p>\u00a0Reuni\u00f3n Descripci\u00f3n territorial Situada en pleno Suroeste del oc\u00e9ano \u00cdndico, la Reuni\u00f3n es una regi\u00f3n europea del hemisferio sur y la m\u00e1s alejada del continente europeo. Esta isla dispone de infraestructuras de gran calidad, lo que la sit\u00faa entre las primeras de la regi\u00f3n del oc\u00e9ano \u00cdndico en materia de equipamiento. Dos aeropuertos internacionales y [&hellip;]<\/p>\n","protected":false},"author":37,"featured_media":2358,"parent":5779,"menu_order":0,"comment_status":"closed","ping_status":"closed","template":"page-region-detail.php","meta":{"_acf_changed":false,"footnotes":"","_links_to":"","_links_to_target":""},"class_list":["post-5854","page","type-page","status-publish","has-post-thumbnail","hentry"],"acf":[],"_links":{"self":[{"href":"https:\/\/www.cp-rup.com\/es\/wp-json\/wp\/v2\/pages\/5854","targetHints":{"allow":["GET"]}}],"collection":[{"href":"https:\/\/www.cp-rup.com\/es\/wp-json\/wp\/v2\/pages"}],"about":[{"href":"https:\/\/www.cp-rup.com\/es\/wp-json\/wp\/v2\/types\/page"}],"author":[{"embeddable":true,"href":"https:\/\/www.cp-rup.com\/es\/wp-json\/wp\/v2\/users\/37"}],"replies":[{"embeddable":true,"href":"https:\/\/www.cp-rup.com\/es\/wp-json\/wp\/v2\/comments?post=5854"}],"version-history":[{"count":6,"href":"https:\/\/www.cp-rup.com\/es\/wp-json\/wp\/v2\/pages\/5854\/revisions"}],"predecessor-version":[{"id":8515,"href":"https:\/\/www.cp-rup.com\/es\/wp-json\/wp\/v2\/pages\/5854\/revisions\/8515"}],"up":[{"embeddable":true,"href":"https:\/\/www.cp-rup.com\/es\/wp-json\/wp\/v2\/pages\/5779"}],"wp:featuredmedia":[{"embeddable":true,"href":"https:\/\/www.cp-rup.com\/es\/wp-json\/wp\/v2\/media\/2358"}],"wp:attachment":[{"href":"https:\/\/www.cp-rup.com\/es\/wp-json\/wp\/v2\/media?parent=5854"}],"curies":[{"name":"wp","href":"https:\/\/api.w.org\/{rel}","templated":true}]}}