{"id":5921,"date":"2021-03-19T19:20:43","date_gmt":"2021-03-19T19:20:43","guid":{"rendered":"https:\/\/cp-rup.com\/?page_id=5921"},"modified":"2025-06-27T12:37:37","modified_gmt":"2025-06-27T12:37:37","slug":"cour-de-justice-de-lue","status":"publish","type":"page","link":"https:\/\/www.cp-rup.com\/es\/las-rup-en-la-ue-2\/cour-de-justice-de-lue\/","title":{"rendered":"Tribunal de Justicia de la Uni\u00f3n Europea"},"content":{"rendered":"<p><\/p>\n<h1 style=\"text-align: center;\"><span style=\"vertical-align: inherit;\"><span style=\"vertical-align: inherit;\">Tribunal de Justicia de la Uni\u00f3n Europea<\/span><\/span><\/h1>\n<p><span style=\"vertical-align: inherit;\"><span style=\"vertical-align: inherit;\">Tras el refer\u00e9ndum local de 2009, Mayotte se convirti\u00f3 en departamento y regi\u00f3n de ultramar (DROM) en 2011. Para modificar su estatus con respecto a la Uni\u00f3n Europea, se adopt\u00f3 la Decisi\u00f3n 2012\/419\/UE del Consejo Europeo, de 11 de julio de 2012. De este modo, y desde el 1 de enero de 2014, Mayotte dej\u00f3 de estar incluida entre los pa\u00edses y territorios de ultramar, en el sentido del art\u00edculo 355, apartado 2, del TFUE, y pas\u00f3 a ser una regi\u00f3n ultraperif\u00e9rica, en el sentido del art\u00edculo 349 del TFUE. El Consejo modific\u00f3 varios instrumentos de Derecho derivado para aplicar el acervo del Derecho de la Uni\u00f3n a Mayotte, previendo aplazamientos de los plazos establecidos en dichos instrumentos para el cumplimiento de las obligaciones.<\/span><\/span><\/p>\n<p><span style=\"vertical-align: inherit;\"><span style=\"vertical-align: inherit;\">Estas enmiendas son las que est\u00e1n siendo cuestionadas por el Parlamento y la Comisi\u00f3n debido a que el Consejo utiliza el art\u00edculo 349 del TFUE como base jur\u00eddica, una elecci\u00f3n que ambas instituciones consideran err\u00f3nea.<\/span><\/span><\/p>\n<p><span style=\"vertical-align: inherit;\"><span style=\"vertical-align: inherit;\">Mediante su sentencia de 15 de diciembre de 2015, el Tribunal de Justicia dio pleno efecto al art\u00edculo 349 TFUE al establecer esta disposici\u00f3n como base para la adaptaci\u00f3n de todo el Derecho de la Uni\u00f3n, es decir, el Derecho primario y el Derecho derivado; el art\u00edculo 349 TFUE tambi\u00e9n puede justificar cualquier tipo de medida de adaptaci\u00f3n, es decir, medidas permanentes o temporales.<\/span><\/span><\/p>\n<p><span style=\"vertical-align: inherit;\"><span style=\"vertical-align: inherit;\">Seg\u00fan el Tribunal, el art\u00edculo 349, que se refiere a la posibilidad de adoptar medidas espec\u00edficas destinadas, en particular, a establecer las condiciones de aplicaci\u00f3n de los Tratados a estas regiones, debe entenderse como \u00abque abarca tanto las condiciones relativas a la aplicaci\u00f3n del Derecho primario de la Uni\u00f3n como las relativas a la aplicaci\u00f3n del Derecho derivado adoptado con base en dicho Derecho primario\u00bb. El Tribunal se\u00f1ala que esta interpretaci\u00f3n se sustenta en su interpretaci\u00f3n del art\u00edculo 227, apartado 2, del Tratado CE (actualmente art\u00edculo 299, apartado 2, del Tratado CE, que a su vez se ha convertido en el art\u00edculo 349 del TFUE), de la que se desprende claramente que la autorizaci\u00f3n conferida al Consejo por dicha disposici\u00f3n para establecer medidas espec\u00edficas destinadas a satisfacer las necesidades de los territorios de ultramar se refiere tanto a las disposiciones del Tratado como a las del Derecho derivado.<\/span><\/span><\/p>\n<p><span style=\"vertical-align: inherit;\"><span style=\"vertical-align: inherit;\">El Tribunal considera a continuaci\u00f3n que la facultad de decisi\u00f3n del Consejo no se limita a una categor\u00eda espec\u00edfica de medidas y, de hecho, permite la adopci\u00f3n de cualquier tipo de medida de adaptaci\u00f3n. Seg\u00fan el Tribunal, el t\u00e9rmino \u00abmedida\u00bb abarca cualquier tipo de actuaci\u00f3n del Consejo. Es importante destacar que el uso del t\u00e9rmino \u00aben particular\u00bb en el art\u00edculo 349 del TFUE implica que los autores del Tratado no pretend\u00edan establecer una lista exhaustiva de los tipos de medidas que pueden adoptarse con arreglo a dicho art\u00edculo.<\/span><\/span><\/p>\n<p><a href=\"https:\/\/www.cp-rup.com\/wp-content\/uploads\/2025\/06\/Sentencia-Tribunal-de-Justicia-15-de-diciembre-de-2015.pdf\"><span style=\"vertical-align: inherit;\"><span style=\"vertical-align: inherit;\">V\u00e9ase la Sentencia del Tribunal de Justicia de la Uni\u00f3n Europea de 15 de diciembre de 2015<\/span><\/span><\/a><\/p>","protected":false},"excerpt":{"rendered":"<p>Tribunal de Justicia de la Uni\u00f3n Europea Tras el refer\u00e9ndum local de 2009, Mayotte se convirti\u00f3 en departamento y regi\u00f3n de ultramar (DROM) en 2011. Para modificar su estatus con respecto a la Uni\u00f3n Europea, se adopt\u00f3 la Decisi\u00f3n 2012\/419\/UE del Consejo Europeo, de 11 de julio de 2012. De este modo, y desde el [&hellip;]<\/p>\n","protected":false},"author":37,"featured_media":0,"parent":5879,"menu_order":9,"comment_status":"closed","ping_status":"closed","template":"page-static-rich.php","meta":{"_acf_changed":false,"footnotes":"","_links_to":"","_links_to_target":""},"class_list":["post-5921","page","type-page","status-publish","hentry"],"acf":[],"_links":{"self":[{"href":"https:\/\/www.cp-rup.com\/es\/wp-json\/wp\/v2\/pages\/5921","targetHints":{"allow":["GET"]}}],"collection":[{"href":"https:\/\/www.cp-rup.com\/es\/wp-json\/wp\/v2\/pages"}],"about":[{"href":"https:\/\/www.cp-rup.com\/es\/wp-json\/wp\/v2\/types\/page"}],"author":[{"embeddable":true,"href":"https:\/\/www.cp-rup.com\/es\/wp-json\/wp\/v2\/users\/37"}],"replies":[{"embeddable":true,"href":"https:\/\/www.cp-rup.com\/es\/wp-json\/wp\/v2\/comments?post=5921"}],"version-history":[{"count":6,"href":"https:\/\/www.cp-rup.com\/es\/wp-json\/wp\/v2\/pages\/5921\/revisions"}],"predecessor-version":[{"id":9937,"href":"https:\/\/www.cp-rup.com\/es\/wp-json\/wp\/v2\/pages\/5921\/revisions\/9937"}],"up":[{"embeddable":true,"href":"https:\/\/www.cp-rup.com\/es\/wp-json\/wp\/v2\/pages\/5879"}],"wp:attachment":[{"href":"https:\/\/www.cp-rup.com\/es\/wp-json\/wp\/v2\/media?parent=5921"}],"curies":[{"name":"wp","href":"https:\/\/api.w.org\/{rel}","templated":true}]}}