{"id":5928,"date":"2021-03-19T19:27:45","date_gmt":"2021-03-19T19:27:45","guid":{"rendered":"https:\/\/cp-rup.com\/?page_id=5928"},"modified":"2022-04-12T11:58:30","modified_gmt":"2022-04-12T11:58:30","slug":"comite-de-las-regiones","status":"publish","type":"page","link":"https:\/\/www.cp-rup.com\/es\/las-rup-en-la-ue-2\/comite-de-las-regiones\/","title":{"rendered":"Comite\u0301 de las Regiones"},"content":{"rendered":"<h1 style=\"text-align: center;\">El Comit\u00e9 de las Regiones<\/h1>\n<p>El Comit\u00e9 Europeo de las Regiones (CDR) es uno de los dos \u00f3rganos consultivos del Parlamento Europeo, del Consejo y de la Comisi\u00f3n Europea. Est\u00e1 compuesto por representantes elegidos a escala local y regional, procedentes de todos los Estados miembros.<\/p>\n<p>El CDR permite a las regiones y ciudades participar formalmente en la elaboraci\u00f3n de la legislaci\u00f3n de la UE. Las instituciones mencionadas deben consultar al CDR al elaborar legislaci\u00f3n sobre asuntos relacionados con la administraci\u00f3n local y regional tales como, la sanidad, la educaci\u00f3n, el empleo, la pol\u00edtica social, la cohesi\u00f3n econ\u00f3mica y social, el transporte, la energ\u00eda y el cambio clim\u00e1tico.<\/p>\n<p>Cuando el CDR recibe una propuesta legislativa, redacta y adopta un dictamen y lo env\u00eda a las instituciones pertinentes de la UE; asimismo, tambi\u00e9n puede emitir dict\u00e1menes por propia iniciativa.<\/p>\n<p>&nbsp;<\/p>\n<h2 style=\"text-align: center;\">El Comit\u00e9 de las Regiones y las RUP<\/h2>\n<p>Las Regiones Ultraperif\u00e9ricas cuentan con tres miembros titulares permanentes en el CDR, a saber, el presidente de la Comunidad Aut\u00f3noma de Canarias y los presidentes de las Regiones Aut\u00f3nomas de Azores y Madeira. En el periodo actual de mandato, tambi\u00e9n el presidente del Consejo Territorial de la Reuni\u00f3n es miembro del mismo.<\/p>\n<p>La participaci\u00f3n activa de las RUP en este \u00f3rgano ha logrado que se convierta en un altavoz de la realidad ultraperif\u00e9rica en Europa, mediante la inserci\u00f3n habitual de enmiendas en sus proyectos de dictamen.<\/p>\n<p>Desde 1994 se han elaborado los siguientes dict\u00e1menes espec\u00edficos sobre la ultraperiferia:<\/p>\n<ul>\n<li><a href=\"https:\/\/cp-rup.com\/wp-content\/uploads\/2018\/06\/01-Dictamen-CDR-sobre-COM2000-147-CDR-156-2000_DOCE.pdf\" target=\"_blank\" rel=\"noopener noreferrer\">Dictamen sobre la problem\u00e1tica de las regiones ultraperif\u00e9ricas y la aplicaci\u00f3n del art\u00edculo 299. Ponente: Sr. Karam Presidente de Guyana<\/a><\/li>\n<li><a href=\"https:\/\/cp-rup.com\/wp-content\/uploads\/2018\/06\/02-Dictamen-CDR-sobre-COM2004-343-CDR-061-2004_DOUE.pdf\" target=\"_blank\" rel=\"noopener noreferrer\">Dictamen sobre la Comunicaci\u00f3n de la Comisi\u00f3n &#8211; Estrechar la asociaci\u00f3n con las regiones ultraperif\u00e9ricas. Ponente: Sr.\u00a0Ad\u00e1n Mart\u00edn,\u00a0Presidente de Canarias\u00a0<\/a><\/li>\n<li><a href=\"https:\/\/cp-rup.com\/wp-content\/uploads\/2018\/06\/04-Dictamen-CDR-sobre-COM2007-507-CDR-309-2007_DOUE.pdf\" target=\"_blank\" rel=\"noopener noreferrer\">Dictamen \u00abEstrategia para las regiones ultraperif\u00e9ricas: logros y perspectivas\u00bb, Ponente: Sr.\u00a0Paulino Rivero,\u00a0Presidente\u00a0de\u00a0Canarias<\/a><\/li>\n<li><a href=\"https:\/\/cp-rup.com\/wp-content\/uploads\/2018\/06\/06-Dictamen-CDR-COTER-V-030.pdf\" target=\"_blank\" rel=\"noopener noreferrer\">Dictamen \u00abLas Regiones Ultraperif\u00e9ricas de la UE\u00a0 a la luz de la Estrategia Europa 2020\u00bb Ponente: Sr. Malcolm Mifsud (MT\/PPE<\/a>)<\/li>\n<li><a href=\"https:\/\/cp-rup.com\/wp-content\/uploads\/2018\/06\/07-Dictamen-CDR-2018.pdf\" target=\"_blank\" rel=\"noopener noreferrer\">Dictamen \u201cHacia una completa aplicaci\u00f3n de la estrategia europea renovada para las regiones ultraperif\u00e9ricas\u201d. Ponente: Sr.\u00a0Fernando Clavijo Batlle,\u00a0Presidente\u00a0de\u00a0Canarias<\/a><\/li>\n<li><a href=\"https:\/\/cp-rup.com\/wp-content\/uploads\/2022\/04\/COR-2020-03319-00-02-AC-TRA-ES.pdf\">Dictamen sobre el \u00abInforme de la Comisi\u00f3n Europea sobre la puesta en pr\u00e1ctica de una asociaci\u00f3n estrat\u00e9gica renovada con las regiones ultraperif\u00e9ricas de la Uni\u00f3n Europea\u00bb<\/a><\/li>\n<\/ul>\n<p>&nbsp;<\/p>\n<p>&nbsp;<\/p>\n<div id=\"metaslider-id-1301\" style=\"width: 100%; margin: 0 auto;\" class=\"ml-slider-3-20-3 metaslider metaslider-flex metaslider-1301 ml-slider\">\n    <div id=\"metaslider_container_1301\">\n        <div id=\"metaslider_1301\">\n            <ul aria-live=\"polite\" class=\"slides\">\n                <li style=\"display: none; width: 100%;\" class=\"slide-1308 ms-image\"><img loading=\"lazy\" decoding=\"async\" src=\"https:\/\/www.cp-rup.com\/wp-content\/uploads\/2018\/03\/CDR-02.jpg\" height=\"400\" width=\"1200\" alt=\"\" class=\"slider-1301 slide-1308\" \/><\/li>\n                <li style=\"display: none; width: 100%;\" class=\"slide-1310 ms-image\"><img loading=\"lazy\" decoding=\"async\" src=\"https:\/\/www.cp-rup.com\/wp-content\/uploads\/2018\/03\/CDR-01.jpg\" height=\"400\" width=\"1200\" alt=\"\" class=\"slider-1301 slide-1310\" \/><\/li>\n                <li style=\"display: none; width: 100%;\" class=\"slide-3810 ms-image\"><img loading=\"lazy\" decoding=\"async\" src=\"https:\/\/www.cp-rup.com\/wp-content\/uploads\/2018\/10\/Comite-de-regiones008-1200x400.jpg\" height=\"400\" width=\"1200\" alt=\"\" class=\"slider-1301 slide-3810\" \/><\/li>\n                <li style=\"display: none; width: 100%;\" class=\"slide-3811 ms-image\"><img loading=\"lazy\" decoding=\"async\" src=\"https:\/\/www.cp-rup.com\/wp-content\/uploads\/2018\/10\/CDR2018-006-1200x400.jpg\" height=\"400\" width=\"1200\" alt=\"\" class=\"slider-1301 slide-3811\" \/><\/li>\n            <\/ul>\n        <\/div>\n        \n    <\/div>\n<\/div>\n","protected":false},"excerpt":{"rendered":"<p>El Comit\u00e9 de las Regiones El Comit\u00e9 Europeo de las Regiones (CDR) es uno de los dos \u00f3rganos consultivos del Parlamento Europeo, del Consejo y de la Comisi\u00f3n Europea. Est\u00e1 compuesto por representantes elegidos a escala local y regional, procedentes de todos los Estados miembros. El CDR permite a las regiones y ciudades participar formalmente [&hellip;]<\/p>\n","protected":false},"author":37,"featured_media":0,"parent":5879,"menu_order":6,"comment_status":"closed","ping_status":"closed","template":"page-static-rich.php","meta":{"_acf_changed":false,"footnotes":"","_links_to":"","_links_to_target":""},"class_list":["post-5928","page","type-page","status-publish","hentry"],"acf":[],"_links":{"self":[{"href":"https:\/\/www.cp-rup.com\/es\/wp-json\/wp\/v2\/pages\/5928","targetHints":{"allow":["GET"]}}],"collection":[{"href":"https:\/\/www.cp-rup.com\/es\/wp-json\/wp\/v2\/pages"}],"about":[{"href":"https:\/\/www.cp-rup.com\/es\/wp-json\/wp\/v2\/types\/page"}],"author":[{"embeddable":true,"href":"https:\/\/www.cp-rup.com\/es\/wp-json\/wp\/v2\/users\/37"}],"replies":[{"embeddable":true,"href":"https:\/\/www.cp-rup.com\/es\/wp-json\/wp\/v2\/comments?post=5928"}],"version-history":[{"count":3,"href":"https:\/\/www.cp-rup.com\/es\/wp-json\/wp\/v2\/pages\/5928\/revisions"}],"predecessor-version":[{"id":7408,"href":"https:\/\/www.cp-rup.com\/es\/wp-json\/wp\/v2\/pages\/5928\/revisions\/7408"}],"up":[{"embeddable":true,"href":"https:\/\/www.cp-rup.com\/es\/wp-json\/wp\/v2\/pages\/5879"}],"wp:attachment":[{"href":"https:\/\/www.cp-rup.com\/es\/wp-json\/wp\/v2\/media?parent=5928"}],"curies":[{"name":"wp","href":"https:\/\/api.w.org\/{rel}","templated":true}]}}