{"id":5951,"date":"2021-03-19T19:42:54","date_gmt":"2021-03-19T19:42:54","guid":{"rendered":"https:\/\/cp-rup.com\/?page_id=5951"},"modified":"2024-04-04T10:14:03","modified_gmt":"2024-04-04T10:14:03","slug":"comite-de-seguimiento-de-la-conferencia","status":"publish","type":"page","link":"https:\/\/www.cp-rup.com\/es\/conferencia-de-presidentes\/comite-de-seguimiento-de-la-conferencia\/","title":{"rendered":"Comite\u0301 de Seguimiento de la Conferencia"},"content":{"rendered":"<h2><span id=\"result_box\" class=\"short_text\" lang=\"fr\"><img loading=\"lazy\" decoding=\"async\" class=\"size-large wp-image-4337 aligncenter\" src=\"https:\/\/cp-rup.com\/wp-content\/uploads\/2019\/03\/comite-suivi-2019-1-1024x341.jpg\" alt=\"\" width=\"640\" height=\"213\" srcset=\"https:\/\/www.cp-rup.com\/wp-content\/uploads\/2019\/03\/comite-suivi-2019-1-1024x341.jpg 1024w, https:\/\/www.cp-rup.com\/wp-content\/uploads\/2019\/03\/comite-suivi-2019-1-300x100.jpg 300w, https:\/\/www.cp-rup.com\/wp-content\/uploads\/2019\/03\/comite-suivi-2019-1-768x256.jpg 768w, https:\/\/www.cp-rup.com\/wp-content\/uploads\/2019\/03\/comite-suivi-2019-1.jpg 1200w\" sizes=\"auto, (max-width: 640px) 100vw, 640px\" \/><\/span><\/h2>\n<h1 style=\"text-align: center;\"><span id=\"result_box\" class=\"short_text\" lang=\"es\">Comit\u00e9 de Seguimiento de la Conferencia<\/span><\/h1>\n<p>La Conferencia est\u00e1 asistida por un Comit\u00e9 de Seguimiento que ejecuta sus orientaciones. Est\u00e1 compuesto por altos cargos, funcionarios y\/o asimilados, de la administraci\u00f3n de las Regiones Ultraperif\u00e9ricas, debidamente designados por cada presidente, autorizados a representar a la regi\u00f3n.<\/p>\n<p>Cada regi\u00f3n designa a un titular y a un miembro suplente. Actualmente los mismo son:<\/p>\n<p><strong>Azores <\/strong><\/p>\n<p><u>Miembro titular<\/u>: Carlos Amaral &#8211; Director regional de asuntos europeos y cooperaci\u00f3n exterior<\/p>\n<p><u>Miembro suplente<\/u>: Joao Lan\u00e7a &#8211; Coordinador de la Oficina de Azores en Bruselas<\/p>\n<p><u>Miembro suplente<\/u>: Maria Jo\u00e3o Machado &#8211; Directora regional de asuntos europeos<\/p>\n<p><u>Miembro suplente<\/u>: Ana Nunes &#8211; Direcci\u00f3n regional de asuntos europeos<\/p>\n<p><strong>Canarias<\/strong><\/p>\n<p><u>Miembro titular:<\/u> Celia Alberto P\u00e9rez &#8211; Directora general de asuntos europeos<\/p>\n<p><u>Miembro suplente<\/u>:\u00a0Juli\u00e1n Zafra D\u00edaz &#8211; Jefe de la Unidad de asuntos europeos<\/p>\n<p><strong>Guadalupe<\/strong><\/p>\n<p><u>Miembro titular<\/u>: Cassandre Gatoux &#8211; Representante de la Regi\u00f3n de Guadalupe en Bruselas<\/p>\n<p><strong>Guayana<\/strong><\/p>\n<p><u>Miembro titular<\/u>: Alice Colombo \u2013 Responsable de la Antena de la Colectividad Territorial de Guayana en Bruselas<\/p>\n<p><u>Miembro suplente<\/u>:\u00a0Delphine Lasselin \u2013 Responsable de la Antena Hexagone de la Colectividad Territorial de Guyana<\/p>\n<p><strong>Madeira<\/strong><\/p>\n<p><u>Miembro titular<\/u>: Fernanda Cardoso &#8211;\u00a0Directora Regional de Asuntos Europeos y Cooperaci\u00f3n Exterior<\/p>\n<p><u>Miembro suplente<\/u>: S\u00e9rgio Mendon\u00e7a &#8211; Direcci\u00f3n de Servicios de Pol\u00edticas de la Uni\u00f3n Europea y Asuntos de la ultraperiferia<\/p>\n<p><strong>Martinica<\/strong><\/p>\n<p><u>Miembro titular<\/u>: Christ\u00e8le Allaud \u2013\u00a0Representante de la Colectividad de Martinica ante la Uni\u00f3n Europea en Bruselas<\/p>\n<p><strong>Mayotte<\/strong><\/p>\n<p><u>Miembro titular<\/u>: Mohamed MOINDJIE &#8211; Jefe de de la misi\u00f3n de partenariados institucionales<\/p>\n<p><u>Miembro suplente<\/u>: Moiyegue ZOUBERT &#8211; Encargada de relaciones exteriores<\/p>\n<p><u>Miembro suplente<\/u>:Tahamida IBRAHIM &#8211; Gabinete del Presidente, Asesora t\u00e9cnica<\/p>\n<p><strong>Reuni\u00f3n <\/strong><\/p>\n<p><u>Miembro titular<\/u>: Candida Aldehuelo &#8211; Directora de proyectos<\/p>\n<p><u>Miembro suplente<\/u>: Jean-Marc Cassam Chenai &#8211; Director de proyectos<\/p>\n<p><strong>San Mart\u00edn<\/strong><\/p>\n<p><u>Miembro titular:<\/u> Rudya Lake &#8211; Responsable de asuntos europeos<\/p>\n<p><u>Miembro suplente<\/u>: Karine Bertaux &#8211; Responsable de asuntos auropeos<\/p>\n<h2><\/h2>\n<h2 style=\"text-align: center;\">Funciones del Comit\u00e9<\/h2>\n<p>Las funciones del Comit\u00e9 son las siguientes:<\/p>\n<ul>\n<li>Preparar los trabajos de la Conferencia;<\/li>\n<li>Ejecutar los mandatos que la Conferencia les conf\u00ede;<\/li>\n<li>Buscar acuerdos para alcanzar posiciones comunes;<\/li>\n<li>Poner en marcha acciones en el marco de los objetivos definidos por la Conferencia;<\/li>\n<li>Coordinar la puesta en pr\u00e1ctica de acciones de cooperaci\u00f3n t\u00e9cnica en \u00e1mbitos de inter\u00e9s comunes.<\/li>\n<\/ul>\n<p>La voluntad de cooperaci\u00f3n entre las Regiones Ultraperif\u00e9ricas de la UE, expresada a su m\u00e1ximo nivel en la Conferencia de Presidentes de las RUP, se manifiesta tambi\u00e9n en documentos como los Protocolos de Cooperaci\u00f3n, los Memorandos y las Contribuciones Conjuntas.<\/p>\n<p>&nbsp;<\/p>\n<div id=\"metaslider-id-1428\" style=\"max-width: 1200px;\" class=\"ml-slider-3-20-3 metaslider metaslider-flex metaslider-1428 ml-slider\">\n    <div id=\"metaslider_container_1428\">\n        <div id=\"metaslider_1428\">\n            <ul aria-live=\"polite\" class=\"slides\">\n                <li style=\"display: block; width: 100%;\" class=\"slide-4340 ms-image\"><img loading=\"lazy\" decoding=\"async\" src=\"https:\/\/www.cp-rup.com\/wp-content\/uploads\/2019\/03\/comite-suivi-2019-2.jpg\" height=\"400\" width=\"1200\" alt=\"\" class=\"slider-1428 slide-4340\" \/><\/li>\n                <li style=\"display: none; width: 100%;\" class=\"slide-1429 ms-image\"><img loading=\"lazy\" decoding=\"async\" src=\"https:\/\/www.cp-rup.com\/wp-content\/uploads\/2018\/03\/Comite.Seguimiento.Guadalupe-1-1169x389.jpg\" height=\"400\" width=\"1200\" alt=\"\" class=\"slider-1428 slide-1429\" \/><\/li>\n                <li style=\"display: none; width: 100%;\" class=\"slide-1432 ms-image\"><img loading=\"lazy\" decoding=\"async\" src=\"https:\/\/www.cp-rup.com\/wp-content\/uploads\/2018\/03\/CS-2017-11-091-w.jpg\" height=\"400\" width=\"1200\" alt=\"\" class=\"slider-1428 slide-1432\" \/><\/li>\n                <li style=\"display: none; width: 100%;\" class=\"slide-1433 ms-image\"><img loading=\"lazy\" decoding=\"async\" src=\"https:\/\/www.cp-rup.com\/wp-content\/uploads\/2018\/03\/CS-2018-02-01-w.jpg\" height=\"400\" width=\"1200\" alt=\"\" class=\"slider-1428 slide-1433\" \/><\/li>\n                <li style=\"display: none; width: 100%;\" class=\"slide-2476 ms-image\"><img loading=\"lazy\" decoding=\"async\" src=\"https:\/\/www.cp-rup.com\/wp-content\/uploads\/2018\/07\/Reuni\u00f3n-Grupo-de-Trabajo-RUP-1200x400.jpg\" height=\"400\" width=\"1200\" alt=\"\" class=\"slider-1428 slide-2476\" \/><\/li>\n                <li style=\"display: none; width: 100%;\" class=\"slide-2610 ms-image\"><img loading=\"lazy\" decoding=\"async\" src=\"https:\/\/www.cp-rup.com\/wp-content\/uploads\/2018\/07\/CdS-URUP-mayo-2018-e1535629440112-986x328.jpg\" height=\"400\" width=\"1200\" alt=\"\" class=\"slider-1428 slide-2610\" \/><\/li>\n            <\/ul>\n        <\/div>\n        \n    <\/div>\n<\/div>\n<p>&nbsp;<\/p>\n","protected":false},"excerpt":{"rendered":"<p>Comit\u00e9 de Seguimiento de la Conferencia La Conferencia est\u00e1 asistida por un Comit\u00e9 de Seguimiento que ejecuta sus orientaciones. Est\u00e1 compuesto por altos cargos, funcionarios y\/o asimilados, de la administraci\u00f3n de las Regiones Ultraperif\u00e9ricas, debidamente designados por cada presidente, autorizados a representar a la regi\u00f3n. Cada regi\u00f3n designa a un titular y a un miembro [&hellip;]<\/p>\n","protected":false},"author":37,"featured_media":0,"parent":5943,"menu_order":2,"comment_status":"closed","ping_status":"closed","template":"page-static-rich.php","meta":{"_acf_changed":false,"footnotes":"","_links_to":"","_links_to_target":""},"class_list":["post-5951","page","type-page","status-publish","hentry"],"acf":[],"_links":{"self":[{"href":"https:\/\/www.cp-rup.com\/es\/wp-json\/wp\/v2\/pages\/5951","targetHints":{"allow":["GET"]}}],"collection":[{"href":"https:\/\/www.cp-rup.com\/es\/wp-json\/wp\/v2\/pages"}],"about":[{"href":"https:\/\/www.cp-rup.com\/es\/wp-json\/wp\/v2\/types\/page"}],"author":[{"embeddable":true,"href":"https:\/\/www.cp-rup.com\/es\/wp-json\/wp\/v2\/users\/37"}],"replies":[{"embeddable":true,"href":"https:\/\/www.cp-rup.com\/es\/wp-json\/wp\/v2\/comments?post=5951"}],"version-history":[{"count":7,"href":"https:\/\/www.cp-rup.com\/es\/wp-json\/wp\/v2\/pages\/5951\/revisions"}],"predecessor-version":[{"id":9751,"href":"https:\/\/www.cp-rup.com\/es\/wp-json\/wp\/v2\/pages\/5951\/revisions\/9751"}],"up":[{"embeddable":true,"href":"https:\/\/www.cp-rup.com\/es\/wp-json\/wp\/v2\/pages\/5943"}],"wp:attachment":[{"href":"https:\/\/www.cp-rup.com\/es\/wp-json\/wp\/v2\/media?parent=5951"}],"curies":[{"name":"wp","href":"https:\/\/api.w.org\/{rel}","templated":true}]}}