{"id":5787,"date":"2021-03-19T16:49:42","date_gmt":"2021-03-19T16:49:42","guid":{"rendered":"https:\/\/cp-rup.com\/?page_id=5787"},"modified":"2025-06-16T09:52:06","modified_gmt":"2025-06-16T09:52:06","slug":"acores","status":"publish","type":"page","link":"https:\/\/www.cp-rup.com\/fr\/regions-ultraperipheriques\/acores\/","title":{"rendered":"Les A\u00e7ores"},"content":{"rendered":"<h1 style=\"text-align: center;\"><strong>Les A\u00e7ores<\/strong><\/h1>\n<p><span style=\"font-weight: 400;\">L&rsquo;archipel des A\u00e7ores est situ\u00e9 en plein oc\u00e9an Atlantique Nord, entre 36\u00b0 et 43\u00b0 de latitude nord et 25\u00b0 et 31\u00b0 de longitude ouest, \u00e0 environ 1500 km \u00e0 l&rsquo;ouest de Lisbonne et 3600 km \u00e0 l&rsquo;est de l&rsquo;Am\u00e9rique du Nord.<\/span><\/p>\n<p><span style=\"font-weight: 400;\">Les A\u00e7ores se caract\u00e9risent par la diversit\u00e9 de leurs paysages et la richesse de leur patrimoine environnemental, naturel et culturel. Leur situation g\u00e9ographique et leur origine volcanique sont \u00e0 l&rsquo;origine d&rsquo;une grande vari\u00e9t\u00e9 d&rsquo;\u00e9cosyst\u00e8mes.<\/span><\/p>\n<p><span style=\"font-weight: 400;\">Les \u00eeles de Corvo, Flores et Graciosa et les Faj\u00e3s de S. Jorge, sont des R\u00e9serves de Biosph\u00e8re, class\u00e9es par l&rsquo;UNESCO. Le centre historique de la ville d&rsquo;Angra do Hero\u00edsmo, sur l&rsquo;\u00eele de Terceira, consid\u00e9r\u00e9 comme l&rsquo;un des exemples les plus remarquables de l&rsquo;urbanisme de la Renaissance, et le Paysage viticole de l&rsquo;\u00eele du Pico, figurent sur la Liste du Patrimoine mondial de l&rsquo;UNESCO. L&rsquo;ensemble du territoire des A\u00e7ores, couvrant 121 sites g\u00e9ographiquement dispers\u00e9s du patrimoine g\u00e9ologique et des zones marines des neuf \u00eeles volcaniques de l&rsquo;archipel des A\u00e7ores, int\u00e8gre le R\u00e9seau mondial de g\u00e9oparcs de l&rsquo;UNESCO.<\/span><\/p>\n<p><span style=\"font-weight: 400;\">Les A\u00e7ores se caract\u00e9risent \u00e9galement par leur position g\u00e9ostrat\u00e9gique entre les continents europ\u00e9en, am\u00e9ricain et africain, et constituent donc un formidable atout pour la projection mondiale de l&rsquo;Union europ\u00e9enne.<\/span><\/p>\n<p><span style=\"font-weight: 400;\">L&rsquo;archipel se compose de neuf \u00eeles &#8211; S\u00e3o Miguel, Santa Maria, Terceira, Graciosa, Faial, S\u00e3o Jorge et Pico, Flores et Corvo &#8211; d&rsquo;une superficie terrestre totale de 2 321 km\u00b2 et de la mer environnante, qui repr\u00e9sente pr\u00e8s d&rsquo;un million de km\u00b2.<\/span><\/p>\n<p>&nbsp;<\/p>\n<p><span style=\"font-weight: 400;\">Outre le fait qu&rsquo;il s&rsquo;agit d&rsquo;une r\u00e9gion ultrap\u00e9riph\u00e9rique, la dispersion g\u00e9ographique entre les \u00eeles accentue les d\u00e9fis auxquels sont confront\u00e9s les A\u00e7or\u00e9ens. Par exemple, la distance entre l&rsquo;\u00eele de Corvo ou Flores et l&rsquo;\u00eele de Santa Maria est sup\u00e9rieure \u00e0 600 km.<\/span><\/p>\n<p><span style=\"font-weight: 400;\">La population de la R\u00e9gion autonome des A\u00e7ores est de 245 283 habitants, avec une densit\u00e9 moyenne de 105 habitants\/km\u00b2 et un PIB\/habitant qui tend \u00e0 se rapprocher de la moyenne communautaire.<\/span><\/p>\n<p><span style=\"font-weight: 400;\">Les A\u00e7ores ont un climat temp\u00e9r\u00e9 maritime, avec des temp\u00e9ratures moyennes de 24\u00b0C en \u00e9t\u00e9 et de 13\u00b0C en hiver.<\/span><\/p>\n<p>&nbsp;<\/p>\n<div class=\"col-12 mb-5\">\n<div class=\"row\">\n<div class=\"col-12 col-sm-12 col-md-12\">\n                    \t<div class=\"rup_main_map__wrapper position-relative\">\n\t\t<div id=\"rup_main_map\" class=\"position-static\" style=\"background-image: url('https:\/\/www.cp-rup.com\/wp-content\/themes\/rup\/img\/MapaSVGCPRUP.svg');\">\n            <a href=\"https:\/\/www.cp-rup.com\/fr\/regions-ultraperipheriques\/acores\/\">\n\t\t\t\t<div class=\"map-marker--wrapper azores\" style=\"top: 35%; left: 39.7%;\">\n\t\t\t\t\t<div class=\"hover_title Azores\"> A\u00e7ores <\/div>\n\t\t\t\t\t<div class=\"map-marker map-marker--selected Azores\" title=\"A\u00e7ores\"><\/div>\n\t\t\t\t<\/div>\n\t\t\t<\/a>\n            <a href=\"https:\/\/www.cp-rup.com\/fr\/regions-ultraperipheriques\/madere\/\">\n\t\t\t\t<div class=\"map-marker--wrapper madeira\" style=\"top: 40%; left: 40.1%;\">\n\t\t\t\t\t<div class=\"hover_title Madeira\"> Madeira <\/div>\n\t\t\t\t\t<div class=\"map-marker  Madeira\" title=\"Madeira\"><\/div>\n\t\t\t\t<\/div>\n\t\t\t<\/a>\n            <a href=\"https:\/\/www.cp-rup.com\/fr\/regions-ultraperipheriques\/iles-canaries\/\">\n\t\t\t\t<div class=\"map-marker--wrapper canarias\" style=\"top: 44%; left: 40.5%;\">\n\t\t\t\t\t<div class=\"hover_title Canarias\"> Canarias <\/div>\n\t\t\t\t\t<div class=\"map-marker  Canarias\" title=\"Canarias\"><\/div>\n\t\t\t\t<\/div>\n\t\t\t<\/a>\n            <a href=\"https:\/\/www.cp-rup.com\/fr\/regions-ultraperipheriques\/saint-martin\/\">\n\t\t\t\t<div class=\"map-marker--wrapper saint-martin\" style=\"top: 46%; left: 30.7%;\">\n\t\t\t\t\t<div class=\"hover_title San_Martin\"> Saint-Martin <\/div>\n\t\t\t\t\t<div class=\"map-marker  San_Martin\" title=\"Saint-Martin\"><\/div>\n\t\t\t\t<\/div>\n\t\t\t<\/a>\n            <a href=\"https:\/\/www.cp-rup.com\/fr\/regions-ultraperipheriques\/guadeloupe\/\">\n\t\t\t\t<div class=\"map-marker--wrapper guadeloupe\" style=\"top: 48%; left: 31.7%;\">\n\t\t\t\t\t<div class=\"hover_title Guadalupe\"> Guadeloupe <\/div>\n\t\t\t\t\t<div class=\"map-marker  Guadalupe\" title=\"Guadeloupe\"><\/div>\n\t\t\t\t<\/div>\n\t\t\t<\/a>\n            <a href=\"https:\/\/www.cp-rup.com\/fr\/regions-ultraperipheriques\/martinique\/\">\n\t\t\t\t<div class=\"map-marker--wrapper martinica\" style=\"top: 51%; left: 31.7%;\">\n\t\t\t\t\t<div class=\"hover_title Martinica\" style=\"top: 5px !important;\"> Martinique <\/div>\n\t\t\t\t\t<div class=\"map-marker  Martinica\" title=\"Martinique\"><\/div>\n\t\t\t\t<\/div>\n\t\t\t<\/a>\n            <a href=\"https:\/\/www.cp-rup.com\/fr\/regions-ultraperipheriques\/guyane-francaise\/\">\n\t\t\t\t<div class=\"map-marker--wrapper guayana\" style=\"top: 55.2%; left: 32.2%;\">\n\t\t\t\t\t<div class=\"hover_title Guayana_Francesa\"> Guyane <\/div>\n\t\t\t\t\t<div class=\"map-marker  Guayana_Francesa\" title=\"Guyane\"><\/div>\n\t\t\t\t<\/div>\n\t\t\t<\/a>\n\t\t\t\t\n\t\t\t\n            <a href=\"https:\/\/www.cp-rup.com\/fr\/regions-ultraperipheriques\/mayotte\/\">\n\t\t\t\t<div class=\"map-marker--wrapper mayotte\" style=\"top: 67%; left: 52.7%;\">\n\t\t\t\t\t<div class=\"hover_title Mayotte\"> Mayotte <\/div>\n\t\t\t\t\t<div class=\"map-marker  Mayotte\" title=\"Mayotte\"><\/div>\n\t\t\t\t<\/div>\n\t\t\t<\/a>\n            <a href=\"https:\/\/www.cp-rup.com\/fr\/regions-ultraperipheriques\/reunion\/\">\n\t\t\t\t<div class=\"map-marker--wrapper reunion\" style=\"top: 72%; left: 55.2%;\">\n\t\t\t\t\t<div class=\"hover_title La_Reunion\"> R\u00e9union <\/div>\n\t\t\t\t\t<div class=\"map-marker  La_Reunion\" title=\"R\u00e9union\"><\/div>\n\t\t\t\t<\/div>\n\t\t\t<\/a>\n\t\t<\/div>\n\t<\/div>\n\n\t<style>\n\t.rup_main_map__wrapper:hover .hover_title {\n\t\topacity:1;\n\t}\n\t\n\t.hover_title {\n\t\tposition: absolute;\n\t\topacity:0;\n\t\ttransition: 0.15s opacity ease-in-out;\n\t\tbackground: rgba(255,255,255,0.75);\n\t\tborder-radius: 5px;\n\t\twidth: 60px;\n\t\tfont-size: 10px;\n\t}\n\n\t\t.hover_title:hover + .map-marker{\n\t\t\tanimation-name: animated-map-marker;\n\t\t\tanimation-duration: 0.5s;\n\t\t\tanimation-iteration-count: infinite;\n\t\t\tanimation-direction: alternate;\n\t\t}\n\t<\/style>\n\t<script>\n\tvar azores = jQuery('.map-marker[title=\"A\u00e7ores\"]');\n\tvar madeira = jQuery('.map-marker[title=\"Madeira\"]');\n\tvar canarias = jQuery('.map-marker[title=\"Canarias\"]');\n\tvar saint_martin = jQuery('.map-marker[title=\"Saint-Martin\"]');\n\tvar guadeloupe = jQuery('.map-marker[title=\"Guadeloupe\"]');\n\tvar martinique = jQuery('.map-marker[title=\"Martinique\"]');\n\tvar guyane = jQuery('.map-marker[title=\"Guyane\"]');\n\tvar mayotte = jQuery('.map-marker[title=\"Mayotte\"]');\n\tvar la_reunion  = jQuery('.map-marker[title=\"R\u00e9union\"]');\n\tvar rup = [ azores, madeira, canarias, mayotte, la_reunion, guyane, martinique, guadeloupe, saint_martin ];\n\tvar speed = 500;\n\tvar animation_from = {opacity: 0.25};\n\tvar animation_to = {opacity: 1};\n\tvar animation_easing = \"swing\";\n\t\n\tfunction animate(index){\n\t\trup[index].animate(animation_from, speed, animation_easing, function(){\n\t\t\trup[index].animate(animation_to, speed, animation_easing, function(){\n\t\t\t\tanimate((index+1) % rup.length);\n\t\t\t});\n\t\t});\n\t}\n\n\tanimate(0);\n\t\n\t<\/script>\n\t\n                <\/div>\n<\/p><\/div>\n<\/p><\/div>\n<h1 style=\"text-align: center;\"><strong>Statut politico-administratif de la R\u00e9gion autonome des A\u00e7ores :<\/strong><\/h1>\n<p><span style=\"font-weight: 400;\">\u00a0<\/span><\/p>\n<p><span style=\"font-weight: 400;\">Depuis 1976, les A\u00e7ores sont une r\u00e9gion autonome, dont le statut est \u00e9tabli par la Constitution de la R\u00e9publique portugaise. Le statut politico-administratif des A\u00e7ores a \u00e9t\u00e9 approuv\u00e9 par la loi n\u00ba39\/80, du 22 ao\u00fbt. Le Gouvernement r\u00e9gional et l&rsquo;Assembl\u00e9e l\u00e9gislative, \u00e9lus au suffrage universel direct et dot\u00e9s de vastes comp\u00e9tences politiques et l\u00e9gislatives, sont des organes d&rsquo;autonomie.<\/span><\/p>\n<p><span style=\"font-weight: 400;\">La r\u00e9gion autonome des A\u00e7ores est administrativement divis\u00e9e en 19 communes et 150 paroisses.<\/span><\/p>\n<p>&nbsp;<\/p>\n<h2 style=\"text-align: center;\"><strong>Activit\u00e9s \u00e9conomiques<\/strong><\/h2>\n<p>&nbsp;<\/p>\n<h3 style=\"text-align: center;\"><strong>Agriculture<\/strong><\/h3>\n<p>&nbsp;<\/p>\n<p><span style=\"font-weight: 400;\">L&rsquo;\u00e9conomie des A\u00e7ores est fortement li\u00e9e au secteur agricole et ses principaux \u00e9l\u00e9ments sont la production de lait (plus de 30 % de la production de lait au Portugal [1]), l&rsquo;abattage et l&rsquo;exportation de viande bovine, la production de vin et l&rsquo;agriculture biologique. La production de fromage [2] m\u00e9rite \u00e9galement d&rsquo;\u00eatre soulign\u00e9e, \u00e9tant r\u00e9alis\u00e9e dans certaines \u00eeles des A\u00e7ores de mani\u00e8re encore artisanale. Environ 50 % du fromage produit sur le territoire portugais est fabriqu\u00e9 aux A\u00e7ores. Le Fromage de S\u00e3o Jorge, par exemple, b\u00e9n\u00e9ficie de l&rsquo;AOP, appellation d&rsquo;origine prot\u00e9g\u00e9e, pour sa qualit\u00e9 et l&rsquo;environnement g\u00e9ographique dans lequel il est produit.<\/span><\/p>\n<p><span style=\"font-weight: 400;\">La grande majorit\u00e9 du sol a\u00e7or\u00e9en est occup\u00e9e par des p\u00e2turages, des for\u00eats et des zones d&rsquo;utilisation agricole, principalement des exploitations agricoles.<\/span><\/p>\n<p><span style=\"font-weight: 400;\">Les politiques publiques en mati\u00e8re d&rsquo;agriculture sont ax\u00e9es sur la modernisation de l&rsquo;activit\u00e9 et de ses infrastructures, afin d&rsquo;am\u00e9liorer l&rsquo;acc\u00e8s aux exploitations agricoles, aux r\u00e9seaux d&rsquo;\u00e9lectricit\u00e9 et d&rsquo;approvisionnement en eau.<\/span><\/p>\n<p><span style=\"font-weight: 400;\">L&rsquo;un des principaux d\u00e9fis auxquels sont confront\u00e9s les A\u00e7or\u00e9ens concerne pr\u00e9cis\u00e9ment le d\u00e9veloppement du paysage et de l&rsquo;environnement de l&rsquo;agriculture des A\u00e7ores.<\/span><\/p>\n<p>&nbsp;<\/p>\n<h3 style=\"text-align: center;\"><strong>Mer et p\u00eache<\/strong><\/h3>\n<p>&nbsp;<\/p>\n<p><span style=\"font-weight: 400;\">La p\u00eache et l&rsquo;\u00e9conomie bleue sont \u00e9galement extr\u00eamement importantes pour l&rsquo;\u00e9conomie des A\u00e7ores, puisque la Zone \u00e9conomique exclusive (ZEE) des A\u00e7ores repr\u00e9sente environ 954 496 km\u00b2, soit 55 % de la ZEE portugaise et 18 % de la mer europ\u00e9enne.<\/span><\/p>\n<p><span style=\"font-weight: 400;\">Les activit\u00e9s li\u00e9es \u00e0 la mer, telles que l&rsquo;aquaculture, la navigation, la recherche scientifique, marine, la conservation de l&rsquo;environnement et des ressources marines, le tourisme maritime et l&rsquo;observation de c\u00e9tac\u00e9s, montrent le potentiel de d\u00e9veloppement endog\u00e8ne des A\u00e7ores par le biais des \u00e9conomies bleue et verte.<\/span><\/p>\n<p><span style=\"font-weight: 400;\">L&rsquo;industrie des conserves, notamment de thon, occupe une place importante dans les exportations de l&rsquo;archipel, l&rsquo;Espagne et l&rsquo;Italie \u00e9tant ses principaux march\u00e9s de destination.<\/span><\/p>\n<p><span style=\"font-weight: 400;\">La p\u00eache au thon aux A\u00e7ores est \u00e9galement distingu\u00e9e par l&rsquo;organisation internationale Green Peace comme \u00ab\u00a0Dolphin Safe\u00a0\u00bb (sans danger pour les dauphins) et \u00ab\u00a0Friend of the Sea\u00a0\u00bb (ami de l&rsquo;oc\u00e9an).<\/span><\/p>\n<p>&nbsp;<\/p>\n<h3 style=\"text-align: center;\"><strong>Tourisme<\/strong><\/h3>\n<p>&nbsp;<\/p>\n<p><span style=\"font-weight: 400;\">Le tourisme est l&rsquo;un des secteurs de l&rsquo;\u00e9conomie r\u00e9gionale qui conna\u00eet la plus forte croissance. La pr\u00e9servation de la durabilit\u00e9 de la destination A\u00e7ores et la garantie d&rsquo;un \u00e9quilibre appropri\u00e9 entre le tourisme, les infrastructures associ\u00e9es et la protection du paysage, des \u00e9cosyst\u00e8mes et de la biodiversit\u00e9 sont des caract\u00e9ristiques uniques de la R\u00e9gion.<\/span><\/p>\n<p><span style=\"font-weight: 400;\">Cette strat\u00e9gie a gagn\u00e9 en notori\u00e9t\u00e9 au niveau europ\u00e9en et international. Parmi de nombreuses autres distinctions et prix, l&rsquo;archipel a \u00e9t\u00e9 d\u00e9clar\u00e9 \u00a0\u00bb Destination Quality Coast n\u00b0 1 \u00ab\u00a0, avec la mention Or, un prix qui distingue la destination de vacances c\u00f4ti\u00e8re la plus durable d&rsquo;Europe, et a \u00e9t\u00e9 d\u00e9sign\u00e9 par European Best en mati\u00e8re d&rsquo;observation de c\u00e9tac\u00e9s comme l&rsquo;une des meilleures destinations d&rsquo;Europe.<\/span><\/p>\n<p><span style=\"font-weight: 400;\">Le lien entre le tourisme et les activit\u00e9s li\u00e9es \u00e0 la mer, \u00e0 l&rsquo;environnement et \u00e0 l&rsquo;agriculture est visible, l&rsquo;accent \u00e9tant mis sur l&rsquo;observation de c\u00e9tac\u00e9s, la p\u00eache sportive et sous-marine, la voile, le yachting, le tourisme de croisi\u00e8re, entre autres, qui sont \u00e9galement un facteur de diversification et de conversion d&rsquo;actifs et de techniques traditionnelles.<\/span><\/p>\n<p>&nbsp;<\/p>\n<h3 style=\"text-align: center;\"><strong>Recherche, innovation et \u00e9nergie<\/strong><\/h3>\n<p>&nbsp;<\/p>\n<p><span style=\"font-weight: 400;\">Les A\u00e7ores ont renforc\u00e9 leur participation \u00e0 des projets europ\u00e9ens visant l&rsquo;innovation bas\u00e9e sur la connaissance, dans le cadre de consortiums ou de partenariats, qui b\u00e9n\u00e9ficient d&rsquo;un financement direct de l&rsquo;UE, notamment dans le cadre des programmes Horizon 2020 ou Interreg (Europe et Espace Atlantique, par exemple), afin de contribuer au d\u00e9veloppement et \u00e0 la consolidation des capacit\u00e9s scientifiques dans la r\u00e9gion, au renforcement de l&rsquo;axe \u00e9conomique bas\u00e9 sur la RD&amp;I et \u00e0 la projection des A\u00e7ores dans l&rsquo;Espace europ\u00e9en de la recherche.<\/span><\/p>\n<p><span style=\"font-weight: 400;\">De son c\u00f4t\u00e9, l&rsquo;Universit\u00e9 des A\u00e7ores, cr\u00e9\u00e9e en 1976, est constitu\u00e9e de trois p\u00f4les situ\u00e9s sur les \u00eeles de S\u00e3o Miguel, Terceira et Faial, et comprend des unit\u00e9s organiques universitaires et polytechniques. Les domaines d&rsquo;excellence et de reconnaissance internationale de l&rsquo;Universit\u00e9 des A\u00e7ores sont les sciences et technologies de la mer et de la p\u00eache et, en particulier, l&rsquo;\u00e9tude des eaux profondes, des monts sous-marins, des chemin\u00e9es hydrothermales, de l&rsquo;environnement et du changement climatique, ainsi que l&rsquo;\u00e9tude de la biodiversit\u00e9, la volcanologie\/sismologie et la biotechnologie agro-industrielle et marine.<\/span><\/p>\n<p><span style=\"font-weight: 400;\">Confirmant son importance et sa centralit\u00e9, les A\u00e7ores vont accueillir l&rsquo;Observatoire de l&rsquo;Atlantique, une infrastructure de recherche, de surveillance, de protection et d&rsquo;exploitation durable des ressources des grands fonds. Le Centre international de recherche des A\u00e7ores (\u00ab\u00a0Atlantic International Research Center\u00a0\u00bb ou AIR Center) est une organisation scientifique internationale bas\u00e9e aux A\u00e7ores et ax\u00e9e sur l&rsquo;Atlantique. Elle vise le d\u00e9veloppement scientifique et technologique dans les domaines de l&rsquo;espace, de l&rsquo;oc\u00e9an, de l&rsquo;atmosph\u00e8re, du climat et de l&rsquo;\u00e9nergie. Dans le volet spatial, l&rsquo;un des projets de l&rsquo;AIR Center est la cr\u00e9ation d&rsquo;une base spatiale pour le lancement de petits satellites aux A\u00e7ores, sur l&rsquo;\u00eele de Santa Maria.<\/span><\/p>\n<p><span style=\"font-weight: 400;\">Les A\u00e7ores sont \u00e9galement un exemple de durabilit\u00e9 gr\u00e2ce \u00e0 leur politique de d\u00e9carbonisation, puisque 41% de leur \u00e9nergie est d&rsquo;origine renouvelable et endog\u00e8ne, notamment la g\u00e9othermie, qui repr\u00e9sente d\u00e9j\u00e0 67% des \u00e9nergies renouvelables.<\/span><\/p>\n<p>&nbsp;<\/p>\n\t\t<div class=\"col-12 mb-5\">\n\t\t\t<div class=\"row widget_picture_with_floating_text\">\n\t\t\t\t<div class=\"col-8  widget_picture_with_floating_text__picture\" style=\"background-image: url('https:\/\/cp-rup.com\/wp-content\/uploads\/2018\/10\/Azores-S\u00e3o-Miguel-Island.jpg.');\"><\/div>\n\t\t\t\t<div class=\"col-6 widget_picture_with_floating_text__text widget_picture_with_floating_text__text--right\">\n\t\t\t\t\t<h3> Tourisme<\/h3>\n\t\t\t\t\t<p>Les A\u00e7ores sont \u00e9galement un exemple de durabilit\u00e9 gr\u00e2ce \u00e0 leur politique de d\u00e9carbonisation, puisque 41% de leur \u00e9nergie est d&rsquo;origine renouvelable et endog\u00e8ne, notamment la g\u00e9othermie, qui repr\u00e9sente d\u00e9j\u00e0 67% des \u00e9nergies renouvelables. <\/p>\n\t\t\t\t<\/div>\n\t\t\t<\/div>\n\t\t<\/div>\n\n\n\t\t<div class=\"col-12 mb-5\">\n\t\t\t<div class=\"row widget_picture_with_floating_text\">\n\t\t\t\t<div class=\"col-8 offset-4 widget_picture_with_floating_text__picture\" style=\"background-image: url('https:\/\/cp-rup.com\/wp-content\/uploads\/2018\/10\/Azores-PS-Faial-Island-Fisheries.jpg');\"><\/div>\n\t\t\t\t<div class=\"col-6 widget_picture_with_floating_text__text widget_picture_with_floating_text__text--left\">\n\t\t\t\t\t<h3>Mer et P\u00eache<\/h3>\n\t\t\t\t\t<p>La p\u00eache au thon aux A\u00e7ores est \u00e9galement distingu\u00e9e par l&rsquo;organisation internationale GreenPeace comme \u00ab\u00a0Dolphin Safe\u00a0\u00bb (sans danger pour les dauphins) et \u00ab\u00a0Friend of the Sea\u00a0\u00bb (ami de l&rsquo;oc\u00e9an). <\/p>\n\t\t\t\t<\/div>\n\t\t\t<\/div>\n\t\t<\/div>\n\n\n\t\t<div class=\"col-12 mb-5\">\n\t\t\t<div class=\"row widget_picture_with_floating_text\">\n\t\t\t\t<div class=\"col-8  widget_picture_with_floating_text__picture\" style=\"background-image: url('https:\/\/cp-rup.com\/wp-content\/uploads\/2018\/10\/Azores-JAR-PS-Santa-Maria-Island-Satellite.jpg');\"><\/div>\n\t\t\t\t<div class=\"col-6 widget_picture_with_floating_text__text widget_picture_with_floating_text__text--right\">\n\t\t\t\t\t<h3>Recherche<\/h3>\n\t\t\t\t\t<p> Dans le volet spatial, l&rsquo;un des projets de l&rsquo;AIR Center est la cr\u00e9ation d&rsquo;une base spatiale pour le lancement de petits satellites, aux A\u00e7ores, sur l&rsquo;\u00eele de Santa Maria. <\/p>\n\t\t\t\t<\/div>\n\t\t\t<\/div>\n\t\t<\/div>\n\n\n<p><a href=\"#_ftnref1\" name=\"_ftn1\">[1]<\/a><a href=\"http:\/\/ec.europa.eu\/regional_policy\/sources\/activity\/outermost\/doc\/plan_action_strategique_eu2020_acores_pt.pdf\" target=\"_blank\" rel=\"noopener noreferrer\">http:\/\/ec.europa.eu\/regional_policy\/sources\/activity\/outermost\/doc\/plan_action_strategique_eu2020_acores_pt.pdf<\/a><\/p>\n<p><a href=\"#_ftnref2\" name=\"_ftn2\">[2]<\/a> <a href=\"https:\/\/www.investinazores.com\/index.php\/pt\/porque-acores\/setor-agroalimentar\" target=\"_blank\" rel=\"noopener noreferrer\">https:\/\/www.investinazores.com\/index.php\/pt\/porque-acores\/setor-agroalimentar<\/a><\/p>\n<h6>Fotos: <strong>\u00a9<\/strong>Jose Antonio Rodrigues<\/h6>\n<div id=\"metaslider-id-3849\" style=\"width: 100%; margin: 0 auto;\" class=\"ml-slider-3-20-3 metaslider metaslider-flex metaslider-3849 ml-slider\">\n    <div id=\"metaslider_container_3849\">\n        <div id=\"metaslider_3849\">\n            <ul aria-live=\"polite\" class=\"slides\">\n                <li style=\"display: block; width: 100%;\" class=\"slide-3850 ms-image\"><img loading=\"lazy\" decoding=\"async\" src=\"https:\/\/www.cp-rup.com\/wp-content\/uploads\/2018\/10\/JAR-Landscape-S\u00e3o-Jorge-Island-1088x400.jpg\" height=\"400\" width=\"1088\" alt=\"\" class=\"slider-3849 slide-3850\" \/><div class=\"caption-wrap\"><div class=\"caption\">S\u00e3o Jorge <\/div><\/div><\/li>\n                <li style=\"display: none; width: 100%;\" class=\"slide-3851 ms-image\"><img loading=\"lazy\" decoding=\"async\" src=\"https:\/\/www.cp-rup.com\/wp-content\/uploads\/2018\/10\/Azores-JAR-Corvo-Island-Top-of-the-page-1088x400.jpg\" height=\"400\" width=\"1088\" alt=\"\" class=\"slider-3849 slide-3851\" \/><div class=\"caption-wrap\"><div class=\"caption\">Corvo <\/div><\/div><\/li>\n                <li style=\"display: none; width: 100%;\" class=\"slide-3852 ms-image\"><img loading=\"lazy\" decoding=\"async\" src=\"https:\/\/www.cp-rup.com\/wp-content\/uploads\/2018\/10\/Azores-JAR-Terceira-Island-1088x400.jpg\" height=\"400\" width=\"1088\" alt=\"\" class=\"slider-3849 slide-3852\" \/><div class=\"caption-wrap\"><div class=\"caption\">Ilha Terceira\n<\/div><\/div><\/li>\n                <li style=\"display: none; width: 100%;\" class=\"slide-3854 ms-image\"><img loading=\"lazy\" decoding=\"async\" src=\"https:\/\/www.cp-rup.com\/wp-content\/uploads\/2018\/10\/Azores-JAR-PS-S\u00e3o-Jorge-Cheese-1088x400.jpg\" height=\"400\" width=\"1088\" alt=\"\" class=\"slider-3849 slide-3854\" \/><div class=\"caption-wrap\"><div class=\"caption\">Ilha S\u00e3o Jorge, <\/div><\/div><\/li>\n                <li style=\"display: none; width: 100%;\" class=\"slide-3855 ms-image\"><img loading=\"lazy\" decoding=\"async\" src=\"https:\/\/www.cp-rup.com\/wp-content\/uploads\/2018\/10\/Azores-JAR-PS-Inter-island-transport-1-1088x400.jpg\" height=\"400\" width=\"1088\" alt=\"\" class=\"slider-3849 slide-3855\" \/><div class=\"caption-wrap\"><div class=\"caption\">Azores<\/div><\/div><\/li>\n                <li style=\"display: none; width: 100%;\" class=\"slide-3856 ms-image\"><img loading=\"lazy\" decoding=\"async\" src=\"https:\/\/www.cp-rup.com\/wp-content\/uploads\/2018\/10\/Azores-JAR-PS-Fisheries-1088x400.jpg\" height=\"400\" width=\"1088\" alt=\"\" class=\"slider-3849 slide-3856\" \/><div class=\"caption-wrap\"><div class=\"caption\">Azores <\/div><\/div><\/li>\n                <li style=\"display: none; width: 100%;\" class=\"slide-3857 ms-image\"><img loading=\"lazy\" decoding=\"async\" src=\"https:\/\/www.cp-rup.com\/wp-content\/uploads\/2018\/10\/Azores-JAR-Terceira-Island-II-1088x400.jpg\" height=\"400\" width=\"1088\" alt=\"\" class=\"slider-3849 slide-3857\" \/><div class=\"caption-wrap\"><div class=\"caption\">Ilha Terceira<\/div><\/div><\/li>\n                <li style=\"display: none; width: 100%;\" class=\"slide-3858 ms-image\"><img loading=\"lazy\" decoding=\"async\" src=\"https:\/\/www.cp-rup.com\/wp-content\/uploads\/2018\/10\/Azores-JAR-Faial-Island-1-1088x400.jpg\" height=\"400\" width=\"1088\" alt=\"\" class=\"slider-3849 slide-3858\" \/><div class=\"caption-wrap\"><div class=\"caption\"> Faial<\/div><\/div><\/li>\n            <\/ul>\n        <\/div>\n        \n    <\/div>\n<\/div>\n","protected":false},"excerpt":{"rendered":"<p>Les A\u00e7ores L&rsquo;archipel des A\u00e7ores est situ\u00e9 en plein oc\u00e9an Atlantique Nord, entre 36\u00b0 et 43\u00b0 de latitude nord et 25\u00b0 et 31\u00b0 de longitude ouest, \u00e0 environ 1500 km \u00e0 l&rsquo;ouest de Lisbonne et 3600 km \u00e0 l&rsquo;est de l&rsquo;Am\u00e9rique du Nord. Les A\u00e7ores se caract\u00e9risent par la diversit\u00e9 de leurs paysages et la [&hellip;]<\/p>\n","protected":false},"author":37,"featured_media":3680,"parent":5775,"menu_order":0,"comment_status":"closed","ping_status":"closed","template":"page-region-detail.php","meta":{"_acf_changed":false,"footnotes":"","_links_to":"","_links_to_target":""},"class_list":["post-5787","page","type-page","status-publish","has-post-thumbnail","hentry"],"acf":[],"_links":{"self":[{"href":"https:\/\/www.cp-rup.com\/fr\/wp-json\/wp\/v2\/pages\/5787","targetHints":{"allow":["GET"]}}],"collection":[{"href":"https:\/\/www.cp-rup.com\/fr\/wp-json\/wp\/v2\/pages"}],"about":[{"href":"https:\/\/www.cp-rup.com\/fr\/wp-json\/wp\/v2\/types\/page"}],"author":[{"embeddable":true,"href":"https:\/\/www.cp-rup.com\/fr\/wp-json\/wp\/v2\/users\/37"}],"replies":[{"embeddable":true,"href":"https:\/\/www.cp-rup.com\/fr\/wp-json\/wp\/v2\/comments?post=5787"}],"version-history":[{"count":18,"href":"https:\/\/www.cp-rup.com\/fr\/wp-json\/wp\/v2\/pages\/5787\/revisions"}],"predecessor-version":[{"id":9872,"href":"https:\/\/www.cp-rup.com\/fr\/wp-json\/wp\/v2\/pages\/5787\/revisions\/9872"}],"up":[{"embeddable":true,"href":"https:\/\/www.cp-rup.com\/fr\/wp-json\/wp\/v2\/pages\/5775"}],"wp:featuredmedia":[{"embeddable":true,"href":"https:\/\/www.cp-rup.com\/fr\/wp-json\/wp\/v2\/media\/3680"}],"wp:attachment":[{"href":"https:\/\/www.cp-rup.com\/fr\/wp-json\/wp\/v2\/media?parent=5787"}],"curies":[{"name":"wp","href":"https:\/\/api.w.org\/{rel}","templated":true}]}}