{"id":5829,"date":"2021-03-19T17:16:23","date_gmt":"2021-03-19T17:16:23","guid":{"rendered":"https:\/\/cp-rup.com\/?page_id=5829"},"modified":"2023-06-14T10:25:26","modified_gmt":"2023-06-14T10:25:26","slug":"martinique","status":"publish","type":"page","link":"https:\/\/www.cp-rup.com\/fr\/regions-ultraperipheriques\/martinique\/","title":{"rendered":"Martinique"},"content":{"rendered":"<h2 style=\"text-align: center;\">Informations g\u00e9n\u00e9rales et \u00e9conomiques<\/h2>\n<p>Le fran\u00e7ais et le cr\u00e9ole sont les langues usit\u00e9es sur cette \u00eele peupl\u00e9e de 352\u00a0205 habitants<a href=\"#_ftn1\" name=\"_ftnref1\">[1]<\/a>.<\/p>\n<p>La Martinique poss\u00e8de le statut de Collectivit\u00e9 Territoriale de la R\u00e9publique fran\u00e7aise. L\u2019autorit\u00e9 r\u00e9gionale, la Collectivit\u00e9 Territoriale de Martinique, est pr\u00e9sid\u00e9e par le Pr\u00e9sident du Conseil Ex\u00e9cutif. Le gouvernement fran\u00e7ais y est repr\u00e9sent\u00e9 par\u00a0le pr\u00e9fet.<\/p>\n<p>L&rsquo;unit\u00e9 mon\u00e9taire utilis\u00e9e sur l\u2019\u00eele est l&rsquo;euro. Son indicatif t\u00e9l\u00e9phonique est +596 et son code d\u00e9partemental, 972.<\/p>\n<p>Le PIB de la Martinique s&rsquo;\u00e9levait \u00e0 pr\u00e8s de 9 Mds \u20ac en 2020, soit 24.728 \u20ac par habitant, chiffre le plus \u00e9lev\u00e9 des r\u00e9gions d&rsquo;outre-mer fran\u00e7ais, mais inf\u00e9rieur \u00e0 la moyenne nationale fran\u00e7aise.<\/p>\n<p>L&rsquo;\u00e9conomie martiniquaise est fortement tertiaire.<\/p>\n<p><a href=\"#_ftnref1\" name=\"_ftn1\">[1]<\/a> <em>Donn\u00e9e provisoire Eurostat 2022<\/em><\/p>\n<p>&nbsp;<\/p>\n<h2 style=\"text-align: center;\">Description g\u00e9opolitique et territoriale<\/h2>\n<p>Situ\u00e9e au c\u0153ur de l\u2019archipel des petites Antilles, la Martinique, est baign\u00e9e par l\u2019Oc\u00e9an Atlantique, \u00e0 l\u2019Est, et la mer des Cara\u00efbes, \u00e0 l\u2019Ouest. Jouissant de cette situation g\u00e9ographique exceptionnelle, l\u2019\u00eele se pr\u00eate aux \u00e9changes r\u00e9guliers avec d\u2019autres pays et continents voisins.<\/p>\n<p>La superficie de la Martinique est de 1.128 km\u00b2. Elle mesure 80 km dans sa plus grande longueur et 39 km dans sa plus grande largeur. La Montagne Pel\u00e9e, volcan toujours actif, est le point culminant (1.397 m) de l\u2019\u00eele, au Nord, o\u00f9 for\u00eats denses, rivi\u00e8res et cascades pr\u00e9dominent.<\/p>\n<p>Au Centre, la plaine du Lamentin, o\u00f9 se trouve l\u2019a\u00e9roport International Aim\u00e9 C\u00e9saire, fait la transition avec la r\u00e9gion Sud au relief plus ancien. La c\u00f4te Sud abrite de nombreuses baies et anses. La savane des p\u00e9trifications, \u00e0 l\u2019extr\u00eame Sud, est une vraie curiosit\u00e9 g\u00e9ologique.<\/p>\n<p>Le climat relativement chaud et humide, est ponctu\u00e9 par deux saisons : le Car\u00eame (p\u00e9riode s\u00e8che) et l\u2019Hivernage (p\u00e9riode pluvieuse de juin\/juillet \u00e0 octobre\/novembre). La temp\u00e9rature oscille entre 25 et 30\u00b0C toute l\u2019ann\u00e9e.<\/p>\n<p>Cette \u00eele tropicale est couverte de somptueuses for\u00eats tropicales, de savanes, et de fleurs, sans oublier un \u00e9cosyst\u00e8me marin exceptionnel, compos\u00e9 de mangroves, d\u2019herbiers, et de r\u00e9cifs coralliens notamment. Sa richesse est unique par l\u2019end\u00e9misme de nombreuses esp\u00e8ces et le caract\u00e8re patrimonial, rare, mais aussi menac\u00e9, des habitats qui les abritent. Cet ensemble fait de l\u2019\u00eele un extraordinaire jardin exotique devenu en 2021 \u00ab\u00a0R\u00e9serve de Biosph\u00e8re\u00a0\u00bb UNESCO, pour l&rsquo;int\u00e9gralit\u00e9 de son territoire terrestre et marin.<\/p>\n<p>&nbsp;<\/p>\n<h2 style=\"text-align: center;\">Statut de la Collectivit\u00e9 Territoriale de la Martinique<\/h2>\n<p>Cr\u00e9\u00e9e en 2015, la Collectivit\u00e9 Territoriale de Martinique regroupe les comp\u00e9tences des anciens Conseils g\u00e9n\u00e9ral et r\u00e9gional, auxquelles s\u2019ajoutent de nouvelles attributions.<\/p>\n<p>Son pouvoir de d\u00e9cision est partag\u00e9 entre un Conseil ex\u00e9cutif, compos\u00e9 de huit membres et dirig\u00e9 par un pr\u00e9sident ; et une Assembl\u00e9e Territoriale\u00a0d\u00e9nomm\u00e9e \u00a0\u00ab\u00a0Assembl\u00e9e de Martinique\u00a0\u00bb dirig\u00e9 par un pr\u00e9sident. Cette derni\u00e8re regroupe l\u2019ensemble des \u00e9lus territoriaux de la Martinique, qui sont au nombre de 51.<\/p>\n<p>Cette collectivit\u00e9 a la responsabilit\u00e9 de g\u00e9rer les politiques publiques applicables \u00e0 la Martinique. Elle entretient des relations \u00e9troites avec les trois Etablissements Publics de Coop\u00e9ration Intercommunale que sont la CACEM, Cap Nord et la CAESM<a href=\"#_ftn1\" name=\"_ftnref1\">[1]<\/a>), ainsi que les trente-quatre communes de Martinique.<\/p>\n<p>De plus, le territoire martiniquais est divis\u00e9 en 4 arrondissements administratifs (dont sont issus les quatre d\u00e9put\u00e9s et les deux s\u00e9nateurs de la Martinique, membres de l\u2019Assembl\u00e9e nationale fran\u00e7aise et du S\u00e9nat). Le chef-lieu de l\u2019\u00eele est Fort de France, depuis l\u2019\u00e9ruption de la Montagne Pel\u00e9 ayant d\u00e9vast\u00e9 l\u2019ancienne capitale Saint-Pierre, en 1902.<\/p>\n<p><a href=\"#_ftnref1\" name=\"_ftn1\">[1]<\/a> <em>Communaut\u00e9 d\u2019Agglom\u00e9ration du Centre de la Martinique, Communaut\u00e9 d\u2019agglom\u00e9ration du pays Nord Martinique et Communaut\u00e9 d\u2019Agglom\u00e9ration de l\u2019Espace Sud Martinique<\/em><\/p>\n<p>&nbsp;<\/p>\n<h2 style=\"text-align: center;\">Relations avec les partenaires de la grande Cara\u00efbe<\/h2>\n<p>La Martinique est \u00e0 la fois fran\u00e7aise, europ\u00e9enne et profond\u00e9ment carib\u00e9enne. C\u2019est pourquoi son insertion dans son environnement g\u00e9ographique est une priorit\u00e9. En effet, elle est membre associ\u00e9 de l\u2019Organisation des \u00c9tats de la Cara\u00efbe Orientale (OECO), de l\u2019Association des \u00c9tats de la Cara\u00efbe (AEC), et de la Commission Economique pour l\u2019Am\u00e9rique Latine et les Cara\u00efbes (CEPALC), commission r\u00e9gionale de l\u2019Organisation des Nations Unies.<\/p>\n<p>&nbsp;<\/p>\n<h2 style=\"text-align: center;\">Agriculture<\/h2>\n<p>Historiquement, les secteurs agricole et agro-alimentaire ont \u00e9t\u00e9 tourn\u00e9s vers l\u2019exportation (principalement avec l\u2019Europe), notamment en s\u2019appuyant sur les cultures d\u2019exportation que sont la banane et la canne, servant \u00e0 la production de rhum.<\/p>\n<p>En Martinique, la fili\u00e8re de la banane repr\u00e9sente 60% des salari\u00e9s agricoles et couvre actuellement 5000 hectares. En ce qui concerne la production de rhum, la Martinique est reconnue pour \u00eatre terre d\u2019origine de quelques-uns des meilleurs rhums agricoles au monde, r\u00e9compens\u00e9s \u00e0 plusieurs reprises lors de concours tel le Spirits Selection \u00e0 Bruxelles, et prot\u00e9g\u00e9s depuis 1996 par une AOP<a href=\"#_ftn1\" name=\"_ftnref1\"><sup>[1]<\/sup><\/a>. D&rsquo;autres productions comme celles de fruits tropicaux, plus marginales, sont \u00e9galement existantes, avec notamment l\u2019ananas, la goyave ou encore les mangues.<\/p>\n<p>Aujourd\u2019hui, la Martinique souhaite compl\u00e9ter son d\u00e9veloppement agricole et alimentaire en accompagnant le d\u00e9veloppement d\u2019une offre locale alimentaire issue de sa riche biodiversit\u00e9 et de ses techniques agraires ancestrales de polyculture \u2013 \u00e9levage. L\u2019objectif : la souverainet\u00e9 alimentaire.<\/p>\n<p>La Martinique tend \u00e0 d\u00e9velopper son agriculture en adoptant plusieurs mesures de soutien aux exploitants agricoles et \u00e0 la diversification, afin de soutenir, d\u2019innover et de valoriser une production locale performante, diversifi\u00e9e et respectueuse de l\u2019environnement et d\u2019accompagner sa transition agro \u00e9cologique.<\/p>\n<p>Gr\u00e2ce \u00e0 la recherche et l\u2019innovation sur les intrants, \u00e0 un meilleur ancrage de la Martinique dans son bassin g\u00e9ographique, au d\u00e9veloppement de circuits de distribution de proximit\u00e9 et la recherche d\u2019une nouvelle dynamique de fonds financiers, la Martinique est en phase d\u2019acc\u00e9l\u00e9ration de sa politique d\u2019autonomie et de r\u00e9silience alimentaire.<\/p>\n<p><a href=\"#_ftnref1\" name=\"_ftn1\">[1]<\/a> <em>Appellation d\u2019Origine Contr\u00f4l\u00e9e<\/em><\/p>\n<p>&nbsp;<\/p>\n<h2 style=\"text-align: center;\">Tourisme<\/h2>\n<p>Son h\u00e9ritage en mati\u00e8re d\u2019artisanat, sa litt\u00e9rature de renomm\u00e9e internationale, sa musique et ses danses traditionnelles et modernes, ainsi que son art de vivre et sa gastronomie, font de la Martinique une terre de tradition et de culture.<\/p>\n<p>Il est possible de citer entre autres la centaine de monuments historiques de l\u2019\u00eele et la ville de Saint-Pierre, class\u00e9e \u00ab ville d\u2019Art et d\u2019Histoire \u00bb, d\u00e9truite par l\u2019\u00e9ruption de la Montagne Pel\u00e9e, le 08 mai 1902.<\/p>\n<p>De nombreux \u00e9crivains ont fait sa renomm\u00e9e dans le monde. Nous pouvons citer notamment Aim\u00e9 C\u00e9saire, Suzanne Dracius, Ren\u00e9 Maran, Frantz Fanon, Edouard Glissant ou encore Joseph Zobel.<\/p>\n<p>La Martinique est aussi une destination de choix pour les amateurs de tourisme maritime. Elle offre la possibilit\u00e9 d\u2019escapade sur les \u00eelets ou vers les fonds blancs. L\u2019ile attire \u00e9galement les amateurs d\u2019activit\u00e9s nautiques, comme le flyboard, le wakeboard, ou encore la Yole (pratique de la voile traditionnelle).<\/p>\n<p>&nbsp;<\/p>\n<h2 style=\"text-align: center;\">Biodiversit\u00e9<\/h2>\n<p>La Martinique est un territoire o\u00f9 la biodiversit\u00e9 est exceptionnelle\u00a0; elle est aussi l\u2019un des 36 hot spots mondiaux, et par cons\u00e9quent une r\u00e9elle priorit\u00e9 en termes de gestion et de protection. Elle poss\u00e8de des \u00e9cosyst\u00e8mes tr\u00e8s diversifi\u00e9s d\u2019une grande valeur biologique et \u00e9cologique.<\/p>\n<p>Conscients de ces atouts, les chercheurs sur l\u2019\u00eele mettent un point d&rsquo;honneur \u00e0 inventorier, \u00e9tudier et prot\u00e9ger ses bio-ressources, afin de d\u00e9velopper des fili\u00e8res \u00e0 haute valeur ajout\u00e9e.<\/p>\n<p>Pour r\u00e9pondre \u00e0 ces objectifs, les \u00e9lus territoriaux ont d\u00e9cid\u00e9 de diriger l\u2019exploration exhaustive de la biodiversit\u00e9 et du vivant sur le territoire, en cr\u00e9ant le Centre Territorial d\u2019Exploration de la Biodiversit\u00e9 Martiniquaise. Le but \u00e9tant de valoriser le vivant et de d\u00e9velopper la recherche en biosciences en Martinique.<\/p>\n<p>Ainsi, des efforts sont men\u00e9s afin de structurer et domicilier les recherches et analyses sur le large potentiel de la pharmacop\u00e9e et de la cosm\u00e9top\u00e9e de l\u2019ile. Cette strat\u00e9gie sera d\u00e9ploy\u00e9e, en coh\u00e9rence et en collaboration avec toutes les structures d\u00e9j\u00e0 existantes en Martinique, afin d\u2019am\u00e9liorer le niveau de la recherche scientifique locale.<\/p>\n<p>&nbsp;<\/p>\n<h2 style=\"text-align: center;\">Energies renouvelables<\/h2>\n<p>La situation g\u00e9ographique de la Martinique, lui permet de disposer d\u2019importantes potentialit\u00e9s d\u2019\u00e9nergies renouvelables (\u00e9nergie solaire, photovolta\u00efque, hydraulique, g\u00e9othermique, \u00e9olienne, biomasse, \u2026)<\/p>\n<p>La part des \u00e9nergies renouvelables dans la consommation \u00e9nerg\u00e9tique totale \u00e9tait de l\u2019ordre de 25% (en 2022). Face \u00e0 ce contexte, des solutions technologiques sont \u00e0 l\u2019\u00e9tude et mises en place sur tout le territoire.<\/p>\n<p>A ce jour, il est possible de se r\u00e9f\u00e9rer \u00e0 l\u2019usine de traitement et de valorisation des ordures m\u00e9nag\u00e8res de Fort-de-France et \u00e0 la centrale productrice d&rsquo;\u00e9nergie \u00e0 base de biomasse, qui fournit environ 15% des besoins \u00e9lectriques de la Martinique.<\/p>\n<p>L\u2019ile dispose \u00e9galement d&rsquo;\u00e9nergies renouvelables intermittentes, avec un parc solaire et \u00e9olien en perp\u00e9tuelle augmentation, fournissant actuellement environ 10% d&rsquo;\u00e9lectricit\u00e9 verte \u00e0 l\u2019ile.<\/p>\n<p>La Martinique pourrait \u00e9galement jouir de potentiels encore inexploit\u00e9s, tels que la g\u00e9othermie ou les technologies holom\u00e9triques, domaines qui sont particuli\u00e8rement \u00e9tudi\u00e9s.<\/p>\n<p>L&rsquo;objectif \u00e9tant pour la Martinique d&rsquo;atteindre en 2030 l&rsquo;autonomie \u00e9nerg\u00e9tique.<\/p>\n<p>&nbsp;<\/p>\n<div id=\"metaslider-id-4138\" style=\"max-width: 1200px;\" class=\"ml-slider-3-20-3 metaslider metaslider-flex metaslider-4138 ml-slider\">\n    <div id=\"metaslider_container_4138\">\n        <div id=\"metaslider_4138\">\n            <ul aria-live=\"polite\" class=\"slides\">\n                <li style=\"display: block; width: 100%;\" class=\"slide-4139 ms-image\"><img loading=\"lazy\" decoding=\"async\" src=\"https:\/\/www.cp-rup.com\/wp-content\/uploads\/2018\/12\/DSC_9157-Martinicacopie-003-1200x400.jpg\" height=\"400\" width=\"1200\" alt=\"\" class=\"slider-4138 slide-4139\" \/><\/li>\n                <li style=\"display: none; width: 100%;\" class=\"slide-4140 ms-image\"><img loading=\"lazy\" decoding=\"async\" src=\"https:\/\/www.cp-rup.com\/wp-content\/uploads\/2018\/12\/DSC_9549-Martinica-002-1200x400.jpg\" height=\"400\" width=\"1200\" alt=\"\" class=\"slider-4138 slide-4140\" \/><\/li>\n                <li style=\"display: none; width: 100%;\" class=\"slide-4141 ms-image\"><img loading=\"lazy\" decoding=\"async\" src=\"https:\/\/www.cp-rup.com\/wp-content\/uploads\/2018\/12\/DSC01758-Martinica-002-1200x400.jpg\" height=\"400\" width=\"1200\" alt=\"\" class=\"slider-4138 slide-4141\" \/><div class=\"caption-wrap\"><div class=\"caption\">SONY DSC<\/div><\/div><\/li>\n                <li style=\"display: none; width: 100%;\" class=\"slide-4142 ms-image\"><img loading=\"lazy\" decoding=\"async\" src=\"https:\/\/www.cp-rup.com\/wp-content\/uploads\/2018\/12\/DSC_6424-Martinica002-1200x400.jpg\" height=\"400\" width=\"1200\" alt=\"\" class=\"slider-4138 slide-4142\" \/><\/li>\n                <li style=\"display: none; width: 100%;\" class=\"slide-4143 ms-image\"><img loading=\"lazy\" decoding=\"async\" src=\"https:\/\/www.cp-rup.com\/wp-content\/uploads\/2018\/12\/DSC_4070-Martinica-003-1200x400.jpg\" height=\"400\" width=\"1200\" alt=\"\" class=\"slider-4138 slide-4143\" \/><\/li>\n            <\/ul>\n        <\/div>\n        \n    <\/div>\n<\/div>\n","protected":false},"excerpt":{"rendered":"<p>Informations g\u00e9n\u00e9rales et \u00e9conomiques Le fran\u00e7ais et le cr\u00e9ole sont les langues usit\u00e9es sur cette \u00eele peupl\u00e9e de 352\u00a0205 habitants[1]. La Martinique poss\u00e8de le statut de Collectivit\u00e9 Territoriale de la R\u00e9publique fran\u00e7aise. L\u2019autorit\u00e9 r\u00e9gionale, la Collectivit\u00e9 Territoriale de Martinique, est pr\u00e9sid\u00e9e par le Pr\u00e9sident du Conseil Ex\u00e9cutif. Le gouvernement fran\u00e7ais y est repr\u00e9sent\u00e9 par\u00a0le pr\u00e9fet. [&hellip;]<\/p>\n","protected":false},"author":37,"featured_media":1567,"parent":5775,"menu_order":0,"comment_status":"closed","ping_status":"closed","template":"page-region-detail.php","meta":{"_acf_changed":false,"footnotes":"","_links_to":"","_links_to_target":""},"class_list":["post-5829","page","type-page","status-publish","has-post-thumbnail","hentry"],"acf":[],"_links":{"self":[{"href":"https:\/\/www.cp-rup.com\/fr\/wp-json\/wp\/v2\/pages\/5829","targetHints":{"allow":["GET"]}}],"collection":[{"href":"https:\/\/www.cp-rup.com\/fr\/wp-json\/wp\/v2\/pages"}],"about":[{"href":"https:\/\/www.cp-rup.com\/fr\/wp-json\/wp\/v2\/types\/page"}],"author":[{"embeddable":true,"href":"https:\/\/www.cp-rup.com\/fr\/wp-json\/wp\/v2\/users\/37"}],"replies":[{"embeddable":true,"href":"https:\/\/www.cp-rup.com\/fr\/wp-json\/wp\/v2\/comments?post=5829"}],"version-history":[{"count":6,"href":"https:\/\/www.cp-rup.com\/fr\/wp-json\/wp\/v2\/pages\/5829\/revisions"}],"predecessor-version":[{"id":8678,"href":"https:\/\/www.cp-rup.com\/fr\/wp-json\/wp\/v2\/pages\/5829\/revisions\/8678"}],"up":[{"embeddable":true,"href":"https:\/\/www.cp-rup.com\/fr\/wp-json\/wp\/v2\/pages\/5775"}],"wp:featuredmedia":[{"embeddable":true,"href":"https:\/\/www.cp-rup.com\/fr\/wp-json\/wp\/v2\/media\/1567"}],"wp:attachment":[{"href":"https:\/\/www.cp-rup.com\/fr\/wp-json\/wp\/v2\/media?parent=5829"}],"curies":[{"name":"wp","href":"https:\/\/api.w.org\/{rel}","templated":true}]}}