{"id":5850,"date":"2021-03-19T17:30:52","date_gmt":"2021-03-19T17:30:52","guid":{"rendered":"https:\/\/cp-rup.com\/?page_id=5850"},"modified":"2023-04-10T11:39:14","modified_gmt":"2023-04-10T11:39:14","slug":"reunion","status":"publish","type":"page","link":"https:\/\/www.cp-rup.com\/fr\/regions-ultraperipheriques\/reunion\/","title":{"rendered":"R\u00e9union"},"content":{"rendered":"<h2 style=\"text-align: center;\">\u00a0R\u00e9union<\/h2>\n<h2 style=\"text-align: center;\">Descriptif territorial<\/h2>\n<p>Situ\u00e9e en plein Sud-Ouest de l\u2019oc\u00e9an Indien, la R\u00e9union est une r\u00e9gion europ\u00e9enne de l\u2019h\u00e9misph\u00e8re Sud et la plus \u00e9loign\u00e9e de l\u2019Europe continentale. L\u2019\u00eele dispose d\u2019infrastructures de qualit\u00e9, ce qui la place au premier rang dans la zone oc\u00e9an Indien en mati\u00e8re d\u2019\u00e9quipements.<\/p>\n<p>Deux a\u00e9roports internationaux ainsi que le grand port maritime permettent une ouverture permanente de la R\u00e9union sur le reste du monde. Le \u00a0territoire est par ailleurs connect\u00e9 en haut d\u00e9bit gr\u00e2ce \u00e0 un r\u00e9seau m\u00ealant plusieurs technologies. La R\u00e9union dispose \u00e9galement d\u2019infrastructures sanitaires modernes, dot\u00e9es des \u00e9quipements publics les plus performants de la zone oc\u00e9an Indien.<\/p>\n<h2 style=\"text-align: center;\">D\u00e9mographie<\/h2>\n<p>Au 1er janvier 2019, 861 200 personnes vivent \u00e0 La R\u00e9union. La population progresse de 0,5 % par an depuis 2013, plus vite qu\u2019en m\u00e9tropole (+ 0,4 %). La croissance d\u00e9mographique est port\u00e9e par le solde naturel, marqu\u00e9 par un exc\u00e9dent des naissances sur les d\u00e9c\u00e8s. Elle est frein\u00e9e par des d\u00e9parts plus nombreux que les arriv\u00e9es. La f\u00e9condit\u00e9 reste \u00e9lev\u00e9e et nettement sup\u00e9rieure \u00e0 celle de la m\u00e9tropole. La population est jeune (2,5 fois plus de moins de 20 ans que de personnes de 65 ans ou plus).<\/p>\n<h2 style=\"text-align: center;\">Niveau de vie m\u00e9dian et pauvret\u00e9<\/h2>\n<p>En 2019, 37 % des R\u00e9unionnais vivent sous le seuil m\u00e9tropolitain de pauvret\u00e9. La pauvret\u00e9 reste beaucoup plus importante qu\u2019en m\u00e9tropole (15 %). En effet, le d\u00e9ficit d\u2019emplois reste important sur l\u2019\u00eele. Les niveaux de vie restent plus faibles \u00e0 La R\u00e9union d\u2019un bout \u00e0 l\u2019autre de l\u2019\u00e9chelle des revenus. La moiti\u00e9 des R\u00e9unionnais a un niveau de revenu inf\u00e9rieur \u00e0 1 320 euros par mois, soit 27 % de moins qu\u2019au niveau national.<\/p>\n<h2 style=\"text-align: center;\">Produit int\u00e9rieur brut<\/h2>\n<p>Avec un produit int\u00e9rieur brut (PIB) de 19,2 milliards d\u2019euros en 2020, La R\u00e9union fait partie des r\u00e9gions fran\u00e7aises les moins cr\u00e9atrices de richesse. Elle a toutefois le PIB le plus \u00e9lev\u00e9 des d\u00e9partements d\u2019Outre\u2011mer (DOM). Les PIB par habitant et par emploi restent tr\u00e8s inf\u00e9rieurs, respectivement de 7 000 euros et 10 000 euros, \u00e0 ceux des r\u00e9gions de la m\u00e9tropole hors \u00cele-de France. Cependant, son PIB par habitant est sup\u00e9rieur \u00e0 celui des territoires voisins de l\u2019oc\u00e9an Indien, et tr\u00e8s proche de celui de la Guadeloupe.<\/p>\n<h2 style=\"text-align: center;\">Niveau d&rsquo;\u00e9ducation<\/h2>\n<p>Plus d\u2019un habitant sur trois (36,5 %), \u00e2g\u00e9 de 15 ans ou plus et non scolaris\u00e9, poss\u00e8de au minimum un dipl\u00f4me de niveau bac \u00e0 La R\u00e9union. Un habitant sur cinq est dipl\u00f4m\u00e9 de l\u2019enseignement sup\u00e9rieur, ce qui est beaucoup moins qu\u2019au niveau national (31 %). \u00c0 l\u2019inverse, 43 % des habitants de La R\u00e9union sont peu ou pas dipl\u00f4m\u00e9s contre 27 % au niveau national.<\/p>\n<h2 style=\"text-align: center;\">March\u00e9 du travail<\/h2>\n<p>En 2020, l\u2019emploi cro\u00eet \u00e0 La R\u00e9union (+ 1,3 %) et atteint 302 900 emplois en fin d\u2019ann\u00e9e. La R\u00e9union est l\u2019une des rares r\u00e9gions \u00e0 cr\u00e9er de l\u2019emploi en 2020. Le secteur tertiaire regroupe 84 % des emplois, soit davantage qu\u2019au niveau national. Notamment le tertiaire non marchand est nettement plus repr\u00e9sent\u00e9 qu\u2019au niveau national (41 % contre 31 %). \u00c0 l\u2019inverse, La R\u00e9union est peu tourn\u00e9e vers l\u2019industrie avec 7 % des emplois, contre 12 % au niveau national.<\/p>\n<h2 style=\"text-align: center;\">Taux de ch\u00f4mage<\/h2>\n<p>En 2021, 59 000 personnes sont au ch\u00f4mage au sens du Bureau international du travail \u00e0 La R\u00e9union, soit 18 % de la population active. Le taux de ch\u00f4mage baisse en 2021 (- 3 points par rapport \u00e0 2019) en raison du dynamisme de l\u2019emploi. M\u00eame s\u2019il atteint ainsi un niveau historiquement bas, il reste cependant largement sup\u00e9rieur \u00e0 la moyenne fran\u00e7aise (7,9 %), et l&rsquo;un des plus \u00e9lev\u00e9 des r\u00e9gions fran\u00e7aises. Parmi les personnes en \u00e2ge de travailler, seules 46 % occupent un emploi contre 64 % au niveau national. A contrario, les inactifs (hors \u00e9tudiants et retrait\u00e9s) sont pr\u00e8s de deux fois plus nombreux (16 % des 15-64 ans contre 9 % au niveau national).<\/p>\n<h2 style=\"text-align: center;\">Activit\u00e9 \u00e9conomique<\/h2>\n<p>En 2020, 46 400 entreprises composent les secteurs principalement marchands non agricoles et non financiers \u00e0 La R\u00e9union. Elles cr\u00e9ent une valeur ajout\u00e9e de 7,5 milliards d\u2019euros (0,7 % de la valeur ajout\u00e9e des entreprises fran\u00e7aises hors Mayotte), pour un chiffre d\u2019affaires de 25,5 milliards d\u2019euros.<\/p>\n<p>Quatre secteurs contribuent fortement \u00e0 la cr\u00e9ation de cette valeur ajout\u00e9e : l\u2019enseignement, la sant\u00e9 humaine et l\u2019action sociale (hors secteur public), les diff\u00e9rents services aux entreprises, le commerce de d\u00e9tail et la construction.<\/p>\n<p>Les deux tiers des entreprises n\u2019emploient aucun salari\u00e9. Les autres, au nombre de 14 370, emploient 117 000 personnes au 31 d\u00e9cembre 2020. Elles sont tr\u00e8s majoritairement de petite taille : 11 870 entreprises emploient entre 1 et 9 salari\u00e9s, 2 460 entre 10 et 249 salari\u00e9s, et 34 plus de 250 salari\u00e9s.<\/p>\n\t<div class=\"rup_main_map__wrapper position-relative\">\n\t\t<div id=\"rup_main_map\" class=\"position-static\" style=\"background-image: url('https:\/\/www.cp-rup.com\/wp-content\/themes\/rup\/img\/MapaSVGCPRUP.svg');\">\n            <a href=\"https:\/\/www.cp-rup.com\/fr\/regions-ultraperipheriques\/acores\/\">\n\t\t\t\t<div class=\"map-marker--wrapper azores\" style=\"top: 35%; left: 39.7%;\">\n\t\t\t\t\t<div class=\"hover_title Azores\"> A\u00e7ores <\/div>\n\t\t\t\t\t<div class=\"map-marker  Azores\" title=\"A\u00e7ores\"><\/div>\n\t\t\t\t<\/div>\n\t\t\t<\/a>\n            <a href=\"https:\/\/www.cp-rup.com\/fr\/regions-ultraperipheriques\/madere\/\">\n\t\t\t\t<div class=\"map-marker--wrapper madeira\" style=\"top: 40%; left: 40.1%;\">\n\t\t\t\t\t<div class=\"hover_title Madeira\"> Madeira <\/div>\n\t\t\t\t\t<div class=\"map-marker  Madeira\" title=\"Madeira\"><\/div>\n\t\t\t\t<\/div>\n\t\t\t<\/a>\n            <a href=\"https:\/\/www.cp-rup.com\/fr\/regions-ultraperipheriques\/iles-canaries\/\">\n\t\t\t\t<div class=\"map-marker--wrapper canarias\" style=\"top: 44%; left: 40.5%;\">\n\t\t\t\t\t<div class=\"hover_title Canarias\"> Canarias <\/div>\n\t\t\t\t\t<div class=\"map-marker  Canarias\" title=\"Canarias\"><\/div>\n\t\t\t\t<\/div>\n\t\t\t<\/a>\n            <a href=\"https:\/\/www.cp-rup.com\/fr\/regions-ultraperipheriques\/saint-martin\/\">\n\t\t\t\t<div class=\"map-marker--wrapper saint-martin\" style=\"top: 46%; left: 30.7%;\">\n\t\t\t\t\t<div class=\"hover_title San_Martin\"> Saint-Martin <\/div>\n\t\t\t\t\t<div class=\"map-marker  San_Martin\" title=\"Saint-Martin\"><\/div>\n\t\t\t\t<\/div>\n\t\t\t<\/a>\n            <a href=\"https:\/\/www.cp-rup.com\/fr\/regions-ultraperipheriques\/guadeloupe\/\">\n\t\t\t\t<div class=\"map-marker--wrapper guadeloupe\" style=\"top: 48%; left: 31.7%;\">\n\t\t\t\t\t<div class=\"hover_title Guadalupe\"> Guadeloupe <\/div>\n\t\t\t\t\t<div class=\"map-marker  Guadalupe\" title=\"Guadeloupe\"><\/div>\n\t\t\t\t<\/div>\n\t\t\t<\/a>\n            <a href=\"https:\/\/www.cp-rup.com\/fr\/regions-ultraperipheriques\/martinique\/\">\n\t\t\t\t<div class=\"map-marker--wrapper martinica\" style=\"top: 51%; left: 31.7%;\">\n\t\t\t\t\t<div class=\"hover_title Martinica\" style=\"top: 5px !important;\"> Martinique <\/div>\n\t\t\t\t\t<div class=\"map-marker  Martinica\" title=\"Martinique\"><\/div>\n\t\t\t\t<\/div>\n\t\t\t<\/a>\n            <a href=\"https:\/\/www.cp-rup.com\/fr\/regions-ultraperipheriques\/guyane-francaise\/\">\n\t\t\t\t<div class=\"map-marker--wrapper guayana\" style=\"top: 55.2%; left: 32.2%;\">\n\t\t\t\t\t<div class=\"hover_title Guayana_Francesa\"> Guyane <\/div>\n\t\t\t\t\t<div class=\"map-marker  Guayana_Francesa\" title=\"Guyane\"><\/div>\n\t\t\t\t<\/div>\n\t\t\t<\/a>\n\t\t\t\t\n\t\t\t\n            <a href=\"https:\/\/www.cp-rup.com\/fr\/regions-ultraperipheriques\/mayotte\/\">\n\t\t\t\t<div class=\"map-marker--wrapper mayotte\" style=\"top: 67%; left: 52.7%;\">\n\t\t\t\t\t<div class=\"hover_title Mayotte\"> Mayotte <\/div>\n\t\t\t\t\t<div class=\"map-marker  Mayotte\" title=\"Mayotte\"><\/div>\n\t\t\t\t<\/div>\n\t\t\t<\/a>\n            <a href=\"https:\/\/www.cp-rup.com\/fr\/regions-ultraperipheriques\/reunion\/\">\n\t\t\t\t<div class=\"map-marker--wrapper reunion\" style=\"top: 72%; left: 55.2%;\">\n\t\t\t\t\t<div class=\"hover_title La_Reunion\"> R\u00e9union <\/div>\n\t\t\t\t\t<div class=\"map-marker map-marker--selected La_Reunion\" title=\"R\u00e9union\"><\/div>\n\t\t\t\t<\/div>\n\t\t\t<\/a>\n\t\t<\/div>\n\t<\/div>\n\n\t<style>\n\t.rup_main_map__wrapper:hover .hover_title {\n\t\topacity:1;\n\t}\n\t\n\t.hover_title {\n\t\tposition: absolute;\n\t\topacity:0;\n\t\ttransition: 0.15s opacity ease-in-out;\n\t\tbackground: rgba(255,255,255,0.75);\n\t\tborder-radius: 5px;\n\t\twidth: 60px;\n\t\tfont-size: 10px;\n\t}\n\n\t\t.hover_title:hover + .map-marker{\n\t\t\tanimation-name: animated-map-marker;\n\t\t\tanimation-duration: 0.5s;\n\t\t\tanimation-iteration-count: infinite;\n\t\t\tanimation-direction: alternate;\n\t\t}\n\t<\/style>\n\t<script>\n\tvar azores = jQuery('.map-marker[title=\"A\u00e7ores\"]');\n\tvar madeira = jQuery('.map-marker[title=\"Madeira\"]');\n\tvar canarias = jQuery('.map-marker[title=\"Canarias\"]');\n\tvar saint_martin = jQuery('.map-marker[title=\"Saint-Martin\"]');\n\tvar guadeloupe = jQuery('.map-marker[title=\"Guadeloupe\"]');\n\tvar martinique = jQuery('.map-marker[title=\"Martinique\"]');\n\tvar guyane = jQuery('.map-marker[title=\"Guyane\"]');\n\tvar mayotte = jQuery('.map-marker[title=\"Mayotte\"]');\n\tvar la_reunion  = jQuery('.map-marker[title=\"R\u00e9union\"]');\n\tvar rup = [ azores, madeira, canarias, mayotte, la_reunion, guyane, martinique, guadeloupe, saint_martin ];\n\tvar speed = 500;\n\tvar animation_from = {opacity: 0.25};\n\tvar animation_to = {opacity: 1};\n\tvar animation_easing = \"swing\";\n\t\n\tfunction animate(index){\n\t\trup[index].animate(animation_from, speed, animation_easing, function(){\n\t\t\trup[index].animate(animation_to, speed, animation_easing, function(){\n\t\t\t\tanimate((index+1) % rup.length);\n\t\t\t});\n\t\t});\n\t}\n\n\tanimate(0);\n\t\n\t<\/script>\n\t\n<p>&nbsp;<\/p>\n<h2 style=\"text-align: center;\">Profil g\u00e9ographique et climatique<\/h2>\n<p>\u00cele subtropicale volcanique soumise aux al\u00e9as climatiques et aux risques naturels, la R\u00e9union se caract\u00e9rise notamment par un relief montagneux, par des microclimats, par la richesse exceptionnelle et la diversit\u00e9 de ses milieux et ressources naturelles. Sa localisation g\u00e9ographique la positionne comme un relais europ\u00e9en id\u00e9al d\u2019observation de l\u2019atmosph\u00e8re et de surveillance de l\u2019environnement assist\u00e9 par satellite.<\/p>\n<p>Sa biodiversit\u00e9 unique, concentrant des milliers d\u2019esp\u00e8ces naturelles et end\u00e9miques, fait de La R\u00e9union l\u2019un des trente-quatre \u00ab hot spots \u00bb mondiaux de biodiversit\u00e9 terrestre et marine. Ses cirques, pitons et remparts sont inscrits au <strong>Patrimoine Mondial de l\u2019UNESCO depuis 2010.<\/strong> Le territoire est prot\u00e9g\u00e9 au niveau de son <strong>Parc Naturel des Hauts<\/strong> ainsi que de sa <strong>R\u00e9serve Marine<\/strong>, soit 42 % de superficie et 80 km de c\u00f4tes prot\u00e9g\u00e9es.<\/p>\n<p>Enfin, le relief accident\u00e9 implique une concentration de la population principalement sur le littoral impactant directement les conditions de vie des habitants. Ce d\u00e9s\u00e9quilibre entre les Hauts et les Bas se traduit par des disparit\u00e9s importantes en termes d\u2019attractivit\u00e9, d\u2019emploi et d\u2019accessibilit\u00e9 et d\u2019acc\u00e8s aux services au d\u00e9triment des zones rurales.<\/p>\n<h2 style=\"text-align: center;\">Le tissu productif<\/h2>\n\t\t<div class=\"col-12 mb-5\">\n\t\t\t<div class=\"row widget_picture_with_floating_text\">\n\t\t\t\t<div class=\"col-8  widget_picture_with_floating_text__picture\" style=\"background-image: url('https:\/\/cp-rup.com\/wp-content\/uploads\/2018\/07\/Reuni\u00f3n-slider-.jpg');\"><\/div>\n\t\t\t\t<div class=\"col-6 widget_picture_with_floating_text__text widget_picture_with_floating_text__text--right\">\n\t\t\t\t\t<h3>Agriculture\/agro-industries<\/h3>\n\t\t\t\t\t<p><\/p>\n<p class=\"ydp77b21702msonormal\">\u25aa Agroalimentaire\u00a0: 1<sup>er<\/sup> secteur industriel\u00a0; 1<sup>er<\/sup> poste \u00e0 l\u2019exportation en valeurs<\/p>\n<p class=\"ydp77b21702msonormal\">\u25aa 7000 exploitations agricoles<\/p>\n<p class=\"ydp77b21702msonormal\">\u25aa 22\u00a0000 emplois<\/p>\n<p class=\"ydp77b21702msonormal\">\u25aa Des productions de niche \u00e0 haute valeur ajout\u00e9e (ananas victoria, letchis, caf\u00e9 bourbon pointu, vanille lab\u00e9llis\u00e9e IGP)<\/p>\n<p class=\"ydp77b21702msonormal\">\u25aa Le sucre et le rhum repr\u00e9sentent 70% des exportations en valeurs\u00a0; leader mondial des sucres sp\u00e9ciaux\u00a0; num\u00e9ro 1 des march\u00e9s europ\u00e9ens<\/p>\n<p><\/p>\n\t\t\t\t<\/div>\n\t\t\t<\/div>\n\t\t<\/div>\n\n\n<p>&nbsp;<\/p>\n\t\t<div class=\"col-12 mb-5\">\n\t\t\t<div class=\"row widget_picture_with_floating_text\">\n\t\t\t\t<div class=\"col-8 offset-4 widget_picture_with_floating_text__picture\" style=\"background-image: url('https:\/\/cp-rup.com\/wp-content\/uploads\/2018\/07\/Run-Energies-renouvelables-1.jpg');\"><\/div>\n\t\t\t\t<div class=\"col-6 widget_picture_with_floating_text__text widget_picture_with_floating_text__text--left\">\n\t\t\t\t\t<h3>\u00c9nergies Renouvelables\/B\u00e2ti tropical<\/h3>\n\t\t\t\t\t<p><\/p>\n<p class=\"ydp77b21702msonormal\">\u25aa 1\/3 de la production \u00e9lectrique est de source renouvelable.<\/p>\n<p class=\"ydp77b21702msonormal\">\u25aa Abandon du charbon et du fioul lourd pour la production d\u2019\u00e9lectricit\u00e9 par la conversion totale des 2 centrales d\u2019Albioma \u00e0 la biomasse solide en plus de l\u2019utilisation actuelle de la bagasse de canne \u00e0 sucre et par celle de la centrale EDF PEI \u00e0 la biomasse liquide<\/p>\n<p class=\"ydp77b21702msonormal\">\u25aa En mati\u00e8re de photovolta\u00efque, l\u2019objectif est de + 250 \u00e0 310 MW \u00e0 l\u2019horizon 2028 qui s\u2019ajoutent aux 190 MW existants.<\/p>\n<p class=\"ydp77b21702msonormal\">\u25aa B\u00e2ti tropical : un savoir-faire et une expertise reconnue :\u00a0 CIRBAT\/centre de recherche<\/p>\n<p><\/p>\n\t\t\t\t<\/div>\n\t\t\t<\/div>\n\t\t<\/div>\n\n\n<p>&nbsp;<\/p>\n\t\t<div class=\"col-12 mb-5\">\n\t\t\t<div class=\"row widget_picture_with_floating_text\">\n\t\t\t\t<div class=\"col-8  widget_picture_with_floating_text__picture\" style=\"background-image: url('https:\/\/cp-rup.com\/wp-content\/uploads\/2018\/07\/Reuni\u00f3n-slider-5.jpg');\"><\/div>\n\t\t\t\t<div class=\"col-6 widget_picture_with_floating_text__text widget_picture_with_floating_text__text--right\">\n\t\t\t\t\t<h3>Le Tourisme<\/h3>\n\t\t\t\t\t<p><\/p>\n<p class=\"ydp77b21702msonormal\">La R\u00e9union affiche une certaine maturit\u00e9 touristique, assise sur des atouts puissants en mati\u00e8re d\u2019attractivit\u00e9 touristique, dont notamment:<\/p>\n<p class=\"ydp77b21702msonormal\">\u25aa Une diversit\u00e9 de paysages (plages, cirques, volcan&#8230;) qui offre une large palette d\u2019activit\u00e9s de loisirs<\/p>\n<p class=\"ydp77b21702msonormal\">\u25aa Un climat subtropical favorable toute l\u2019ann\u00e9e<\/p>\n<p class=\"ydp77b21702msonormal\">\u25aa Un patrimoine culturel attractif en lien avec un art de vivre cr\u00e9ole<\/p>\n<p class=\"ydp77b21702msonormal\">\u25aa Un niveau de s\u00e9curit\u00e9 et de stabilit\u00e9 identique a\u0300 tout d\u00e9partement fran\u00e7ais<\/p>\n<p class=\"ydp77b21702msonormal\">\u25aa Un accueil chaleureux de la population<\/p>\n<p><\/p>\n\t\t\t\t<\/div>\n\t\t\t<\/div>\n\t\t<\/div>\n\n\n<p>&nbsp;<\/p>\n<hr \/>\n<h2><\/h2>\n<h2>La R\u00e9union en photos<\/h2>\n<div id=\"metaslider-id-1917\" style=\"max-width: 1200px;\" class=\"ml-slider-3-20-3 metaslider metaslider-flex metaslider-1917 ml-slider\">\n    <div id=\"metaslider_container_1917\">\n        <div id=\"metaslider_1917\">\n            <ul aria-live=\"polite\" class=\"slides\">\n                <li style=\"display: block; width: 100%;\" class=\"slide-2361 ms-image\"><img loading=\"lazy\" decoding=\"async\" src=\"https:\/\/www.cp-rup.com\/wp-content\/uploads\/2018\/07\/reuni\u00f3n-slider-4-1200x400.jpg\" height=\"400\" width=\"1200\" alt=\"\" class=\"slider-1917 slide-2361\" \/><div class=\"caption-wrap\"><div class=\"caption\">Piton de la Fournaise<\/div><\/div><\/li>\n                <li style=\"display: none; width: 100%;\" class=\"slide-2362 ms-image\"><img loading=\"lazy\" decoding=\"async\" src=\"https:\/\/www.cp-rup.com\/wp-content\/uploads\/2018\/07\/Reuni\u00f3n-slider-6-1200x400.jpg\" height=\"400\" width=\"1200\" alt=\"\" class=\"slider-1917 slide-2362\" \/><div class=\"caption-wrap\"><div class=\"caption\">Run Rivi\u00e8re des Remparts<\/div><\/div><\/li>\n                <li style=\"display: none; width: 100%;\" class=\"slide-2364 ms-image\"><img loading=\"lazy\" decoding=\"async\" src=\"https:\/\/www.cp-rup.com\/wp-content\/uploads\/2018\/07\/Cap-Jaune-2-JK-1-1200x400.jpg\" height=\"400\" width=\"1200\" alt=\"\" class=\"slider-1917 slide-2364\" \/><div class=\"caption-wrap\"><div class=\"caption\">Cap Jaune <\/div><\/div><\/li>\n                <li style=\"display: none; width: 100%;\" class=\"slide-2365 ms-image\"><img loading=\"lazy\" decoding=\"async\" src=\"https:\/\/www.cp-rup.com\/wp-content\/uploads\/2018\/07\/cannes11_champs-CREDIT-IRT-emmanuel_virin-1-620x206.jpg\" height=\"400\" width=\"1200\" alt=\"\" class=\"slider-1917 slide-2365\" \/><div class=\"caption-wrap\"><div class=\"caption\">Champs de cannes<\/div><\/div><\/li>\n                <li style=\"display: none; width: 100%;\" class=\"slide-2366 ms-image\"><img loading=\"lazy\" decoding=\"async\" src=\"https:\/\/www.cp-rup.com\/wp-content\/uploads\/2018\/07\/Bassin-La-Mer-2-JK-1200x400.jpg\" height=\"400\" width=\"1200\" alt=\"\" class=\"slider-1917 slide-2366\" \/><div class=\"caption-wrap\"><div class=\"caption\">Bassin La Mer<\/div><\/div><\/li>\n            <\/ul>\n        <\/div>\n        \n    <\/div>\n<\/div>\n<p>&nbsp;<\/p>\n","protected":false},"excerpt":{"rendered":"<p>\u00a0R\u00e9union Descriptif territorial Situ\u00e9e en plein Sud-Ouest de l\u2019oc\u00e9an Indien, la R\u00e9union est une r\u00e9gion europ\u00e9enne de l\u2019h\u00e9misph\u00e8re Sud et la plus \u00e9loign\u00e9e de l\u2019Europe continentale. L\u2019\u00eele dispose d\u2019infrastructures de qualit\u00e9, ce qui la place au premier rang dans la zone oc\u00e9an Indien en mati\u00e8re d\u2019\u00e9quipements. Deux a\u00e9roports internationaux ainsi que le grand port maritime [&hellip;]<\/p>\n","protected":false},"author":37,"featured_media":2358,"parent":5775,"menu_order":0,"comment_status":"closed","ping_status":"closed","template":"page-region-detail.php","meta":{"_acf_changed":false,"footnotes":"","_links_to":"","_links_to_target":""},"class_list":["post-5850","page","type-page","status-publish","has-post-thumbnail","hentry"],"acf":[],"_links":{"self":[{"href":"https:\/\/www.cp-rup.com\/fr\/wp-json\/wp\/v2\/pages\/5850","targetHints":{"allow":["GET"]}}],"collection":[{"href":"https:\/\/www.cp-rup.com\/fr\/wp-json\/wp\/v2\/pages"}],"about":[{"href":"https:\/\/www.cp-rup.com\/fr\/wp-json\/wp\/v2\/types\/page"}],"author":[{"embeddable":true,"href":"https:\/\/www.cp-rup.com\/fr\/wp-json\/wp\/v2\/users\/37"}],"replies":[{"embeddable":true,"href":"https:\/\/www.cp-rup.com\/fr\/wp-json\/wp\/v2\/comments?post=5850"}],"version-history":[{"count":9,"href":"https:\/\/www.cp-rup.com\/fr\/wp-json\/wp\/v2\/pages\/5850\/revisions"}],"predecessor-version":[{"id":8416,"href":"https:\/\/www.cp-rup.com\/fr\/wp-json\/wp\/v2\/pages\/5850\/revisions\/8416"}],"up":[{"embeddable":true,"href":"https:\/\/www.cp-rup.com\/fr\/wp-json\/wp\/v2\/pages\/5775"}],"wp:featuredmedia":[{"embeddable":true,"href":"https:\/\/www.cp-rup.com\/fr\/wp-json\/wp\/v2\/media\/2358"}],"wp:attachment":[{"href":"https:\/\/www.cp-rup.com\/fr\/wp-json\/wp\/v2\/media?parent=5850"}],"curies":[{"name":"wp","href":"https:\/\/api.w.org\/{rel}","templated":true}]}}