{"id":5903,"date":"2021-03-19T19:14:41","date_gmt":"2021-03-19T19:14:41","guid":{"rendered":"https:\/\/cp-rup.com\/?page_id=5903"},"modified":"2023-01-11T14:40:49","modified_gmt":"2023-01-11T14:40:49","slug":"commission-europeenne","status":"publish","type":"page","link":"https:\/\/www.cp-rup.com\/fr\/les-rup-dans-lue\/commission-europeenne\/","title":{"rendered":"Commission europ\u00e9enne"},"content":{"rendered":"<h1 style=\"text-align: center;\"><span id=\"result_box\" class=\"short_text\" lang=\"fr\">La Commission europ\u00e9enne<\/span><\/h1>\n<p>La Commission europ\u00e9enne, gardienne des Trait\u00e9s, est l\u2019organe ex\u00e9cutive et d\u2019initiative l\u00e9gislative de l\u2019Union. Elle est responsable de promouvoir la l\u00e9gislation au Parlement europ\u00e9enne et au Conseil, de l\u2019application des d\u00e9cisions et la d\u00e9fense des Traites de l\u2019Union.<\/p>\n<h3 style=\"text-align: center;\">La Commission europ\u00e9enne et les RUP<\/h3>\n<p>La Commission a mis en place des actions pour les R\u00e9gions ultrap\u00e9riph\u00e9rique \u00e0 travers d\u2019une s\u00e9rie des Communications sur ces r\u00e9gions (<a href=\"https:\/\/cp-rup.com\/wp-content\/uploads\/2018\/09\/library_files\/01_COM_(2000)_147-_Rapport_de_la_Commission_13_mars_2000.pdf\" target=\"_blank\" rel=\"noopener noreferrer\">2000<\/a>, <a href=\"https:\/\/cp-rup.com\/wp-content\/uploads\/2018\/09\/library_files\/03_COM_(2004)_343_-_Partenariat_renforc\u00e9_pour_RUP.pdf\" target=\"_blank\" rel=\"noopener noreferrer\">2004<\/a>,\u00a0<a href=\"https:\/\/cp-rup.com\/wp-content\/uploads\/2018\/09\/library_files\/08_COM(2008)_642_-_Les_RUP_un_atout_pour_l\u00b4Europe.pdf\" target=\"_blank\" rel=\"noopener noreferrer\">2008<\/a>, <a href=\"https:\/\/cp-rup.com\/wp-content\/uploads\/2018\/09\/library_files\/09_COM(2012)_287_-_Vers_un_partenariat_pour_une_croissance_intelillente,_durable_et_inclusive.pdf\" target=\"_blank\" rel=\"noopener noreferrer\">2012,<\/a>\u00a0<a href=\"https:\/\/cp-rup.com\/wp-content\/uploads\/2018\/09\/library_files\/10_COM_(2017)_623_-_Un_partenariat_strat\u00e9gique_renouvel\u00e9_et_renforc\u00e9_avec_les_r\u00e9gions_ultrap\u00e9riph\u00e9riques_de_l'UE.pdf\" target=\"_blank\" rel=\"noopener noreferrer\">2017<\/a> et <a href=\"https:\/\/cp-rup.com\/wp-content\/uploads\/2022\/12\/COM-2022_198-final_FR-1.pdf\">2022<\/a>), qui l\u2019ont permis de formuler des propositions pour l\u2019adaptation normative en prenant en compte les singularit\u00e9s des RUP dans les diff\u00e9rentes politiques communes.<\/p>\n<p>La strat\u00e9gie de l&rsquo;UE pour les RUP a \u00e9t\u00e9 renouvel\u00e9e et renforc\u00e9e le 3 mai 2022, avec l&rsquo;adoption de la communication \u00ab\u00a0<em>Donner la priorit\u00e9 aux citoyens, assurer une croissance durable et inclusive et lib\u00e9rer le potentiel des r\u00e9gions ultrap\u00e9riph\u00e9riques de l&rsquo;Union<\/em>\u00ab\u00a0, qui refl\u00e8te l&rsquo;engagement de la Commission en faveur des RUP, conform\u00e9ment \u00e0 l&rsquo;article 349 du Trait\u00e9 sur le fonctionnement de l&rsquo;UE.<\/p>\n<p>En cette <a href=\"https:\/\/cp-rup.com\/wp-content\/uploads\/2022\/12\/COM-2022_198-final_FR-1.pdf\">Communication<\/a> sont pr\u00e9sent\u00e9s les priorit\u00e9s de l\u2019action de l\u2019UE avec et pour les RUP afin de promouvoir leur d\u00e9veloppement, ainsi que des recommandations d\u2019action pour les RUP et leur \u00c9tats membres\u00a0: la France, le Portugal et l\u2019Espagne.<\/p>\n<p>La Commission s\u2019exprime \u00e9galement sur les mesures n\u00e9cessaires pour promouvoir une r\u00e9cup\u00e9ration et une croissance durable dans ces r\u00e9gions, apr\u00e8s l\u2019impact majeur de la pand\u00e9mie du coronavirus dans les RUP.<\/p>\n<p>La strat\u00e9gie, renouvel\u00e9e et renforc\u00e9e, fait preuve de l\u2019engagement ind\u00e9fectible de la Commission envers les RUP, en consid\u00e9rant\u00a0:<\/p>\n<ul>\n<li>Une obligation institutionnelle, pr\u00e9vue \u00e0 l\u2019article 349 TFUE,<\/li>\n<li>Un imp\u00e9rative politique, en consid\u00e9rant les 5 million des citoyens vivant dans les RUP,<\/li>\n<li>Une n\u00e9cessit\u00e9 \u00e9conomique en raison du potentiel inexploit\u00e9 des RUP, notamment dans le secteur de l\u2019\u00e9conomie verte,<\/li>\n<li>Un investissement g\u00e9ostrat\u00e9gique, renfor\u00e7ant leur r\u00f4le en tant que passerelles de l\u2019Union europ\u00e9enne vers le reste du monde.<\/li>\n<\/ul>\n\t\t<div class=\"col-12 mb-5\">\n\t\t\t<div class=\"row widget_picture_with_floating_text\">\n\t\t\t\t<div class=\"col-8  widget_picture_with_floating_text__picture\" style=\"background-image: url('https:\/\/cp-rup.com\/wp-content\/uploads\/2023\/01\/Berlaymont.jpg');\"><\/div>\n\t\t\t\t<div class=\"col-6 widget_picture_with_floating_text__text widget_picture_with_floating_text__text--right\">\n\t\t\t\t\t<h3>Piliers de la nouvelle strat\u00e9gie<\/h3>\n\t\t\t\t\t<p>\n<ul>\n<li>Tirer parti des atouts uniques de chaque r\u00e9gion<\/li>\n<li>Soutenir une transformation \u00e9conomique durable.<\/li>\n<li>Renforcer la coop\u00e9ration r\u00e9gionale avec les pays et territoires voisins.<\/li>\n<li>Renforcer le partenariat, le dialogue et le soutien \u00e0 ces r\u00e9gions.<\/p>\n\t\t\t\t<\/div>\n\t\t\t<\/div>\n\t\t<\/div>\n\n<\/li>\n<\/ul>\n<p>La Communication est accompagn\u00e9e du document de travail des services de la Commission \u00ab\u00a0<a href=\"https:\/\/cp-rup.com\/wp-content\/uploads\/2022\/12\/SWD-2022-133-final_FR.pdf\">Les r\u00e9gions ultrap\u00e9riph\u00e9riques en bref \u2013 atouts, probl\u00e8mes et perspectives<\/a>\u00a0\u00bb (SWD\/2022\/133 finale), qui offre une vision g\u00e9n\u00e9rale de chaque RUP.<\/p>\n<p>Elle est \u00e9galement accompagn\u00e9e d\u2019un rapport de synth\u00e8se intitul\u00e9 \u00ab\u00a0<a href=\"https:\/\/cp-rup.com\/wp-content\/uploads\/2022\/12\/SWD-2022-134-final_EN-1.pdf\">R\u00e9sultats des activit\u00e9s de consultation de la Communications sur les RUP<\/a>\u00a0\u00bb (SWD (2022) 134 finale), offrant un r\u00e9sum\u00e9 du proc\u00e8s de consultation publique faite pour pr\u00e9parer la Communication.<\/p>\n<h3 style=\"text-align: center;\">Unit\u00e9 RUP \u00e0 la DG REGIO<\/h3>\n<p>En outre, la Commission dispose d\u2019une unit\u00e9 RUP int\u00e9gr\u00e9e au sein de la direction g\u00e9n\u00e9rale de la politique r\u00e9gionale (DG REGIO) et d\u00e9pend donc de l\u2019actuelle commissaire \u00e0 cette politique, Elisa Ferreira. La mission de cette unit\u00e9 est de coordonner les actions en faveur des r\u00e9gions ultrap\u00e9riph\u00e9riques, en veillant \u00e0 ce que les int\u00e9r\u00eats et les particularit\u00e9s de ces r\u00e9gions soient refl\u00e9t\u00e9s dans les diff\u00e9rentes dispositions sectorielles du droit europ\u00e9en. Elle est \u00e9galement charg\u00e9e de canaliser les contacts avec les administrations nationales et r\u00e9gionales concern\u00e9es.<\/p>\n<h2 style=\"text-align: center;\"><img loading=\"lazy\" decoding=\"async\" class=\"alignnone wp-image-1035 size-full\" src=\"https:\/\/cp-rup.com\/wp-content\/uploads\/2018\/02\/ComisionEuropea2.jpg\" alt=\"\" width=\"1110\" height=\"400\" srcset=\"https:\/\/www.cp-rup.com\/wp-content\/uploads\/2018\/02\/ComisionEuropea2.jpg 1110w, https:\/\/www.cp-rup.com\/wp-content\/uploads\/2018\/02\/ComisionEuropea2-300x108.jpg 300w, https:\/\/www.cp-rup.com\/wp-content\/uploads\/2018\/02\/ComisionEuropea2-768x277.jpg 768w, https:\/\/www.cp-rup.com\/wp-content\/uploads\/2018\/02\/ComisionEuropea2-1024x369.jpg 1024w\" sizes=\"auto, (max-width: 1110px) 100vw, 1110px\" \/><\/h2>\n<p>&nbsp;<\/p>\n","protected":false},"excerpt":{"rendered":"<p>La Commission europ\u00e9enne La Commission europ\u00e9enne, gardienne des Trait\u00e9s, est l\u2019organe ex\u00e9cutive et d\u2019initiative l\u00e9gislative de l\u2019Union. Elle est responsable de promouvoir la l\u00e9gislation au Parlement europ\u00e9enne et au Conseil, de l\u2019application des d\u00e9cisions et la d\u00e9fense des Traites de l\u2019Union. La Commission europ\u00e9enne et les RUP La Commission a mis en place des actions [&hellip;]<\/p>\n","protected":false},"author":37,"featured_media":0,"parent":5875,"menu_order":3,"comment_status":"closed","ping_status":"closed","template":"page-static-rich.php","meta":{"_acf_changed":false,"footnotes":"","_links_to":"","_links_to_target":""},"class_list":["post-5903","page","type-page","status-publish","hentry"],"acf":[],"_links":{"self":[{"href":"https:\/\/www.cp-rup.com\/fr\/wp-json\/wp\/v2\/pages\/5903","targetHints":{"allow":["GET"]}}],"collection":[{"href":"https:\/\/www.cp-rup.com\/fr\/wp-json\/wp\/v2\/pages"}],"about":[{"href":"https:\/\/www.cp-rup.com\/fr\/wp-json\/wp\/v2\/types\/page"}],"author":[{"embeddable":true,"href":"https:\/\/www.cp-rup.com\/fr\/wp-json\/wp\/v2\/users\/37"}],"replies":[{"embeddable":true,"href":"https:\/\/www.cp-rup.com\/fr\/wp-json\/wp\/v2\/comments?post=5903"}],"version-history":[{"count":8,"href":"https:\/\/www.cp-rup.com\/fr\/wp-json\/wp\/v2\/pages\/5903\/revisions"}],"predecessor-version":[{"id":7934,"href":"https:\/\/www.cp-rup.com\/fr\/wp-json\/wp\/v2\/pages\/5903\/revisions\/7934"}],"up":[{"embeddable":true,"href":"https:\/\/www.cp-rup.com\/fr\/wp-json\/wp\/v2\/pages\/5875"}],"wp:attachment":[{"href":"https:\/\/www.cp-rup.com\/fr\/wp-json\/wp\/v2\/media?parent=5903"}],"curies":[{"name":"wp","href":"https:\/\/api.w.org\/{rel}","templated":true}]}}