{"id":5910,"date":"2021-03-19T19:17:38","date_gmt":"2021-03-19T19:17:38","guid":{"rendered":"https:\/\/cp-rup.com\/?page_id=5910"},"modified":"2022-04-29T11:28:36","modified_gmt":"2022-04-29T11:28:36","slug":"parlement-europeen","status":"publish","type":"page","link":"https:\/\/www.cp-rup.com\/fr\/les-rup-dans-lue\/parlement-europeen\/","title":{"rendered":"Parlement europ\u00e9en"},"content":{"rendered":"<h1 style=\"text-align: center;\">Le Parlement europ\u00e9en<\/h1>\n<h2>\u00a0<img loading=\"lazy\" decoding=\"async\" class=\"aligncenter wp-image-1216 size-full\" src=\"https:\/\/cp-rup.com\/wp-content\/uploads\/2018\/03\/ParlamentoEuropeo-w.jpg\" alt=\"\" width=\"800\" height=\"576\" \/><\/h2>\n<p>Le Parlement europ\u00e9en est l&rsquo;institution qui, avec le Conseil, a le pouvoir d&rsquo;adopter et de modifier les propositions l\u00e9gislatives de la Commission europ\u00e9enne et de d\u00e9cider du budget de l&rsquo;UE.<\/p>\n<p>Les membres du Parlement europ\u00e9en sont \u00e9lus au suffrage direct pour repr\u00e9senter les int\u00e9r\u00eats des citoyens de l&rsquo;UE et assurer le fonctionnement d\u00e9mocratique des autres institutions de l&rsquo;Union. Il coop\u00e8re \u00e9galement avec les Parlements nationaux, en particulier dans l&rsquo;application du principe de subsidiarit\u00e9.<\/p>\n<h2 style=\"text-align: center;\">La conf\u00e9rence des d\u00e9put\u00e9s des RUP<\/h2>\n<p>Les d\u00e9put\u00e9s originaires des RUP travaillent ensemble au sein de la Conf\u00e9rence des d\u00e9put\u00e9s des RUP afin de faire avancer les dossiers, notamment au sein de la commission parlementaire du \u201cd\u00e9veloppement r\u00e9gional\u201d qui traite les questions relatives aux RUP.<\/p>\n<p>Depuis 1997, le Parlement europ\u00e9en a publi\u00e9 diff\u00e9rentes r\u00e9solutions sur les r\u00e9gions ultrap\u00e9riph\u00e9riques, parmi lesquelles nous pouvons souligner\u00a0:<\/p>\n<ul>\n<li><a href=\"https:\/\/cp-rup.com\/wp-content\/uploads\/2018\/09\/library_files\/1997_-_Rapport_Fernando_Fern\u00e1ndez_11abril1997.pdf\" target=\"_blank\" rel=\"noopener noreferrer\">Rapport sur les probl\u00e8mes de d\u00e9veloppement des r\u00e9gions ultrap\u00e9riph\u00e9riques (1997)\u00a0<\/a><\/li>\n<li><a href=\"https:\/\/cp-rup.com\/wp-content\/uploads\/2018\/09\/library_files\/2000_-_Rapport_Sudre_12oct2000.pdf\">Rapport sur le rapport de la Commission sur les mesures destin\u00e9es \u00e0 mettre en oeuvre l&rsquo;article 299 paragraphe 2: les R\u00e9gions ultrap\u00e9riph\u00e9riques de l&rsquo;Union europ\u00e9enne\u00a0 (2000)<\/a><\/li>\n<li><a href=\"https:\/\/cp-rup.com\/wp-content\/uploads\/2018\/09\/library_files\/2005_-_Rapport_S\u00e9rgio_Marques_19juillet2005.pdf\" target=\"_blank\" rel=\"noopener noreferrer\">Rapport sur un partenariat renforc\u00e9 pour les r\u00e9gions ultrap\u00e9riph\u00e9riques (2005)<\/a><\/li>\n<li><a href=\"https:\/\/cp-rup.com\/wp-content\/uploads\/2018\/09\/library_files\/2008_-_Rapport_Sudre_17avr2008.pdf\" target=\"_blank\" rel=\"noopener noreferrer\">Rapport sur la strat\u00e9gie pour les r\u00e9gions ultrap\u00e9riph\u00e9riques: bilan et perspectives (2008)<\/a><\/li>\n<li><a href=\"https:\/\/cp-rup.com\/wp-content\/uploads\/2018\/09\/library_files\/2012_-_Rapport_Teixeira_RUP.pdf\" target=\"_blank\" rel=\"noopener noreferrer\">Rapport sur le r\u00f4le de la politique de coh\u00e9sion dans les r\u00e9gions ultrap\u00e9riph\u00e9riques de l&rsquo;Union\u00a0europ\u00e9enne dans le contexte de la strat\u00e9gie \u00ab\u00a0Europe 2020\u00a0\u00bb (2012<\/a>)<\/li>\n<li><a href=\"https:\/\/cp-rup.com\/wp-content\/uploads\/2018\/09\/library_files\/2017_-_Rapport_Omarjee_application_349_TFUE.pdf\" target=\"_blank\" rel=\"noopener noreferrer\">Rapport sur promouvoir la coh\u00e9sion et le d\u00e9veloppement dans les r\u00e9gions ultrap\u00e9riph\u00e9riques de l&rsquo;Union: application de l&rsquo;article 349 du trait\u00e9 FUE (2017<\/a>)<\/li>\n<li><a href=\"https:\/\/cp-rup.com\/wp-content\/uploads\/2022\/04\/2021-07-21-Rapport-Bijoux.pdf\">Rapport sur le renforcement du partenariat avec les r\u00e9gions ultrap\u00e9riph\u00e9riques de l&rsquo;Union (2020)<\/a><\/li>\n<\/ul>\n<p>&nbsp;<\/p>\n<p><a href=\"https:\/\/cp-rup.com\/wp-content\/uploads\/2018\/03\/ep-strass-slid.jpg\"><img loading=\"lazy\" decoding=\"async\" class=\"aligncenter size-full wp-image-1218\" src=\"https:\/\/cp-rup.com\/wp-content\/uploads\/2018\/03\/ep-strass-slid.jpg\" alt=\"\" width=\"1000\" height=\"300\" srcset=\"https:\/\/www.cp-rup.com\/wp-content\/uploads\/2018\/03\/ep-strass-slid.jpg 1000w, https:\/\/www.cp-rup.com\/wp-content\/uploads\/2018\/03\/ep-strass-slid-300x90.jpg 300w, https:\/\/www.cp-rup.com\/wp-content\/uploads\/2018\/03\/ep-strass-slid-768x230.jpg 768w\" sizes=\"auto, (max-width: 1000px) 100vw, 1000px\" \/><\/a><\/p>\n<p>&nbsp;<\/p>\n","protected":false},"excerpt":{"rendered":"<p>Le Parlement europ\u00e9en \u00a0 Le Parlement europ\u00e9en est l&rsquo;institution qui, avec le Conseil, a le pouvoir d&rsquo;adopter et de modifier les propositions l\u00e9gislatives de la Commission europ\u00e9enne et de d\u00e9cider du budget de l&rsquo;UE. Les membres du Parlement europ\u00e9en sont \u00e9lus au suffrage direct pour repr\u00e9senter les int\u00e9r\u00eats des citoyens de l&rsquo;UE et assurer le [&hellip;]<\/p>\n","protected":false},"author":37,"featured_media":0,"parent":5875,"menu_order":4,"comment_status":"closed","ping_status":"closed","template":"","meta":{"_acf_changed":false,"footnotes":"","_links_to":"","_links_to_target":""},"class_list":["post-5910","page","type-page","status-publish","hentry"],"acf":[],"_links":{"self":[{"href":"https:\/\/www.cp-rup.com\/fr\/wp-json\/wp\/v2\/pages\/5910","targetHints":{"allow":["GET"]}}],"collection":[{"href":"https:\/\/www.cp-rup.com\/fr\/wp-json\/wp\/v2\/pages"}],"about":[{"href":"https:\/\/www.cp-rup.com\/fr\/wp-json\/wp\/v2\/types\/page"}],"author":[{"embeddable":true,"href":"https:\/\/www.cp-rup.com\/fr\/wp-json\/wp\/v2\/users\/37"}],"replies":[{"embeddable":true,"href":"https:\/\/www.cp-rup.com\/fr\/wp-json\/wp\/v2\/comments?post=5910"}],"version-history":[{"count":4,"href":"https:\/\/www.cp-rup.com\/fr\/wp-json\/wp\/v2\/pages\/5910\/revisions"}],"predecessor-version":[{"id":7429,"href":"https:\/\/www.cp-rup.com\/fr\/wp-json\/wp\/v2\/pages\/5910\/revisions\/7429"}],"up":[{"embeddable":true,"href":"https:\/\/www.cp-rup.com\/fr\/wp-json\/wp\/v2\/pages\/5875"}],"wp:attachment":[{"href":"https:\/\/www.cp-rup.com\/fr\/wp-json\/wp\/v2\/media?parent=5910"}],"curies":[{"name":"wp","href":"https:\/\/api.w.org\/{rel}","templated":true}]}}