{"id":5917,"date":"2021-03-19T19:20:07","date_gmt":"2021-03-19T19:20:07","guid":{"rendered":"https:\/\/cp-rup.com\/?page_id=5917"},"modified":"2021-03-19T19:20:07","modified_gmt":"2021-03-19T19:20:07","slug":"cour-de-justice-de-lue","status":"publish","type":"page","link":"https:\/\/www.cp-rup.com\/fr\/les-rup-dans-lue\/cour-de-justice-de-lue\/","title":{"rendered":"Cour de justice de l&rsquo;UE"},"content":{"rendered":"<h1 style=\"text-align: center;\">Cour de Justice de l&rsquo;Union Europ\u00e9enne<\/h1>\n<p>A\u0300 la suite du r\u00e9f\u00e9rendum local de 2009, Mayotte est devenue d\u00e9partement et r\u00e9gion d\u2019outre-mer (DROM) en 2011. Pour obtenir un changement de statut de Mayotte a\u0300 l\u2019\u00e9gard de l\u2019Union europ\u00e9enne, une d\u00e9cision 2012\/419\/UE du Conseil europ\u00e9en, du 11 juillet 2012 est intervenue. Ainsi, et depuis le 1er janvier 2014, Mayotte a cess\u00e9 de figurer au nombre des pays et territoires d\u2019outre-mer, au sens de l\u2019article 355, paragraphe 2, TFUE, pour devenir une r\u00e9gion ultrap\u00e9riph\u00e9rique, au sens de l\u2019article 349 TFUE. Le Conseil a proc\u00e9d\u00e9 a\u0300 la modification de plusieurs instruments de droit d\u00e9riv\u00e9 afin d\u2019appliquer \u00e0 Mayotte l\u2019acquis du droit de l\u2019Union, en pr\u00e9voyant des reports des \u00e9ch\u00e9ances fix\u00e9es dans ces instruments pour se conformer aux obligations.<\/p>\n<p>Ce sont ces modifications qui sont contest\u00e9es par le Parlement et la Commission en raison de l\u2019utilisation par le Conseil de l\u2019article 349 TFUE comme base juridique, un choix que les deux institutions estiment erron\u00e9.<\/p>\n<p>Par sa d\u00e9cision du 15 d\u00e9cembre 2015, la Cour donne son plein effet \u00e0 l\u2019article 349 TFUE en consacrant cette disposition comme fondement d\u2019adaptation de l\u2019ensemble du droit de l\u2019Union, c&rsquo;est-\u00e0-dire le droit primaire et le droit d\u00e9riv\u00e9 ; l\u2019article 349 TFUE est par ailleurs susceptible de justifier tout type de mesures d\u2019adaptation, c&rsquo;est-\u00e0-dire des mesures permanentes ou temporaires.<\/p>\n<p>Selon la Cour, l\u2019article 349 qui renvoie \u00e0 la possibilit\u00e9 d\u2019adopter des mesures sp\u00e9cifiques visant en particulier a\u0300 fixer les conditions de l\u2019application des trait\u00e9s a\u0300 ces r\u00e9gions, doit \u00eatre compris comme \u00ab couvrant a\u0300 la fois les conditions relatives \u00e0 l\u2019application du droit primaire de l\u2019Union et celles relatives \u00e0 l\u2019application des actes de droit d\u00e9riv\u00e9 adopt\u00e9s sur le fondement de ce droit primaire \u00bb. La Cour rappelle que cette interpr\u00e9tation est corrobor\u00e9e par celle qu\u2019elle a donn\u00e9 de l\u2019article 227, paragraphe 2, du traite\u0301 CE (devenu article 299, paragraphe 2, CE, lui-m\u00eame devenu article 349 TFUE), dont il ressort que l\u2019autorisation conf\u00e9r\u00e9e au Conseil par cette disposition pour pr\u00e9voir des mesures sp\u00e9cifiques visant \u00e0 r\u00e9pondre aux besoins des territoires d\u2019outre-mer concerne tant les dispositions du traite\u0301 que celles du droit d\u00e9riv\u00e9.<\/p>\n<p>La Cour va ensuite estimer que le pouvoir d\u00e9cisionnel du Conseil n\u2019est pas restreint a\u0300 une cat\u00e9gorie particuli\u00e8re de mesures et permet en r\u00e9alit\u00e9 d\u2019adopter tout type de mesure d\u2019adaptation. Selon la Cour, le terme \u00ab mesure \u00bb couvre tout type d\u2019action susceptible d\u2019\u00eatre men\u00e9e par le Conseil. Il importe de souligner que l\u2019emploi, \u00e0 l\u2019article 349 TFUE, du terme \u00ab en particulier \u00bb implique que les auteurs du trait\u00e9 n\u2019ont pas entendu fixer la liste exhaustive des types de mesures qui peuvent \u00eatre arr\u00eat\u00e9es sur le fondement de cet article.<\/p>\n<p><a href=\"https:\/\/cp-rup.com\/wp-content\/uploads\/2018\/10\/Sentencia-FR.pdf\" rel=\"noopener noreferrer\" target=\"_blank\">Voir l&rsquo;Arr\u00eat de la Cour de Justice de l&rsquo;Union Europ\u00e9enne du 15 d\u00e9cembre 2015<\/a><\/p>\n","protected":false},"excerpt":{"rendered":"<p>Cour de Justice de l&rsquo;Union Europ\u00e9enne A\u0300 la suite du r\u00e9f\u00e9rendum local de 2009, Mayotte est devenue d\u00e9partement et r\u00e9gion d\u2019outre-mer (DROM) en 2011. Pour obtenir un changement de statut de Mayotte a\u0300 l\u2019\u00e9gard de l\u2019Union europ\u00e9enne, une d\u00e9cision 2012\/419\/UE du Conseil europ\u00e9en, du 11 juillet 2012 est intervenue. Ainsi, et depuis le 1er janvier [&hellip;]<\/p>\n","protected":false},"author":37,"featured_media":0,"parent":5875,"menu_order":9,"comment_status":"closed","ping_status":"closed","template":"page-static-rich.php","meta":{"_acf_changed":false,"footnotes":"","_links_to":"","_links_to_target":""},"class_list":["post-5917","page","type-page","status-publish","hentry"],"acf":[],"_links":{"self":[{"href":"https:\/\/www.cp-rup.com\/fr\/wp-json\/wp\/v2\/pages\/5917","targetHints":{"allow":["GET"]}}],"collection":[{"href":"https:\/\/www.cp-rup.com\/fr\/wp-json\/wp\/v2\/pages"}],"about":[{"href":"https:\/\/www.cp-rup.com\/fr\/wp-json\/wp\/v2\/types\/page"}],"author":[{"embeddable":true,"href":"https:\/\/www.cp-rup.com\/fr\/wp-json\/wp\/v2\/users\/37"}],"replies":[{"embeddable":true,"href":"https:\/\/www.cp-rup.com\/fr\/wp-json\/wp\/v2\/comments?post=5917"}],"version-history":[{"count":1,"href":"https:\/\/www.cp-rup.com\/fr\/wp-json\/wp\/v2\/pages\/5917\/revisions"}],"predecessor-version":[{"id":5918,"href":"https:\/\/www.cp-rup.com\/fr\/wp-json\/wp\/v2\/pages\/5917\/revisions\/5918"}],"up":[{"embeddable":true,"href":"https:\/\/www.cp-rup.com\/fr\/wp-json\/wp\/v2\/pages\/5875"}],"wp:attachment":[{"href":"https:\/\/www.cp-rup.com\/fr\/wp-json\/wp\/v2\/media?parent=5917"}],"curies":[{"name":"wp","href":"https:\/\/api.w.org\/{rel}","templated":true}]}}