{"id":5924,"date":"2021-03-19T19:26:48","date_gmt":"2021-03-19T19:26:48","guid":{"rendered":"https:\/\/cp-rup.com\/?page_id=5924"},"modified":"2022-04-12T12:05:59","modified_gmt":"2022-04-12T12:05:59","slug":"comite-des-regions","status":"publish","type":"page","link":"https:\/\/www.cp-rup.com\/fr\/les-rup-dans-lue\/comite-des-regions\/","title":{"rendered":"Comite\u0301 des R\u00e9gions"},"content":{"rendered":"<h1 style=\"text-align: center;\"><span id=\"result_box\" class=\"short_text\" lang=\"fr\">Le Comit\u00e9 europ\u00e9en des R\u00e9gions<\/span><\/h1>\n<p>Le Comit\u00e9 europ\u00e9en des r\u00e9gions (CdR) est l&rsquo;un des deux organes consultatifs du Parlement europ\u00e9en, du Conseil et de la Commission europ\u00e9enne. Il est compos\u00e9 de repr\u00e9sentants \u00e9lus au niveau local et r\u00e9gional, issus de tous les \u00c9tats membres.<\/p>\n<p>Le CdR permet aux r\u00e9gions et aux villes de participer formellement \u00e0 l\u2019\u00e9laboration de la l\u00e9gislation europ\u00e9enne. Les institutions susmentionn\u00e9es doivent d\u00e8s lors consulter le CdR lors de l&rsquo;\u00e9laboration de la l\u00e9gislation relative \u00e0 l&rsquo;administration locale et r\u00e9gionale, comme la sant\u00e9, l&rsquo;\u00e9ducation, l&#8217;emploi, la politique sociale, la coh\u00e9sion \u00e9conomique et sociale, les transports, l&rsquo;\u00e9nergie et le changement climatique.<\/p>\n<p>Lorsque le CdR re\u00e7oit une proposition l\u00e9gislative, il r\u00e9dige et adopte un avis et l&rsquo;envoie aux institutions comp\u00e9tentes de l&rsquo;UE. Il peut \u00e9galement \u00e9mettre des avis de sa propre initiative.<\/p>\n<h2 style=\"text-align: center;\">Le CdR et les RUP<\/h2>\n<p>Les r\u00e9gions ultrap\u00e9riph\u00e9riques ont 5 membres permanents dans le CdR, \u00e0 savoir le pr\u00e9sident de la communaut\u00e9 autonome des \u00eeles Canaries et les pr\u00e9sidents des r\u00e9gions autonomes des A\u00e7ores et de Mad\u00e8re ainsi que le Pr\u00e9sident du Conseil r\u00e9gional de La R\u00e9union et la Guadeloupe.<\/p>\n<p>La participation active des RUP au sein du CdR fait de cette instance un porte-parole attentif de la r\u00e9alit\u00e9 de ces r\u00e9gions les plus \u00e9loign\u00e9es du continent europ\u00e9en, \u00e0 travers notamment l&rsquo;introduction r\u00e9guli\u00e8re d&rsquo;amendements dans ses projets d&rsquo;avis.<\/p>\n<p>Depuis 1994, des avis relatifs aux r\u00e9gions ultrap\u00e9riph\u00e9riques ont ainsi \u00e9t\u00e9 adopt\u00e9s :<\/p>\n<ul>\n<li><a href=\"https:\/\/cp-rup.com\/wp-content\/uploads\/2018\/09\/library_files\/01_Avis_CDR_sur_COM_(2000)_147_-_CDR_156_-_2000_DOCE.pdf\" target=\"_blank\" rel=\"noopener noreferrer\">Avis sur les probl\u00e8mes des r\u00e9gions ultrap\u00e9riph\u00e9riques et l&rsquo;application de l&rsquo;article 299. Rapporteur: M. Karam Pr\u00e9sident du Guyana, DOCE C \/ 144, du 05\/16\/2001<\/a><\/li>\n<li><a href=\"https:\/\/cp-rup.com\/wp-content\/uploads\/2018\/09\/library_files\/03_Avis_CESE_sur_COM(2004)_343_-_ECO-134.pdf\" target=\"_blank\" rel=\"noopener noreferrer\">Avis sur la communication de la Commission &#8211; Renforcer le partenariat avec les r\u00e9gions ultrap\u00e9riph\u00e9riques. Rapporteur Ad\u00e1n Mart\u00edn DOUE C \/ 71 du 22\/03\/2005<\/a>.<\/li>\n<li><a href=\"https:\/\/cp-rup.com\/wp-content\/uploads\/2018\/09\/library_files\/04_Avis_CDR_sur_COM_(2007)_507_-_CDR_309-2007_DOUE.pdf\" target=\"_blank\" rel=\"noopener noreferrer\">Avis \u00ab\u00a0Strat\u00e9gie pour les r\u00e9gions ultrap\u00e9riph\u00e9riques: r\u00e9alisations et perspectives\u00a0\u00bb, Pr\u00e9sident Paulino Rivero. DOUE C \/ 172 du 5\/07\/2008<\/a>.<\/li>\n<li><a href=\"https:\/\/cp-rup.com\/wp-content\/uploads\/2018\/09\/library_files\/06_Avis_CDR_COTER_-V-_030.pdf\" target=\"_blank\" rel=\"noopener noreferrer\">Avis \u00ab\u00a0Les R\u00e9gions ultrap\u00e9riph\u00e9riques de l\u2019UE \u00e0 la lumi\u00e8re de la strat\u00e9gie Europe 2020\u00a0\u00bb. Orateur: Malcolm Mifsud (MT \/ PPE). Approuv\u00e9 en f\u00e9vrier 2013<\/a>.<\/li>\n<li><a href=\"https:\/\/cp-rup.com\/wp-content\/uploads\/2022\/04\/COR-2017-03553-00-00-AC-TRA-FR.pdf\">Avis \u00ab\u00a0Vers une application compl\u00e8te de la strat\u00e9gie europ\u00e9enne renouvel\u00e9e pour les r\u00e9gions ultrap\u00e9riph\u00e9riques\u00a0\u00bb. Orateur: Fernando Clavijo Batlle. Approuv\u00e9 en f\u00e9vrier 2018<\/a>.<\/li>\n<li><a href=\"https:\/\/cp-rup.com\/wp-content\/uploads\/2022\/04\/COR-2020-03319-00-02-AC-TRA-FR.pdf\">Avis sur le rapport de la Commission europ\u00e9enne relatif \u00e0 la mise en \u0153uvre d&rsquo;un partenariat strat\u00e9gique renouvel\u00e9 avec les r\u00e9gions ultrap\u00e9riph\u00e9riques de l&rsquo;Union europ\u00e9enne<\/a><\/li>\n<\/ul>\n<div id=\"metaslider-id-1301\" style=\"width: 100%; margin: 0 auto;\" class=\"ml-slider-3-20-3 metaslider metaslider-flex metaslider-1301 ml-slider\">\n    <div id=\"metaslider_container_1301\">\n        <div id=\"metaslider_1301\">\n            <ul aria-live=\"polite\" class=\"slides\">\n                <li style=\"display: none; width: 100%;\" class=\"slide-1308 ms-image\"><img loading=\"lazy\" decoding=\"async\" src=\"https:\/\/www.cp-rup.com\/wp-content\/uploads\/2018\/03\/CDR-02.jpg\" height=\"400\" width=\"1200\" alt=\"\" class=\"slider-1301 slide-1308\" \/><\/li>\n                <li style=\"display: none; width: 100%;\" class=\"slide-1310 ms-image\"><img loading=\"lazy\" decoding=\"async\" src=\"https:\/\/www.cp-rup.com\/wp-content\/uploads\/2018\/03\/CDR-01.jpg\" height=\"400\" width=\"1200\" alt=\"\" class=\"slider-1301 slide-1310\" \/><\/li>\n                <li style=\"display: none; width: 100%;\" class=\"slide-3810 ms-image\"><img loading=\"lazy\" decoding=\"async\" src=\"https:\/\/www.cp-rup.com\/wp-content\/uploads\/2018\/10\/Comite-de-regiones008-1200x400.jpg\" height=\"400\" width=\"1200\" alt=\"\" class=\"slider-1301 slide-3810\" \/><\/li>\n                <li style=\"display: none; width: 100%;\" class=\"slide-3811 ms-image\"><img loading=\"lazy\" decoding=\"async\" src=\"https:\/\/www.cp-rup.com\/wp-content\/uploads\/2018\/10\/CDR2018-006-1200x400.jpg\" height=\"400\" width=\"1200\" alt=\"\" class=\"slider-1301 slide-3811\" \/><\/li>\n            <\/ul>\n        <\/div>\n        \n    <\/div>\n<\/div>\n<p>&nbsp;<\/p>\n","protected":false},"excerpt":{"rendered":"<p>Le Comit\u00e9 europ\u00e9en des R\u00e9gions Le Comit\u00e9 europ\u00e9en des r\u00e9gions (CdR) est l&rsquo;un des deux organes consultatifs du Parlement europ\u00e9en, du Conseil et de la Commission europ\u00e9enne. Il est compos\u00e9 de repr\u00e9sentants \u00e9lus au niveau local et r\u00e9gional, issus de tous les \u00c9tats membres. Le CdR permet aux r\u00e9gions et aux villes de participer formellement [&hellip;]<\/p>\n","protected":false},"author":37,"featured_media":0,"parent":5875,"menu_order":6,"comment_status":"closed","ping_status":"closed","template":"page-static-rich.php","meta":{"_acf_changed":false,"footnotes":"","_links_to":"","_links_to_target":""},"class_list":["post-5924","page","type-page","status-publish","hentry"],"acf":[],"_links":{"self":[{"href":"https:\/\/www.cp-rup.com\/fr\/wp-json\/wp\/v2\/pages\/5924","targetHints":{"allow":["GET"]}}],"collection":[{"href":"https:\/\/www.cp-rup.com\/fr\/wp-json\/wp\/v2\/pages"}],"about":[{"href":"https:\/\/www.cp-rup.com\/fr\/wp-json\/wp\/v2\/types\/page"}],"author":[{"embeddable":true,"href":"https:\/\/www.cp-rup.com\/fr\/wp-json\/wp\/v2\/users\/37"}],"replies":[{"embeddable":true,"href":"https:\/\/www.cp-rup.com\/fr\/wp-json\/wp\/v2\/comments?post=5924"}],"version-history":[{"count":5,"href":"https:\/\/www.cp-rup.com\/fr\/wp-json\/wp\/v2\/pages\/5924\/revisions"}],"predecessor-version":[{"id":7405,"href":"https:\/\/www.cp-rup.com\/fr\/wp-json\/wp\/v2\/pages\/5924\/revisions\/7405"}],"up":[{"embeddable":true,"href":"https:\/\/www.cp-rup.com\/fr\/wp-json\/wp\/v2\/pages\/5875"}],"wp:attachment":[{"href":"https:\/\/www.cp-rup.com\/fr\/wp-json\/wp\/v2\/media?parent=5924"}],"curies":[{"name":"wp","href":"https:\/\/api.w.org\/{rel}","templated":true}]}}