{"id":5931,"date":"2021-03-19T19:34:24","date_gmt":"2021-03-19T19:34:24","guid":{"rendered":"https:\/\/cp-rup.com\/?page_id=5931"},"modified":"2022-04-12T13:29:42","modified_gmt":"2022-04-12T13:29:42","slug":"conseil-economique-et-social-europeen","status":"publish","type":"page","link":"https:\/\/www.cp-rup.com\/fr\/les-rup-dans-lue\/conseil-economique-et-social-europeen\/","title":{"rendered":"Conseil \u00e9conomique et social europ\u00e9en"},"content":{"rendered":"<h1 style=\"text-align: center;\"><span id=\"result_box\" class=\"short_text\" lang=\"fr\">Le Conseil \u00e9conomique et social europ\u00e9en<\/span><\/h1>\n<p>Le Comit\u00e9 \u00e9conomique et social europ\u00e9en (CESE) est, avec le Comit\u00e9 des r\u00e9gions, l&rsquo;un des organes consultatifs des institutions europ\u00e9ennes. Il est compos\u00e9 de repr\u00e9sentants des organisations de travailleurs et d&#8217;employeurs et d&rsquo;autres groupes d&rsquo;int\u00e9r\u00eats. Il \u00e9met des avis sur les questions europ\u00e9ennes d\u2019int\u00e9r\u00eats et sert de trait d\u2019union entre les institutions europ\u00e9ennes impliqu\u00e9es dans le processus l\u00e9gislatif et les citoyens europ\u00e9ens.<\/p>\n<p>Le CESE a \u00e9mis des avis sur des questions li\u00e9es aux RUP, renfor\u00e7ant sa collaboration avec les RUP au cours des derni\u00e8res ann\u00e9es par le biais d&rsquo;ateliers et de tables rondes sur des questions sp\u00e9cifiques affectant la soci\u00e9t\u00e9 civile dans les RUP.<\/p>\n<ul>\n<li><a href=\"https:\/\/cp-rup.com\/wp-content\/uploads\/2018\/09\/library_files\/01_Avis_CESE_2002_sur_Strat\u00e9gie_d'avenir_pour_les_RUP_-_ECO-076.pdf\" target=\"_blank\" rel=\"noopener noreferrer\">Avis du Comit\u00e9 \u00c9conomique et Social sur la \u00ab\u00a0Strat\u00e9gie d&rsquo;avenir pour les r\u00e9gions ultrap\u00e9riph\u00e9riques\u00a0\u00bb (2002)<\/a><\/li>\n<li><a href=\"https:\/\/cp-rup.com\/wp-content\/uploads\/2018\/09\/library_files\/03_Avis_CESE_sur_COM(2004)_343_-_ECO-134.pdf\" target=\"_blank\" rel=\"noopener noreferrer\">Avis du Comit\u00e9 \u00c9conomique et Social Europ\u00e9en sur la \u00ab\u00a0Communication de la Commission &#8211; Un\u00a0 partenariat renforc\u00e9 pour les r\u00e9gions ultrap\u00e9riph\u00e9riques\u00a0\u00bb (2005)<\/a><\/li>\n<li><a href=\"https:\/\/cp-rup.com\/wp-content\/uploads\/2018\/09\/library_files\/05_Avis_CESE_-_Perspectives_d'avenir_de_l'agriculture_dans_les_zones_\u00e0_handicaps_naturels_sp\u00e9cifiques.pdf\" target=\"_blank\" rel=\"noopener noreferrer\">Avis du Comit\u00e9 \u00c9conomique et Social Europ\u00e9en sur le th\u00e8me \u00ab\u00a0Perspectives d&rsquo;avenir de l&rsquo;agriculture dans les zones \u00e0 h\u00e1ndicaps naturels sp\u00e9cifiques (r\u00e9gion de montagne, insulaires et ultrap\u00e9riph\u00e9riques)\u00a0\u00bb (2006)<\/a><\/li>\n<li><a href=\"https:\/\/cp-rup.com\/wp-content\/uploads\/2018\/09\/library_files\/06_Avis_CESE_sur_COM(2007)_507_-_ECO-212_-_avant_amendement.pdf\" target=\"_blank\" rel=\"noopener noreferrer\">Avis du Comit\u00e9 \u00c9conomique et Social Europ\u00e9en sur la \u00ab\u00a0Strat\u00e9gie pour les r\u00e9gions ultrap\u00e9riph\u00e9riques: bilan et perspectives\u00a0\u00bb(2007)<\/a><\/li>\n<li><a href=\"https:\/\/cp-rup.com\/wp-content\/uploads\/2018\/06\/ces2011-2012_00_00_tra_ac_es1.doc\" target=\"_blank\" rel=\"noopener noreferrer\">Avis sur la Communication de la Commission &#8211; Les R\u00e9gions Ultrap\u00e9riph\u00e9riques de l&rsquo;Union Europ\u00e9enne: \u00ab\u00a0Vers un partenariat pour une croissance inteligente, durable et inclusive Dictamen sobre la Comunicaci\u00f3n de la Comisi\u00f3n &#8211; (2012)<\/a><\/li>\n<li><a href=\"https:\/\/cp-rup.com\/wp-content\/uploads\/2022\/04\/10-Avis-CESE-Les-atouts-des-RUP-pour-lUE-ECO-567.pdf\">Avis du Comit\u00e9 \u00c9conomique et Social sur \u00ab\u00a0Les atouts des r\u00e9gions ultrap\u00e9riph\u00e9riques (RUP) pour l&rsquo;UE\u00a0\u00bb (2022)<\/a><\/li>\n<\/ul>\n<p>&nbsp;<\/p>\n<p><a href=\"https:\/\/cp-rup.com\/wp-content\/uploads\/2018\/03\/CESE-w.jpg\"><img loading=\"lazy\" decoding=\"async\" class=\"aligncenter size-full wp-image-1390\" src=\"https:\/\/cp-rup.com\/wp-content\/uploads\/2018\/03\/CESE-w.jpg\" alt=\"\" width=\"1200\" height=\"400\" srcset=\"https:\/\/www.cp-rup.com\/wp-content\/uploads\/2018\/03\/CESE-w.jpg 1200w, https:\/\/www.cp-rup.com\/wp-content\/uploads\/2018\/03\/CESE-w-300x100.jpg 300w, https:\/\/www.cp-rup.com\/wp-content\/uploads\/2018\/03\/CESE-w-768x256.jpg 768w, https:\/\/www.cp-rup.com\/wp-content\/uploads\/2018\/03\/CESE-w-1024x341.jpg 1024w\" sizes=\"auto, (max-width: 1200px) 100vw, 1200px\" \/><\/a><\/p>\n<p>&nbsp;<\/p>\n","protected":false},"excerpt":{"rendered":"<p>Le Conseil \u00e9conomique et social europ\u00e9en Le Comit\u00e9 \u00e9conomique et social europ\u00e9en (CESE) est, avec le Comit\u00e9 des r\u00e9gions, l&rsquo;un des organes consultatifs des institutions europ\u00e9ennes. Il est compos\u00e9 de repr\u00e9sentants des organisations de travailleurs et d&#8217;employeurs et d&rsquo;autres groupes d&rsquo;int\u00e9r\u00eats. Il \u00e9met des avis sur les questions europ\u00e9ennes d\u2019int\u00e9r\u00eats et sert de trait d\u2019union [&hellip;]<\/p>\n","protected":false},"author":37,"featured_media":0,"parent":5875,"menu_order":7,"comment_status":"closed","ping_status":"closed","template":"page-static-rich.php","meta":{"_acf_changed":false,"footnotes":"","_links_to":"","_links_to_target":""},"class_list":["post-5931","page","type-page","status-publish","hentry"],"acf":[],"_links":{"self":[{"href":"https:\/\/www.cp-rup.com\/fr\/wp-json\/wp\/v2\/pages\/5931","targetHints":{"allow":["GET"]}}],"collection":[{"href":"https:\/\/www.cp-rup.com\/fr\/wp-json\/wp\/v2\/pages"}],"about":[{"href":"https:\/\/www.cp-rup.com\/fr\/wp-json\/wp\/v2\/types\/page"}],"author":[{"embeddable":true,"href":"https:\/\/www.cp-rup.com\/fr\/wp-json\/wp\/v2\/users\/37"}],"replies":[{"embeddable":true,"href":"https:\/\/www.cp-rup.com\/fr\/wp-json\/wp\/v2\/comments?post=5931"}],"version-history":[{"count":4,"href":"https:\/\/www.cp-rup.com\/fr\/wp-json\/wp\/v2\/pages\/5931\/revisions"}],"predecessor-version":[{"id":7421,"href":"https:\/\/www.cp-rup.com\/fr\/wp-json\/wp\/v2\/pages\/5931\/revisions\/7421"}],"up":[{"embeddable":true,"href":"https:\/\/www.cp-rup.com\/fr\/wp-json\/wp\/v2\/pages\/5875"}],"wp:attachment":[{"href":"https:\/\/www.cp-rup.com\/fr\/wp-json\/wp\/v2\/media?parent=5931"}],"curies":[{"name":"wp","href":"https:\/\/api.w.org\/{rel}","templated":true}]}}