{"id":5947,"date":"2021-03-19T19:42:18","date_gmt":"2021-03-19T19:42:18","guid":{"rendered":"https:\/\/cp-rup.com\/?page_id=5947"},"modified":"2025-08-01T16:35:06","modified_gmt":"2025-08-01T16:35:06","slug":"comite-de-suivi","status":"publish","type":"page","link":"https:\/\/www.cp-rup.com\/fr\/conference-des-presidents\/comite-de-suivi\/","title":{"rendered":"Comit\u00e9 de Suivi"},"content":{"rendered":"<p><\/p>\n<h2 style=\"text-align: center;\"><span class=\"short_text\" lang=\"fr\"><img loading=\"lazy\" decoding=\"async\" class=\"alignnone size-large wp-image-4337\" src=\"https:\/\/cp-rup.com\/wp-content\/uploads\/2019\/03\/comite-suivi-2019-1-1024x341.jpg\" alt=\"\" width=\"640\" height=\"213\" srcset=\"https:\/\/www.cp-rup.com\/wp-content\/uploads\/2019\/03\/comite-suivi-2019-1-1024x341.jpg 1024w, https:\/\/www.cp-rup.com\/wp-content\/uploads\/2019\/03\/comite-suivi-2019-1-300x100.jpg 300w, https:\/\/www.cp-rup.com\/wp-content\/uploads\/2019\/03\/comite-suivi-2019-1-768x256.jpg 768w, https:\/\/www.cp-rup.com\/wp-content\/uploads\/2019\/03\/comite-suivi-2019-1.jpg 1200w\" sizes=\"auto, (max-width: 640px) 100vw, 640px\" \/><\/span><\/h2>\n<h1 style=\"text-align: center;\">Comit\u00e9 de Suivi<\/h1>\n<p>Le comit\u00e9 de suivi met en \u0153uvre la feuille de route adopt\u00e9e par la Conf\u00e9rence. Il est compos\u00e9 de hauts fonctionnaires, fonctionnaires et \/ ou assimil\u00e9s, de l&rsquo;administration des r\u00e9gions ultrap\u00e9riph\u00e9riques, d\u00fbment nomm\u00e9s par chaque pr\u00e9sident, autoris\u00e9 \u00e0 repr\u00e9senter la r\u00e9gion.<\/p>\n<p>Chaque r\u00e9gion d\u00e9signe un titulaire et un membre suppl\u00e9ant. Actuellement les membres sont:<\/p>\n<p><strong>A\u00e7ores<\/strong><\/p>\n<p><u>Membre titulaire<\/u>: Joao Lan\u00e7a &#8211; Coordinateur du Bureau des A\u00e7ores \u00e0 Bruxelles<\/p>\n<p><u>Membre suppl\u00e9ant<\/u> : Maria Jo\u00e3o Machado &#8211; Direction r\u00e9gionale des affaires europ\u00e9ennes<\/p>\n<p><u>Membre suppl\u00e9ante<\/u> : <span lang=\"FR-BE\">Ana Nunes &#8211; Direction r\u00e9gionale des affaires europ\u00e9ennes<\/span><\/p>\n<p><strong>Iles Canaries<\/strong><\/p>\n<p><u>Membre titulaire<\/u>: Celia Alberto P\u00e9rez &#8211; Directrice\u00a0 g\u00e9n\u00e9rale des affaires europ\u00e9enes<\/p>\n<p><u>Membre suppl\u00e9ant<\/u> : Carlos Portugues Carillo &#8211; Conseiller affaires europ\u00e9ennes<\/p>\n<p><strong>Guadeloupe<\/strong><\/p>\n<p><u>Membre titulaire<\/u>:\u00a0<span class=\"TextRun SCXW201030859 BCX9\" lang=\"PT-PT\" xml:lang=\"PT-PT\" data-contrast=\"auto\"><span class=\"NormalTextRun SCXW201030859 BCX9\">Cassandre Gatoux &#8211;\u00a0<\/span><\/span>Repr\u00e9sentante de la R\u00e9gion Guadeloupe \u00e0 Bruxelles<\/p>\n<p><strong>Guyane<\/strong><\/p>\n<p><u>Membre titulaire<\/u>: Alice Colombo &#8211;\u00a0Responsable de l\u2019Antenne de Bruxelles de la Collectivit\u00e9 Territoriale de Guyane<\/p>\n<p><u>Membre suppl\u00e9ante<\/u>:\u00a0Delphine Lasselin &#8211; Responsable de l\u2019Antenne de l\u2019Hexagone de la Collectivit\u00e9 territoriale de Guyane<\/p>\n<p><strong>Mad\u00e8re<\/strong><\/p>\n<p><u>Membre titulaire<\/u>: Fernanda Cardoso\u00a0 &#8211;\u00a0<span class=\"TextRun SCXW268279706 BCX9\" lang=\"FR-BE\" xml:lang=\"FR-BE\" data-contrast=\"auto\"><span class=\"NormalTextRun SCXW268279706 BCX9\">Directrice r\u00e9gionale<\/span><\/span><span class=\"TextRun SCXW268279706 BCX9\" lang=\"FR-BE\" xml:lang=\"FR-BE\" data-contrast=\"auto\"><span class=\"NormalTextRun SCXW268279706 BCX9\">\u00a0des affaires europ\u00e9ennes et de la coop\u00e9ration ext\u00e9rieure<\/span><\/span><span class=\"EOP SCXW268279706 BCX9\" data-ccp-props=\"{&quot;335551550&quot;:6,&quot;335551620&quot;:6}\">\u00a0<\/span><\/p>\n<p><u>Membre suppl\u00e9ant<\/u>: S\u00e9rgio Mendon\u00e7a &#8211;\u00a0Direction des services pour les politiques de l&rsquo;Union europ\u00e9enne et les affaires ultrap\u00e9riph\u00e9riques<\/p>\n<p><strong>Martinique<\/strong><\/p>\n<p><u>Membre titulaire <\/u>: Christ\u00e8le Allaud &#8211; Repr\u00e9sentante de la Collectivit\u00e9 de Martinique aupr\u00e8s de l&rsquo;Union europ\u00e9enne \u00e0 Bruxelles<\/p>\n<p><strong>Mayotte<\/strong><\/p>\n<p><u>Membre titulaire <\/u>: Moiyegue ZOUBERT &#8211; Chef de service des relations ext\u00e9rieures<\/p>\n<p><span data-olk-copy-source=\"MessageBody\">\u00a0 \u00a0 \u00a0 \u00a0 \u00a0 \u00a0 \u00a0 \u00a0 \u00a0 \u00a0 \u00a0 \u00a0 \u00a0 \u00a0 \u00a0 \u00a0 \u00a0 Aina SALIM, directrice \/interim &#8211; direction des affaires europ\u00e9ennes<\/span><\/p>\n<p><u>Membre <\/u><u>suppl\u00e9ante<\/u>: Tahamida IBRAHIM &#8211; Cabinet du Pr\u00e9sident, conseill\u00e8re technique<\/p>\n<p><strong>R\u00e9union<\/strong><\/p>\n<p><u>Membre titulaire <\/u>: Candida Aldehuelo &#8211; Charg\u00e9e de mission RUP<\/p>\n<p><strong>Saint-Martin<\/strong><\/p>\n<p><u>Membre titulaire <\/u>: Rudya Lake &#8211; Responsable de mission Affaires europ\u00e9ennes<\/p>\n<p><u>Membre suppl\u00e9ante <\/u>: Karine Bertaux &#8211; Responsable de mission Affaires europ\u00e9ennes<\/p>\n<p>&nbsp;<\/p>\n<h2 style=\"text-align: center;\">Fonctions du Comit\u00e9<\/h2>\n<p>&nbsp;<\/p>\n<p>Les fonctions du Comit\u00e9 sont les suivantes:<\/p>\n<ul>\n<li>Pr\u00e9parer les travaux de la Conf\u00e9rence;<\/li>\n<li>Mettre en \u0153uvre les travaux mandat\u00e9s par la Conf\u00e9rence;<\/li>\n<li>Chercher des accords afin d&rsquo;atteindre des positionnements communs;<\/li>\n<li>Mettre en place des actions dans le cadre des objectifs d\u00e9finis par la Conf\u00e9rence;<\/li>\n<li>Coordonner la mise en \u0153uvre des actions de coop\u00e9ration technique dans des domaines d&rsquo;int\u00e9r\u00eat commun;<\/li>\n<\/ul>\n<p>La volont\u00e9 de coop\u00e9ration entre les R\u00e9gions Ultrap\u00e9riph\u00e9riques de l&rsquo;UE, exprim\u00e9e au plus haut niveau dans la Conf\u00e9rence des Pr\u00e9sidents des RUP, est \u00e9galement manifest\u00e9 dans des documents tels que les Protocoles de Coop\u00e9ration, les Memoranda et les Contributions conjointes.<\/p>\n<p>&nbsp;<\/p>\n<p>&nbsp;<\/p>\n<p>&nbsp;<\/p>\n<p>&nbsp;<\/p>\n<p>&nbsp;<\/p>\n<div id=\"metaslider-id-1428\" style=\"max-width: 1200px;\" class=\"ml-slider-3-20-3 metaslider metaslider-flex metaslider-1428 ml-slider\">\n    <div id=\"metaslider_container_1428\">\n        <div id=\"metaslider_1428\">\n            <ul aria-live=\"polite\" class=\"slides\">\n                <li style=\"display: block; width: 100%;\" class=\"slide-4340 ms-image\"><img loading=\"lazy\" decoding=\"async\" src=\"https:\/\/www.cp-rup.com\/wp-content\/uploads\/2019\/03\/comite-suivi-2019-2.jpg\" height=\"400\" width=\"1200\" alt=\"\" class=\"slider-1428 slide-4340\" \/><\/li>\n                <li style=\"display: none; width: 100%;\" class=\"slide-1429 ms-image\"><img loading=\"lazy\" decoding=\"async\" src=\"https:\/\/www.cp-rup.com\/wp-content\/uploads\/2018\/03\/Comite.Seguimiento.Guadalupe-1-1169x389.jpg\" height=\"400\" width=\"1200\" alt=\"\" class=\"slider-1428 slide-1429\" \/><\/li>\n                <li style=\"display: none; width: 100%;\" class=\"slide-1432 ms-image\"><img loading=\"lazy\" decoding=\"async\" src=\"https:\/\/www.cp-rup.com\/wp-content\/uploads\/2018\/03\/CS-2017-11-091-w.jpg\" height=\"400\" width=\"1200\" alt=\"\" class=\"slider-1428 slide-1432\" \/><\/li>\n                <li style=\"display: none; width: 100%;\" class=\"slide-1433 ms-image\"><img loading=\"lazy\" decoding=\"async\" src=\"https:\/\/www.cp-rup.com\/wp-content\/uploads\/2018\/03\/CS-2018-02-01-w.jpg\" height=\"400\" width=\"1200\" alt=\"\" class=\"slider-1428 slide-1433\" \/><\/li>\n                <li style=\"display: none; width: 100%;\" class=\"slide-2476 ms-image\"><img loading=\"lazy\" decoding=\"async\" src=\"https:\/\/www.cp-rup.com\/wp-content\/uploads\/2018\/07\/Reuni\u00f3n-Grupo-de-Trabajo-RUP-1200x400.jpg\" height=\"400\" width=\"1200\" alt=\"\" class=\"slider-1428 slide-2476\" \/><\/li>\n                <li style=\"display: none; width: 100%;\" class=\"slide-2610 ms-image\"><img loading=\"lazy\" decoding=\"async\" src=\"https:\/\/www.cp-rup.com\/wp-content\/uploads\/2018\/07\/CdS-URUP-mayo-2018-e1535629440112-986x328.jpg\" height=\"400\" width=\"1200\" alt=\"\" class=\"slider-1428 slide-2610\" \/><\/li>\n            <\/ul>\n        <\/div>\n        \n    <\/div>\n<\/div>\n<p>&nbsp;<\/p>","protected":false},"excerpt":{"rendered":"<p>Comit\u00e9 de Suivi Le comit\u00e9 de suivi met en \u0153uvre la feuille de route adopt\u00e9e par la Conf\u00e9rence. Il est compos\u00e9 de hauts fonctionnaires, fonctionnaires et \/ ou assimil\u00e9s, de l&rsquo;administration des r\u00e9gions ultrap\u00e9riph\u00e9riques, d\u00fbment nomm\u00e9s par chaque pr\u00e9sident, autoris\u00e9 \u00e0 repr\u00e9senter la r\u00e9gion. Chaque r\u00e9gion d\u00e9signe un titulaire et un membre suppl\u00e9ant. Actuellement les [&hellip;]<\/p>\n","protected":false},"author":37,"featured_media":0,"parent":5939,"menu_order":2,"comment_status":"closed","ping_status":"closed","template":"page-static-rich.php","meta":{"_acf_changed":false,"footnotes":"","_links_to":"","_links_to_target":""},"class_list":["post-5947","page","type-page","status-publish","hentry"],"acf":[],"_links":{"self":[{"href":"https:\/\/www.cp-rup.com\/fr\/wp-json\/wp\/v2\/pages\/5947","targetHints":{"allow":["GET"]}}],"collection":[{"href":"https:\/\/www.cp-rup.com\/fr\/wp-json\/wp\/v2\/pages"}],"about":[{"href":"https:\/\/www.cp-rup.com\/fr\/wp-json\/wp\/v2\/types\/page"}],"author":[{"embeddable":true,"href":"https:\/\/www.cp-rup.com\/fr\/wp-json\/wp\/v2\/users\/37"}],"replies":[{"embeddable":true,"href":"https:\/\/www.cp-rup.com\/fr\/wp-json\/wp\/v2\/comments?post=5947"}],"version-history":[{"count":9,"href":"https:\/\/www.cp-rup.com\/fr\/wp-json\/wp\/v2\/pages\/5947\/revisions"}],"predecessor-version":[{"id":10136,"href":"https:\/\/www.cp-rup.com\/fr\/wp-json\/wp\/v2\/pages\/5947\/revisions\/10136"}],"up":[{"embeddable":true,"href":"https:\/\/www.cp-rup.com\/fr\/wp-json\/wp\/v2\/pages\/5939"}],"wp:attachment":[{"href":"https:\/\/www.cp-rup.com\/fr\/wp-json\/wp\/v2\/media?parent=5947"}],"curies":[{"name":"wp","href":"https:\/\/api.w.org\/{rel}","templated":true}]}}