{"id":5961,"date":"2021-03-19T19:48:55","date_gmt":"2021-03-19T19:48:55","guid":{"rendered":"https:\/\/cp-rup.com\/?page_id=5961"},"modified":"2021-03-19T19:48:55","modified_gmt":"2021-03-19T19:48:55","slug":"reseaux-rup","status":"publish","type":"page","link":"https:\/\/www.cp-rup.com\/fr\/conference-des-presidents\/reseaux-rup\/","title":{"rendered":"R\u00e9seaux RUP"},"content":{"rendered":"<h1 style=\"text-align: center;\"><span id=\"result_box\" class=\"short_text\" lang=\"fr\">R\u00e9seaux RUP<\/span><\/h1>\n<h2 style=\"text-align: center;\">R\u00e9seau S3<u><\/u><\/h2>\n<p>Depuis plusieurs ann\u00e9es, la Commission europ\u00e9enne promeut la transformation du mod\u00e8le \u00e9conomique en Europe, en renfor\u00e7ant les \u00e9cosyst\u00e8mes et les processus innovants dans les diff\u00e9rents territoires, \u00e0 travers des \u00abstrat\u00e9gies de sp\u00e9cialisation intelligente\u00bb (S3), qui supposent un partenariat \u00e9troit entre tous les acteurs impliqu\u00e9s dans une approche ascendante.<br \/>\nDans ce contexte, les RUP, sous l\u2019\u00e9gide de la R\u00e9gion Guadeloupe, ont \u00e9labor\u00e9 une position commune relatives \u00e0 leurs S3 respectives qu&rsquo;ils ont communiqu\u00e9e \u00e0 la Commission europ\u00e9enne le 4 ao\u00fbt 2017, et dans laquelle ils ont soulign\u00e9 les \u00e9l\u00e9ments positifs d\u00e9velopp\u00e9s dans leur approche, les potentialit\u00e9s de leur territoire en tant que laboratoires de solutions innovantes et leur volont\u00e9 de travailler ensemble au renforcement de leurs capacit\u00e9s de recherche et d&rsquo;innovation.<br \/>\nSoucieuse de renforcer sa coop\u00e9ration dans ce domaine, la XXIIe Conf\u00e9rence des pr\u00e9sidents du RUP, qui s\u2019est tenue en Guyane en octobre 2017, a adopt\u00e9 un accord visant \u00e0 cr\u00e9er formellement ce r\u00e9seau de coop\u00e9ration th\u00e9matique. Le r\u00e9seau RIS3 RUP poursuit les objectifs suivants :<\/p>\n<ul>\n\u2022 \u00c9laborer des lignes directrices et des positions communes, approuv\u00e9es par le comit\u00e9 de suivi du RUP, afin que le potentiel des RUP soit mieux pris en compte dans les politiques europ\u00e9ennes post-2020 ;<br \/>\n\u2022 Proposer des adaptations des textes l\u00e9gislatifs et non l\u00e9gislatifs de l&rsquo;UE \u00e0 la r\u00e9alit\u00e9 des r\u00e9gions ultrap\u00e9riph\u00e9riques dans les domaines d&rsquo;int\u00e9r\u00eat du r\u00e9seau ;<br \/>\n\u2022 Mobiliser les ressources humaines et mat\u00e9rielles n\u00e9cessaires et identifier les m\u00e9canismes de financement et les opportunit\u00e9s pour la pr\u00e9paration et la mise en \u0153uvre de projets communs r\u00e9sultant du travail du r\u00e9seau ;<br \/>\n\u2022 Pr\u00e9senter des projets aux appels et manifestations d&rsquo;int\u00e9r\u00eat, ainsi qu&rsquo;aux actions pilotes des plateformes th\u00e9matiques et autres initiatives lanc\u00e9es par l&rsquo;UE.<br \/>\nParmi les travaux entrepris par le R\u00e9seau RIS3, il y a notamment l\u2019\u00e9laboration et le suivi de l\u2019appel \u00e0 propositions H2020 (SWAFS) \u2013 FORWARD.<\/li>\n<\/ul>\n<h2 style=\"text-align: center;\">R\u00e9seau Emploi RUP<\/h2>\n<p style=\"text-align: left;\">En octobre 2014, lors du III\u00e8me Forum des R\u00e9gions ultrap\u00e9riph\u00e9riques, les Pr\u00e9sidents ont sign\u00e9 \u00abl&rsquo;accord pour la cr\u00e9ation du r\u00e9seau pour l&#8217;emploi des r\u00e9gions ultrap\u00e9riph\u00e9riques de l&rsquo;Union europ\u00e9enne\u00bb. L&rsquo;objectif g\u00e9n\u00e9ral du R\u00c9SEAU est de proposer des lignes directrices et des lignes strat\u00e9giques pour \u00e9tablir une coop\u00e9ration entre les RUP en mati\u00e8re d&#8217;emploi, afin de d\u00e9velopper conjointement des actions et des projets innovants dans les domaines li\u00e9s \u00e0 l&#8217;emploi.<\/p>\n<p style=\"text-align: left;\">Gr\u00e2ce \u00e0 leur collaboration, le premier plan d&#8217;emplois verts et bleus des RUP a \u00e9t\u00e9 adopt\u00e9 et pr\u00e9sent\u00e9 lors du s\u00e9minaire sur l&#8217;emploi dans les RUP, organis\u00e9 par le Comit\u00e9 \u00e9conomique et social europ\u00e9en et la Commission europ\u00e9enne \u00e0 la fin du mois de novembre 2015. Ce Plan Choc a \u00e9t\u00e9 con\u00e7u au regard de la situation sp\u00e9cifique de chaque r\u00e9gion et de l&rsquo;analyse des secteurs d\u2019avenir dans lesquels il est possible de cr\u00e9er des emplois potentiels : emplois verts et bleus.<\/p>\n<p style=\"text-align: left;\">Le r\u00e9seau a \u00e9galement pr\u00e9sent\u00e9 des projets pour plusieurs appels europ\u00e9ens li\u00e9s \u00e0 ces questions : Programme EaSI, Sector Skills Alliance au sein du programme ERASMUS +; Programme H2020, projets pilotes du Parlement europ\u00e9en ou appel de la DG MARE sur les \u00abcarri\u00e8res bleues\u00bb.<\/p>\n<p style=\"text-align: left;\">Enfin, le projet \u00abGrow RUP\u00bb a \u00e9t\u00e9 approuv\u00e9, avec la participation des A\u00e7ores, de Mad\u00e8re, de la R\u00e9union, des \u00eeles Canaries et de la Martinique, dans le cadre du premier appel du proramme Interreg Europe.<span style=\"color: #000000;\"><span style=\"font-family: Trebuchet MS,serif;\">\u00a0<\/span><\/span><\/p>\n<p>Le R\u00e9seau a \u00e9galement particip\u00e9 \u00e0 la pr\u00e9paration des r\u00e9ponses aux consultations publiques lanc\u00e9es par la Commission europ\u00e9enne dans ses domaines d&rsquo;activit\u00e9s.<\/p>\n<h2 style=\"text-align: center;\"><img loading=\"lazy\" decoding=\"async\" class=\"alignnone size-large wp-image-4342\" src=\"https:\/\/cp-rup.com\/wp-content\/uploads\/2019\/03\/Forum-energies-propres-Lanzarote-5-11-18-1024x750.jpg\" alt=\"\" width=\"640\" height=\"469\" srcset=\"https:\/\/www.cp-rup.com\/wp-content\/uploads\/2019\/03\/Forum-energies-propres-Lanzarote-5-11-18-1024x750.jpg 1024w, https:\/\/www.cp-rup.com\/wp-content\/uploads\/2019\/03\/Forum-energies-propres-Lanzarote-5-11-18-300x220.jpg 300w, https:\/\/www.cp-rup.com\/wp-content\/uploads\/2019\/03\/Forum-energies-propres-Lanzarote-5-11-18-768x563.jpg 768w, https:\/\/www.cp-rup.com\/wp-content\/uploads\/2019\/03\/Forum-energies-propres-Lanzarote-5-11-18.jpg 1093w\" sizes=\"auto, (max-width: 640px) 100vw, 640px\" \/><\/p>\n<h2 style=\"text-align: center;\">R\u00e9seau \u00e9nergie<u><\/u><\/h2>\n<p style=\"text-align: left;\">Lors du premier Sommet international sur les \u00e9nergies renouvelables qui s&rsquo;est d\u00e9roul\u00e9 aux Canaries en mars 2015, la cr\u00e9ation d&rsquo;un r\u00e9seau RUP pour la coordination des questions \u00e9nerg\u00e9tiques a \u00e9t\u00e9 confirm\u00e9e par le Conf\u00e9rence des Pr\u00e9sidents des RUP. Ce nouveau r\u00e9seau s\u2019est concr\u00e9tis\u00e9 avec la signature des pr\u00e9sidents du RUP qui a eu lieu \u00e0 l\u2019occasion de la XXIe Conf\u00e9rence des Pr\u00e9sidents, organis\u00e9e \u00e0 Funchal (Mad\u00e8re) en septembre 2016.<\/p>\n<p style=\"text-align: left;\">Depuis lors, des travaux ont \u00e9t\u00e9 men\u00e9s pour identifier les objectifs et les actions futures du R\u00e9seau et une s\u00e9rie d&rsquo;actions conjointes ont \u00e9t\u00e9 conduites, telles que : la pr\u00e9paration de fiches relatives \u00e0 la situation \u00e9nerg\u00e9tique de chaque RUP, de r\u00e9ponses aux consultations publiques de la Commission europ\u00e9enne en mati\u00e8re d&rsquo;\u00e9nergie.<\/p>\n<p style=\"text-align: left;\">L&rsquo;une des premi\u00e8res actions du r\u00e9seau a \u00e9t\u00e9 de demander \u00e0 la DG REGIO et \u00e0 la DG ENER d&rsquo;\u00e9tudier, en collaboration avec les RUP et leur \u00c9tat respectif, la meilleure fa\u00e7on de financer les \u00e9nergies renouvelables et l&rsquo;efficacit\u00e9 \u00e9nerg\u00e9tique dans les RUP, comme indiqu\u00e9 dans sa communication (2012) 287 final Les r\u00e9gions ultrap\u00e9riph\u00e9riques de l&rsquo;Union europ\u00e9enne: vers un partenariat pour une croissance intelligente, durable et inclusive\u00a0\u00bb.<\/p>\n<p style=\"text-align: left;\">Dans le cadre du r\u00e9seau, diff\u00e9rentes actions sont conduites aupr\u00e8s de la Commission et du Parlement europ\u00e9en pour favoriser la prise en compte de la situation \u00e9nerg\u00e9tique sp\u00e9cifique des RUP dans la future l\u00e9gislation de l&rsquo;Union relative \u00e0 la transition \u00e9nerg\u00e9tique.<\/p>\n<p style=\"text-align: left;\">De m\u00eame, un projet commun a \u00e9t\u00e9 conduit avec succ\u00e8s dans le cadre du troisi\u00e8me appel \u00e0 projet dans le cadre d&rsquo;INTERREG Europe, appel\u00e9 RESOR, auquel participent activement les RUP suivantes : Canaries, Mad\u00e8re, A\u00e7ores, Guadeloupe, Martinique et R\u00e9union. Le projet compte \u00e9galement comme partenaires: la r\u00e9gion de l&rsquo;Epire en Gr\u00e8ce et l&rsquo;agence de l&rsquo;\u00e9nergie de Chypre.<\/p>\n<p style=\"text-align: left;\">Le R\u00e9seau \u00e9nergie RUP a \u00e9t\u00e9 reconnu par la Commission europ\u00e9enne dans la Communication (2017) 623 final:\u00abUn partenariat strat\u00e9gique renouvel\u00e9 et renforc\u00e9 avec les r\u00e9gions ultrap\u00e9riph\u00e9riques de l&rsquo;Union europ\u00e9enne\u00bb en tant que plateforme partenarial dans la recherche de solutions \u00e9nerg\u00e9tiques durables.<\/p>\n<p style=\"text-align: left;\">Le R\u00e9seau \u00e9nergie RUP pr\u00e9sentera ses activit\u00e9s de coop\u00e9ration et les projets phares des RUP lors de la conf\u00e9rence politique annuelle de la Semaine europ\u00e9enne de l&rsquo;\u00e9nergie de 2018.<\/p>\n","protected":false},"excerpt":{"rendered":"<p>R\u00e9seaux RUP R\u00e9seau S3 Depuis plusieurs ann\u00e9es, la Commission europ\u00e9enne promeut la transformation du mod\u00e8le \u00e9conomique en Europe, en renfor\u00e7ant les \u00e9cosyst\u00e8mes et les processus innovants dans les diff\u00e9rents territoires, \u00e0 travers des \u00abstrat\u00e9gies de sp\u00e9cialisation intelligente\u00bb (S3), qui supposent un partenariat \u00e9troit entre tous les acteurs impliqu\u00e9s dans une approche ascendante. Dans ce contexte, [&hellip;]<\/p>\n","protected":false},"author":37,"featured_media":0,"parent":5939,"menu_order":4,"comment_status":"closed","ping_status":"closed","template":"page-static-rich.php","meta":{"_acf_changed":false,"footnotes":"","_links_to":"","_links_to_target":""},"class_list":["post-5961","page","type-page","status-publish","hentry"],"acf":[],"_links":{"self":[{"href":"https:\/\/www.cp-rup.com\/fr\/wp-json\/wp\/v2\/pages\/5961","targetHints":{"allow":["GET"]}}],"collection":[{"href":"https:\/\/www.cp-rup.com\/fr\/wp-json\/wp\/v2\/pages"}],"about":[{"href":"https:\/\/www.cp-rup.com\/fr\/wp-json\/wp\/v2\/types\/page"}],"author":[{"embeddable":true,"href":"https:\/\/www.cp-rup.com\/fr\/wp-json\/wp\/v2\/users\/37"}],"replies":[{"embeddable":true,"href":"https:\/\/www.cp-rup.com\/fr\/wp-json\/wp\/v2\/comments?post=5961"}],"version-history":[{"count":1,"href":"https:\/\/www.cp-rup.com\/fr\/wp-json\/wp\/v2\/pages\/5961\/revisions"}],"predecessor-version":[{"id":5962,"href":"https:\/\/www.cp-rup.com\/fr\/wp-json\/wp\/v2\/pages\/5961\/revisions\/5962"}],"up":[{"embeddable":true,"href":"https:\/\/www.cp-rup.com\/fr\/wp-json\/wp\/v2\/pages\/5939"}],"wp:attachment":[{"href":"https:\/\/www.cp-rup.com\/fr\/wp-json\/wp\/v2\/media?parent=5961"}],"curies":[{"name":"wp","href":"https:\/\/api.w.org\/{rel}","templated":true}]}}