{"id":9546,"date":"2024-01-30T04:38:54","date_gmt":"2024-01-30T04:38:54","guid":{"rendered":"https:\/\/cp-rup.com\/?page_id=9546"},"modified":"2024-01-30T05:38:49","modified_gmt":"2024-01-30T05:38:49","slug":"mot-de-la-presidente","status":"publish","type":"page","link":"https:\/\/www.cp-rup.com\/fr\/presidence-annuelle\/mot-de-la-presidente\/","title":{"rendered":"Mot de la pr\u00e9sidente"},"content":{"rendered":"<h1 style=\"text-align: center;\">Mot de la pr\u00e9sidente<\/h1>\n<p>&nbsp;<\/p>\n<p style=\"margin-bottom: 0cm; line-height: normal; text-align: left;\"><span style=\"font-family: 'Calibri',sans-serif;\"><a href=\"https:\/\/cp-rup.com\/presidence-annuelle\/message-du-president\/presidente_photo-officielle-2\/\" rel=\"attachment wp-att-9496\"><img loading=\"lazy\" decoding=\"async\" class=\"alignleft size-medium wp-image-9496\" src=\"https:\/\/cp-rup.com\/wp-content\/uploads\/2024\/01\/PRESIDENTE_PHOTO-OFFICIELLE-1-277x300.jpg\" alt=\"\" width=\"277\" height=\"300\" srcset=\"https:\/\/www.cp-rup.com\/wp-content\/uploads\/2024\/01\/PRESIDENTE_PHOTO-OFFICIELLE-1-277x300.jpg 277w, https:\/\/www.cp-rup.com\/wp-content\/uploads\/2024\/01\/PRESIDENTE_PHOTO-OFFICIELLE-1-944x1024.jpg 944w, https:\/\/www.cp-rup.com\/wp-content\/uploads\/2024\/01\/PRESIDENTE_PHOTO-OFFICIELLE-1-768x833.jpg 768w, https:\/\/www.cp-rup.com\/wp-content\/uploads\/2024\/01\/PRESIDENTE_PHOTO-OFFICIELLE-1.jpg 1414w\" sizes=\"auto, (max-width: 277px) 100vw, 277px\" \/><\/a>Notre engagement commun au sein de la Conf\u00e9rence des RUP permet de fixer des perspectives autres que les visions \u00e9troitement continentales des politiques europ\u00e9ennes. Nous \u0153uvrons pour que l\u2019Union europ\u00e9enne s\u2019ouvre pleinement \u00e0 la r\u00e9alit\u00e9 de notre \u00e9loignement avec le continent et qu\u2019elle soit aussi plus sensible \u00e0 celle de notre proximit\u00e9 avec les pays-tiers. Nous plaidons donc pour que, dans la nouvelle strat\u00e9gie europ\u00e9enne, les RUP soient encore davantage reconnues comme ces territoires qui relient l\u2019Europe <\/span>\u00e0 tous les points de la terre<span style=\"font-family: 'Calibri',sans-serif;\">, des territoires qui ouvrent sur des r\u00e9seaux d\u2019\u00e9changes et de solidarit\u00e9s avec les espaces les plus \u00e9loign\u00e9s du continent. Nos territoires repr\u00e9sentent un atout consid\u00e9rable pour toute l\u2019Union Europ\u00e9enne, en lui conf\u00e9rant une dimension plan\u00e9taire.<\/span><\/p>\n<p style=\"margin-bottom: 0cm; line-height: normal; text-align: left;\"><span style=\"font-family: 'Calibri',sans-serif;\">C&rsquo;est lorsque l\u2019Union europ\u00e9enne consent \u00e0 utiliser le plus en amont de sa l\u00e9gislation la r\u00e9f\u00e9rence \u00e0 l\u2019article 349 que les RUP parviennent \u00e0 obtenir des r\u00e9sultats concrets et b\u00e9n\u00e9fiques, comme ceux qui figurent dans la politique de coh\u00e9sion, ou encore dans les politiques fiscales et douani\u00e8res. Et c\u2019est aussi l\u00e0, bien s\u00fbr, que l&rsquo;Europe convainc le plus.<\/span><\/p>\n<p style=\"margin-bottom: 0cm; line-height: normal; text-align: left;\"><span style=\"font-family: 'Calibri',sans-serif;\">La finalit\u00e9 m\u00eame de la construction europ\u00e9enne, c&rsquo;est d\u2019abord la d\u00e9fense et la promotion d&rsquo;un mod\u00e8le social et je souhaite que la prochaine strat\u00e9gie en faveur des RUP soit profond\u00e9ment marqu\u00e9e par cette dimension sociale. Une ambition qui devra porter sur les questions centrales de l\u2019\u00e9ducation, de la formation et de l&#8217;emploi et sur le n\u00e9cessaire renforcement de la dimension humaine des politiques europ\u00e9ennes en faveur des RUP. C&rsquo;est \u00e0 cette condition que l&rsquo;Europe pourra \u00e0 nouveau parler au c\u0153ur de nos concitoyens, et \u00e0 celui de nos jeunes tout particuli\u00e8rement&#8230;<\/span><\/p>\n<p>&nbsp;<\/p>\n<p>Huguette Bello<\/p>\n<p>Pr\u00e9sidente du Conseil R\u00e9gional de la R\u00e9union<\/p>\n","protected":false},"excerpt":{"rendered":"<p>Mot de la pr\u00e9sidente &nbsp; Notre engagement commun au sein de la Conf\u00e9rence des RUP permet de fixer des perspectives autres que les visions \u00e9troitement continentales des politiques europ\u00e9ennes. Nous \u0153uvrons pour que l\u2019Union europ\u00e9enne s\u2019ouvre pleinement \u00e0 la r\u00e9alit\u00e9 de notre \u00e9loignement avec le continent et qu\u2019elle soit aussi plus sensible \u00e0 celle de [&hellip;]<\/p>\n","protected":false},"author":36,"featured_media":0,"parent":5982,"menu_order":2,"comment_status":"closed","ping_status":"closed","template":"page-static-rich.php","meta":{"_acf_changed":false,"footnotes":"","_links_to":"","_links_to_target":""},"class_list":["post-9546","page","type-page","status-publish","hentry"],"acf":[],"_links":{"self":[{"href":"https:\/\/www.cp-rup.com\/fr\/wp-json\/wp\/v2\/pages\/9546","targetHints":{"allow":["GET"]}}],"collection":[{"href":"https:\/\/www.cp-rup.com\/fr\/wp-json\/wp\/v2\/pages"}],"about":[{"href":"https:\/\/www.cp-rup.com\/fr\/wp-json\/wp\/v2\/types\/page"}],"author":[{"embeddable":true,"href":"https:\/\/www.cp-rup.com\/fr\/wp-json\/wp\/v2\/users\/36"}],"replies":[{"embeddable":true,"href":"https:\/\/www.cp-rup.com\/fr\/wp-json\/wp\/v2\/comments?post=9546"}],"version-history":[{"count":4,"href":"https:\/\/www.cp-rup.com\/fr\/wp-json\/wp\/v2\/pages\/9546\/revisions"}],"predecessor-version":[{"id":9558,"href":"https:\/\/www.cp-rup.com\/fr\/wp-json\/wp\/v2\/pages\/9546\/revisions\/9558"}],"up":[{"embeddable":true,"href":"https:\/\/www.cp-rup.com\/fr\/wp-json\/wp\/v2\/pages\/5982"}],"wp:attachment":[{"href":"https:\/\/www.cp-rup.com\/fr\/wp-json\/wp\/v2\/media?parent=9546"}],"curies":[{"name":"wp","href":"https:\/\/api.w.org\/{rel}","templated":true}]}}