{"id":17,"date":"2017-09-20T08:44:42","date_gmt":"2017-09-20T08:44:42","guid":{"rendered":"http:\/\/rup.dev\/?page_id=17"},"modified":"2025-06-16T09:51:05","modified_gmt":"2025-06-16T09:51:05","slug":"acores","status":"publish","type":"page","link":"https:\/\/www.cp-rup.com\/pt\/regioes-ultraperifericas\/acores\/","title":{"rendered":"A\u00e7ores"},"content":{"rendered":"<h1 style=\"text-align: center;\">A\u00e7ores<\/h1>\n<p>O arquip\u00e9lago dos A\u00e7ores situa-se em pleno Atl\u00e2ntico Norte, 36\u00ba a 43\u00ba de Latitude Norte e 25\u00ba a 31\u00ba de Longitude Oeste, aproximadamente a 1500 km a Oeste de Lisboa e a 3600 km a Este da Am\u00e9rica do Norte.<\/p>\n<p>Os A\u00e7ores caracterizam-se pela sua diversidade paisag\u00edstica e pela riqueza do seu patrim\u00f3nio ambiental, natural e cultural. A localiza\u00e7\u00e3o geogr\u00e1fica e a origem vulc\u00e2nica dos A\u00e7ores s\u00e3o respons\u00e1veis por uma ampla variedade de ecossistemas.<\/p>\n<p>As ilhas do Corvo, das Flores e Graciosa e as Faj\u00e3s de S. Jorge, s\u00e3o Reservas da Biosfera, classificadas pela UNESCO. O centro hist\u00f3rico da cidade de Angra do Hero\u00edsmo, na ilha Terceira, considerado como um dos mais not\u00e1veis exemplos do urbanismo renascentista, e a Paisagem da Cultura da Vinha, na ilha do Pico, s\u00e3o Patrim\u00f3nio Mundial da UNESCO. Todo o territ\u00f3rio a\u00e7oriano, abrangendo 121 locais geograficamente dispersos de patrim\u00f3nio geol\u00f3gico e \u00e1reas marinhas das nove ilhas vulc\u00e2nicas do arquip\u00e9lago dos A\u00e7ores \u00e9 classificado pela UNESCO como Geoparque.<\/p>\n<p>Os A\u00e7ores caracterizam-se tamb\u00e9m pela sua posi\u00e7\u00e3o geoestrat\u00e9gica, entre os continentes europeu, americano e africano, e s\u00e3o, pois, um formid\u00e1vel ativo da proje\u00e7\u00e3o mundial da Uni\u00e3o Europeia.<\/p>\n<p>O arquip\u00e9lago \u00e9 composto por nove ilhas &#8211; S\u00e3o Miguel, Santa Maria, Terceira, Graciosa, Faial, S\u00e3o Jorge e Pico, Flores e Corvo &#8211; com uma superf\u00edcie terrestre total de 2.321 km <sup>2<\/sup> e pelo mar envolvente, que perfaz perto de um milh\u00e3o de km<sup>2<\/sup>.<\/p>\n<h2><\/h2>\n<p>A par da sua ultraperiferia, a dispers\u00e3o geogr\u00e1fica entre ilhas acentua os desafios que se colocam aos a\u00e7orianos. Por exemplo, o afastamento entre a ilha do Corvo ou das Flores e a ilha de Santa Maria ultrapassa os 600 km.<\/p>\n<p>A popula\u00e7\u00e3o da Regi\u00e3o Aut\u00f3noma dos A\u00e7ores \u00e9 de 245.283 habitantes, com uma densidade populacional m\u00e9dia de 105 habitantes\/km<sup>2<\/sup> e com um PIB\/Capita que tem vindo a aproximar-se da m\u00e9dia comunit\u00e1ria.<\/p>\n<p>Os A\u00e7ores t\u00eam um clima temperado mar\u00edtimo, com temperaturas m\u00e9dias 24\u00b0C no Ver\u00e3o e de 13\u00b0C no Inverno.<\/p>\n<p>&nbsp;<\/p>\n<div class=\"col-12 mb-5\">\n<div class=\"row\">\n<div class=\"col-12 col-sm-12 col-md-12\">\n                    \t<div class=\"rup_main_map__wrapper position-relative\">\n\t\t<div id=\"rup_main_map\" class=\"position-static\" style=\"background-image: url('https:\/\/www.cp-rup.com\/wp-content\/themes\/rup\/img\/MapaSVGCPRUP.svg');\">\n            <a href=\"https:\/\/www.cp-rup.com\/pt\/regioes-ultraperifericas\/acores\/\">\n\t\t\t\t<div class=\"map-marker--wrapper azores\" style=\"top: 35%; left: 39.7%;\">\n\t\t\t\t\t<div class=\"hover_title Azores\"> A\u00e7ores <\/div>\n\t\t\t\t\t<div class=\"map-marker map-marker--selected Azores\" title=\"A\u00e7ores\"><\/div>\n\t\t\t\t<\/div>\n\t\t\t<\/a>\n            <a href=\"https:\/\/www.cp-rup.com\/pt\/regioes-ultraperifericas\/madeira\/\">\n\t\t\t\t<div class=\"map-marker--wrapper madeira\" style=\"top: 40%; left: 40.1%;\">\n\t\t\t\t\t<div class=\"hover_title Madeira\"> Madeira <\/div>\n\t\t\t\t\t<div class=\"map-marker  Madeira\" title=\"Madeira\"><\/div>\n\t\t\t\t<\/div>\n\t\t\t<\/a>\n            <a href=\"https:\/\/www.cp-rup.com\/pt\/regioes-ultraperifericas\/canarias\/\">\n\t\t\t\t<div class=\"map-marker--wrapper canarias\" style=\"top: 44%; left: 40.5%;\">\n\t\t\t\t\t<div class=\"hover_title Canarias\"> Canarias <\/div>\n\t\t\t\t\t<div class=\"map-marker  Canarias\" title=\"Canarias\"><\/div>\n\t\t\t\t<\/div>\n\t\t\t<\/a>\n            <a href=\"https:\/\/www.cp-rup.com\/pt\/regioes-ultraperifericas\/saint-martin\/\">\n\t\t\t\t<div class=\"map-marker--wrapper saint-martin\" style=\"top: 46%; left: 30.7%;\">\n\t\t\t\t\t<div class=\"hover_title San_Martin\"> Saint-Martin <\/div>\n\t\t\t\t\t<div class=\"map-marker  San_Martin\" title=\"Saint-Martin\"><\/div>\n\t\t\t\t<\/div>\n\t\t\t<\/a>\n            <a href=\"https:\/\/www.cp-rup.com\/pt\/regioes-ultraperifericas\/guadalupe\/\">\n\t\t\t\t<div class=\"map-marker--wrapper guadeloupe\" style=\"top: 48%; left: 31.7%;\">\n\t\t\t\t\t<div class=\"hover_title Guadalupe\"> Guadeloupe <\/div>\n\t\t\t\t\t<div class=\"map-marker  Guadalupe\" title=\"Guadeloupe\"><\/div>\n\t\t\t\t<\/div>\n\t\t\t<\/a>\n            <a href=\"https:\/\/www.cp-rup.com\/pt\/regioes-ultraperifericas\/martinica\/\">\n\t\t\t\t<div class=\"map-marker--wrapper martinica\" style=\"top: 51%; left: 31.7%;\">\n\t\t\t\t\t<div class=\"hover_title Martinica\" style=\"top: 5px !important;\"> Martinique <\/div>\n\t\t\t\t\t<div class=\"map-marker  Martinica\" title=\"Martinique\"><\/div>\n\t\t\t\t<\/div>\n\t\t\t<\/a>\n            <a href=\"https:\/\/www.cp-rup.com\/pt\/regioes-ultraperifericas\/guiana-francesa\/\">\n\t\t\t\t<div class=\"map-marker--wrapper guayana\" style=\"top: 55.2%; left: 32.2%;\">\n\t\t\t\t\t<div class=\"hover_title Guayana_Francesa\"> Guyane <\/div>\n\t\t\t\t\t<div class=\"map-marker  Guayana_Francesa\" title=\"Guyane\"><\/div>\n\t\t\t\t<\/div>\n\t\t\t<\/a>\n\t\t\t\t\n\t\t\t\n            <a href=\"https:\/\/www.cp-rup.com\/pt\/regioes-ultraperifericas\/maiote\/\">\n\t\t\t\t<div class=\"map-marker--wrapper mayotte\" style=\"top: 67%; left: 52.7%;\">\n\t\t\t\t\t<div class=\"hover_title Mayotte\"> Mayotte <\/div>\n\t\t\t\t\t<div class=\"map-marker  Mayotte\" title=\"Mayotte\"><\/div>\n\t\t\t\t<\/div>\n\t\t\t<\/a>\n            <a href=\"https:\/\/www.cp-rup.com\/pt\/regioes-ultraperifericas\/reuniao\/\">\n\t\t\t\t<div class=\"map-marker--wrapper reunion\" style=\"top: 72%; left: 55.2%;\">\n\t\t\t\t\t<div class=\"hover_title La_Reunion\"> R\u00e9union <\/div>\n\t\t\t\t\t<div class=\"map-marker  La_Reunion\" title=\"R\u00e9union\"><\/div>\n\t\t\t\t<\/div>\n\t\t\t<\/a>\n\t\t<\/div>\n\t<\/div>\n\n\t<style>\n\t.rup_main_map__wrapper:hover .hover_title {\n\t\topacity:1;\n\t}\n\t\n\t.hover_title {\n\t\tposition: absolute;\n\t\topacity:0;\n\t\ttransition: 0.15s opacity ease-in-out;\n\t\tbackground: rgba(255,255,255,0.75);\n\t\tborder-radius: 5px;\n\t\twidth: 60px;\n\t\tfont-size: 10px;\n\t}\n\n\t\t.hover_title:hover + .map-marker{\n\t\t\tanimation-name: animated-map-marker;\n\t\t\tanimation-duration: 0.5s;\n\t\t\tanimation-iteration-count: infinite;\n\t\t\tanimation-direction: alternate;\n\t\t}\n\t<\/style>\n\t<script>\n\tvar azores = jQuery('.map-marker[title=\"A\u00e7ores\"]');\n\tvar madeira = jQuery('.map-marker[title=\"Madeira\"]');\n\tvar canarias = jQuery('.map-marker[title=\"Canarias\"]');\n\tvar saint_martin = jQuery('.map-marker[title=\"Saint-Martin\"]');\n\tvar guadeloupe = jQuery('.map-marker[title=\"Guadeloupe\"]');\n\tvar martinique = jQuery('.map-marker[title=\"Martinique\"]');\n\tvar guyane = jQuery('.map-marker[title=\"Guyane\"]');\n\tvar mayotte = jQuery('.map-marker[title=\"Mayotte\"]');\n\tvar la_reunion  = jQuery('.map-marker[title=\"R\u00e9union\"]');\n\tvar rup = [ azores, madeira, canarias, mayotte, la_reunion, guyane, martinique, guadeloupe, saint_martin ];\n\tvar speed = 500;\n\tvar animation_from = {opacity: 0.25};\n\tvar animation_to = {opacity: 1};\n\tvar animation_easing = \"swing\";\n\t\n\tfunction animate(index){\n\t\trup[index].animate(animation_from, speed, animation_easing, function(){\n\t\t\trup[index].animate(animation_to, speed, animation_easing, function(){\n\t\t\t\tanimate((index+1) % rup.length);\n\t\t\t});\n\t\t});\n\t}\n\n\tanimate(0);\n\t\n\t<\/script>\n\t\n                <\/div>\n<\/p><\/div>\n<\/p><\/div>\n<h3 style=\"text-align: center;\">Estatuto Pol\u00edtico-Administrativo da Regi\u00e3o Aut\u00f3noma dos A\u00e7ores:<\/h3>\n<p>&nbsp;<\/p>\n<p>Desde de 1976 que os A\u00e7ores s\u00e3o uma Regi\u00e3o Aut\u00f3noma, estatuto consagrado na Constitui\u00e7\u00e3o da Rep\u00fablica Portuguesa. O <a href=\"&lt;a href=\" target=\"_blank\" rel=\"noopener noreferrer\">Estatuto pol\u00edtico-administrativo<\/a> dos A\u00e7ores foi aprovado pela Lei n\u00ba39\/80, de 22 de Agosto. S\u00e3o \u00f3rg\u00e3os de governo pr\u00f3prio o <a href=\"&lt;a href=\" target=\"_blank\" rel=\"noopener noreferrer\">Governo Regional<\/a> e a <a href=\"http:\/\/alra.pt\/\" target=\"_blank\" rel=\"noopener noreferrer\">Assembleia Legislativa<\/a>, eleita por sufr\u00e1gio universal direto e dotada de amplas compet\u00eancias pol\u00edticas e legislativas.<\/p>\n<p>A Regi\u00e3o Aut\u00f3noma dos A\u00e7ores \u00e9 dividida administrativamente em 19 concelhos e 150 freguesias.<\/p>\n<p>&nbsp;<\/p>\n<h2 style=\"text-align: center;\">\u00a0Atividades Econ\u00f3micas<\/h2>\n<h3 style=\"text-align: center;\"><strong>\u00a0<\/strong>Agricultura<\/h3>\n<p>&nbsp;<\/p>\n<p>A economia a\u00e7oriana est\u00e1 fortemente ligada ao setor agr\u00edcola e tem como principais elementos a produ\u00e7\u00e3o de leite (mais de 30% da produ\u00e7\u00e3o de leite em Portugal\u00a0<a href=\"#_ftn1\" name=\"_ftnref1\">[1]<\/a>), o abate e exporta\u00e7\u00e3o de carne bovina, a produ\u00e7\u00e3o de vinhos e a agricultura biol\u00f3gica. A produ\u00e7\u00e3o de queijo\u00a0<a href=\"#_ftn2\" name=\"_ftnref2\">[2]<\/a> merece tamb\u00e9m destaque, sendo realizada em algumas ilhas dos A\u00e7ores ainda de forma artesanal. Cerca de 50% do queijo produzido em territ\u00f3rio portugu\u00eas \u00e9 feito nos A\u00e7ores. O Queijo de S\u00e3o Jorge, por exemplo, possui a domina\u00e7\u00e3o DOP, Denomina\u00e7\u00e3o de Origem Protegida, pela sua qualidade e meio geogr\u00e1fico em que \u00e9 produzido.<\/p>\n<p>A grande maioria do solo a\u00e7oriano \u00e9 ocupado por pastagens, florestas e \u00e1reas de uso agr\u00edcola, principalmente explora\u00e7\u00f5es agr\u00edcolas.<\/p>\n<p>As pol\u00edticas p\u00fablicas da agricultura s\u00e3o focadas na moderniza\u00e7\u00e3o da atividade e das suas infraestruturas, de forma a melhorar o acesso \u00e0s explora\u00e7\u00f5es agr\u00edcolas, \u00e0s redes el\u00e9tricas e de abastecimento de \u00e1gua.<\/p>\n<p>Um dos fortes desafios que s\u00e3o colocados aos A\u00e7orianos tem, precisamente, a ver com a potencia\u00e7\u00e3o paisag\u00edstica e ambiental da agricultura dos A\u00e7ores.<strong>\u00a0<\/strong><\/p>\n<p>&nbsp;<\/p>\n<h3 style=\"text-align: center;\">Mar e Pescas<\/h3>\n<p>&nbsp;<\/p>\n<p>As pescas e a economia azul s\u00e3o tamb\u00e9m de extrema import\u00e2ncia para a economia dos A\u00e7ores, visto que a Zona Econ\u00f3mica Exclusiva (ZEE) dos A\u00e7ores representa cerca de 954 496 km<sup>2<\/sup>, ou seja, 55% da ZEE portuguesa e 18% do mar europeu.<\/p>\n<p>As atividades associadas ao mar, como a aquicultura, n\u00e1utica, investiga\u00e7\u00e3o cient\u00edfica, marinha, a conserva\u00e7\u00e3o do ambiente e recursos marinhos, o turismo mar\u00edtimo e de observa\u00e7\u00e3o de cet\u00e1ceos, evidenciam o potencial dos A\u00e7ores no desenvolvimento end\u00f3geno atrav\u00e9s das Economias Azul e Verde.<\/p>\n<p>A ind\u00fastria conserveira, especialmente, de atum, ocupa uma posi\u00e7\u00e3o de relevo nas exporta\u00e7\u00f5es do arquip\u00e9lago, sendo Espanha e It\u00e1lia os seus principais mercados de destino.<\/p>\n<p>A pesca de atum nos A\u00e7ores \u00e9, tamb\u00e9m, distinguida pela organiza\u00e7\u00e3o internacional GreenPeace como \u201cDolphin Safe\u201d (segura para os golfinhos) e \u201cFriend of the Sea\u201d (amiga do oceano).<\/p>\n<p>&nbsp;<\/p>\n<h3 style=\"text-align: center;\">Turismo<\/h3>\n<p>&nbsp;<\/p>\n<p>O turismo \u00e9 um dos setores da economia regional que tem tido um maior crescimento. A preserva\u00e7\u00e3o da sustentabilidade do destino A\u00e7ores e a garantia de um equil\u00edbrio adequado entre a atividade tur\u00edstica, as infraestruturas associadas e a prote\u00e7\u00e3o da paisagem, dos ecossistemas e a sua biodiversidade, s\u00e3o marcas \u00fanicas da Regi\u00e3o.<\/p>\n<p>Esta estrat\u00e9gia tem vindo a ganhar notoriedade a n\u00edvel europeu e internacional. Entre muitas outras distin\u00e7\u00f5es e pr\u00e9mios, o Arquip\u00e9lago foi declarado \u201cDestino Quality Coast n\u00ba1\u201d, com reconhecimento Ouro, pr\u00e9mio que distingue o destino costeiro de f\u00e9rias mais sustent\u00e1vel na Europa, e premiado pela European Best no \u00e2mbito da atividade de observa\u00e7\u00e3o de cet\u00e1ceos como um dos melhores destinos da Europa.<\/p>\n<p>A liga\u00e7\u00e3o entre o turismo e as atividades ligadas ao mar, ao ambiente e \u00e0 agricultura \u00e9 vis\u00edvel salientando-se a observa\u00e7\u00e3o de cet\u00e1ceos, a pesca desportiva e submarina, a vela, o iatismo, o turismo de cruzeiros, entre outros, que s\u00e3o tamb\u00e9m um fator de diversifica\u00e7\u00e3o e convers\u00e3o de ativos e de t\u00e9cnicas tradicionais.<\/p>\n<p>&nbsp;<\/p>\n<h3 style=\"text-align: center;\">Investiga\u00e7\u00e3o, Inova\u00e7\u00e3o e Energia<\/h3>\n<p>&nbsp;<\/p>\n<p>Os A\u00e7ores t\u00eam vindo a refor\u00e7ar a sua participa\u00e7\u00e3o em projetos europeus que visam a inova\u00e7\u00e3o assente no conhecimento, no \u00e2mbito de cons\u00f3rcios ou parcerias, captando financiamento comunit\u00e1rio direto, nomeadamente nos programas Horizonte 2020 ou Interreg (Europa e Espa\u00e7o Atl\u00e2ntico, por exemplo), como forma de contribuir para o desenvolvimento e consolida\u00e7\u00e3o da capacita\u00e7\u00e3o cient\u00edfica na Regi\u00e3o, para o refor\u00e7o do eixo econ\u00f3mico baseado em ID&amp;I e para a proje\u00e7\u00e3o dos A\u00e7ores no Espa\u00e7o Europeu de Investiga\u00e7\u00e3o.<\/p>\n<p>Por seu turno, a <a href=\"http:\/\/www.uac.pt\/\" target=\"_blank\" rel=\"noopener noreferrer\">Universidade dos A\u00e7ores<\/a>, criada em 1976, \u00e9 constitu\u00edda por tr\u00eas polos localizados nas ilhas de S\u00e3o Miguel, da Terceira e do Faial, e integra unidades org\u00e2nicas universit\u00e1rias e polit\u00e9cnicas. As \u00e1reas de excel\u00eancia e de reconhecimento a n\u00edvel internacional da Universidade dos A\u00e7ores s\u00e3o as ci\u00eancias e as tecnologias do mar e da pesca e, em particular, o estudo das \u00e1guas profundas, dos montes submarinos, das fontes hidrotermais, do ambiente e das altera\u00e7\u00f5es clim\u00e1ticas, assim como o estudo da biodiversidade, da vulcanologia\/sismologia e da biotecnologia agroindustrial e marinha.<\/p>\n<p>A confirmar a sua import\u00e2ncia e centralidade, os A\u00e7ores v\u00e3o acolher o Observat\u00f3rio do Atl\u00e2ntico, uma infraestrutura de investiga\u00e7\u00e3o, monitoriza\u00e7\u00e3o, prote\u00e7\u00e3o e explora\u00e7\u00e3o sustent\u00e1vel dos recursos do mar profundo. O Centro Internacional de Investiga\u00e7\u00e3o dos A\u00e7ores (&#8220;Atlantic International Research Center&#8221; ou AIR Center) \u00e9 uma organiza\u00e7\u00e3o cient\u00edfica internacional sedeada nos A\u00e7ores com foco no Atl\u00e2ntico e visa o desenvolvimento cient\u00edfico e tecnol\u00f3gico nas \u00e1reas do espa\u00e7o, oceano, atmosfera, clima e energia. Na componente espacial, um dos projetos do AIR Center \u00e9 a cria\u00e7\u00e3o de uma base espacial para o lan\u00e7amento de pequenos sat\u00e9lites, nos A\u00e7ores, na ilha de Santa Maria.<\/p>\n<p>Os A\u00e7ores s\u00e3o, igualmente, um exemplo de sustentabilidade pela sua pol\u00edtica de descarboniza\u00e7\u00e3o, j\u00e1 que 41% da sua energia \u00e9 de origem renov\u00e1vel e end\u00f3gena, em particular a geot\u00e9rmica que j\u00e1 representa 67% das energias renov\u00e1veis.<\/p>\n<p>&nbsp;<\/p>\n<p>&nbsp;<\/p>\n\t\t<div class=\"col-12 mb-5\">\n\t\t\t<div class=\"row widget_picture_with_floating_text\">\n\t\t\t\t<div class=\"col-8  widget_picture_with_floating_text__picture\" style=\"background-image: url('https:\/\/cp-rup.com\/wp-content\/uploads\/2018\/10\/Azores-S\u00e3o-Miguel-Island.jpg.');\"><\/div>\n\t\t\t\t<div class=\"col-6 widget_picture_with_floating_text__text widget_picture_with_floating_text__text--right\">\n\t\t\t\t\t<h3> Turismo<\/h3>\n\t\t\t\t\t<p>A preserva\u00e7\u00e3o da sustentabilidade do destino A\u00e7ores e a garantia de um equil\u00edbrio adequado entre a atividade tur\u00edstica, as infraestruturas associadas e a prote\u00e7\u00e3o da paisagem, dos ecossistemas e a sua biodiversidade, s\u00e3o marcas \u00fanicas da Regi\u00e3o. <\/p>\n\t\t\t\t<\/div>\n\t\t\t<\/div>\n\t\t<\/div>\n\n\n\t\t<div class=\"col-12 mb-5\">\n\t\t\t<div class=\"row widget_picture_with_floating_text\">\n\t\t\t\t<div class=\"col-8 offset-4 widget_picture_with_floating_text__picture\" style=\"background-image: url('https:\/\/cp-rup.com\/wp-content\/uploads\/2018\/10\/Azores-PS-Faial-Island-Fisheries.jpg');\"><\/div>\n\t\t\t\t<div class=\"col-6 widget_picture_with_floating_text__text widget_picture_with_floating_text__text--left\">\n\t\t\t\t\t<h3>Mar e Pescas<\/h3>\n\t\t\t\t\t<p> A pesca de atum nos A\u00e7ores \u00e9, tamb\u00e9m, distinguida pela organiza\u00e7\u00e3o internacional GreenPeace como \u201cDolphin Safe\u201d (segura para os golfinhos) e \u201cFriend of the Sea\u201d (amiga do oceano). <\/p>\n\t\t\t\t<\/div>\n\t\t\t<\/div>\n\t\t<\/div>\n\n\n\t\t<div class=\"col-12 mb-5\">\n\t\t\t<div class=\"row widget_picture_with_floating_text\">\n\t\t\t\t<div class=\"col-8  widget_picture_with_floating_text__picture\" style=\"background-image: url('https:\/\/cp-rup.com\/wp-content\/uploads\/2018\/10\/Azores-JAR-PS-Santa-Maria-Island-Satellite.jpg');\"><\/div>\n\t\t\t\t<div class=\"col-6 widget_picture_with_floating_text__text widget_picture_with_floating_text__text--right\">\n\t\t\t\t\t<h3>Investiga\u00e7\u00e3o<\/h3>\n\t\t\t\t\t<p> Na componente espacial, um dos projetos do AIR Center \u00e9 a cria\u00e7\u00e3o de uma base espacial para o lan\u00e7amento de pequenos sat\u00e9lites, nos A\u00e7ores, na ilha de Santa Maria. <\/p>\n\t\t\t\t<\/div>\n\t\t\t<\/div>\n\t\t<\/div>\n\n\n<p><a href=\"#_ftnref1\" name=\"_ftn1\">[1]<\/a><a href=\"http:\/\/ec.europa.eu\/regional_policy\/sources\/activity\/outermost\/doc\/plan_action_strategique_eu2020_acores_pt.pdf\" target=\"_blank\" rel=\"noopener noreferrer\">http:\/\/ec.europa.eu\/regional_policy\/sources\/activity\/outermost\/doc\/plan_action_strategique_eu2020_acores_pt.pdf<\/a><\/p>\n<p><a href=\"#_ftnref2\" name=\"_ftn2\">[2]<\/a> <a href=\"https:\/\/www.investinazores.com\/index.php\/pt\/porque-acores\/setor-agroalimentar\" target=\"_blank\" rel=\"noopener noreferrer\">https:\/\/www.investinazores.com\/index.php\/pt\/porque-acores\/setor-agroalimentar<\/a><\/p>\n<h3><\/h3>\n<h3 style=\"text-align: center;\">A\u00e7ores\u00a0em fotos<\/h3>\n<h6>Fotos: Jos\u00e9 Ant\u00f3nio Rodrigues<\/h6>\n<div id=\"metaslider-id-3849\" style=\"width: 100%; margin: 0 auto;\" class=\"ml-slider-3-20-3 metaslider metaslider-flex metaslider-3849 ml-slider\">\n    <div id=\"metaslider_container_3849\">\n        <div id=\"metaslider_3849\">\n            <ul aria-live=\"polite\" class=\"slides\">\n                <li style=\"display: block; width: 100%;\" class=\"slide-3850 ms-image\"><img loading=\"lazy\" decoding=\"async\" src=\"https:\/\/www.cp-rup.com\/wp-content\/uploads\/2018\/10\/JAR-Landscape-S\u00e3o-Jorge-Island-1088x400.jpg\" height=\"400\" width=\"1088\" alt=\"\" class=\"slider-3849 slide-3850\" \/><div class=\"caption-wrap\"><div class=\"caption\">S\u00e3o Jorge <\/div><\/div><\/li>\n                <li style=\"display: none; width: 100%;\" class=\"slide-3851 ms-image\"><img loading=\"lazy\" decoding=\"async\" src=\"https:\/\/www.cp-rup.com\/wp-content\/uploads\/2018\/10\/Azores-JAR-Corvo-Island-Top-of-the-page-1088x400.jpg\" height=\"400\" width=\"1088\" alt=\"\" class=\"slider-3849 slide-3851\" \/><div class=\"caption-wrap\"><div class=\"caption\">Corvo <\/div><\/div><\/li>\n                <li style=\"display: none; width: 100%;\" class=\"slide-3852 ms-image\"><img loading=\"lazy\" decoding=\"async\" src=\"https:\/\/www.cp-rup.com\/wp-content\/uploads\/2018\/10\/Azores-JAR-Terceira-Island-1088x400.jpg\" height=\"400\" width=\"1088\" alt=\"\" class=\"slider-3849 slide-3852\" \/><div class=\"caption-wrap\"><div class=\"caption\">Ilha Terceira\n<\/div><\/div><\/li>\n                <li style=\"display: none; width: 100%;\" class=\"slide-3854 ms-image\"><img loading=\"lazy\" decoding=\"async\" src=\"https:\/\/www.cp-rup.com\/wp-content\/uploads\/2018\/10\/Azores-JAR-PS-S\u00e3o-Jorge-Cheese-1088x400.jpg\" height=\"400\" width=\"1088\" alt=\"\" class=\"slider-3849 slide-3854\" \/><div class=\"caption-wrap\"><div class=\"caption\">Ilha S\u00e3o Jorge, <\/div><\/div><\/li>\n                <li style=\"display: none; width: 100%;\" class=\"slide-3855 ms-image\"><img loading=\"lazy\" decoding=\"async\" src=\"https:\/\/www.cp-rup.com\/wp-content\/uploads\/2018\/10\/Azores-JAR-PS-Inter-island-transport-1-1088x400.jpg\" height=\"400\" width=\"1088\" alt=\"\" class=\"slider-3849 slide-3855\" \/><div class=\"caption-wrap\"><div class=\"caption\">Azores<\/div><\/div><\/li>\n                <li style=\"display: none; width: 100%;\" class=\"slide-3856 ms-image\"><img loading=\"lazy\" decoding=\"async\" src=\"https:\/\/www.cp-rup.com\/wp-content\/uploads\/2018\/10\/Azores-JAR-PS-Fisheries-1088x400.jpg\" height=\"400\" width=\"1088\" alt=\"\" class=\"slider-3849 slide-3856\" \/><div class=\"caption-wrap\"><div class=\"caption\">Azores <\/div><\/div><\/li>\n                <li style=\"display: none; width: 100%;\" class=\"slide-3857 ms-image\"><img loading=\"lazy\" decoding=\"async\" src=\"https:\/\/www.cp-rup.com\/wp-content\/uploads\/2018\/10\/Azores-JAR-Terceira-Island-II-1088x400.jpg\" height=\"400\" width=\"1088\" alt=\"\" class=\"slider-3849 slide-3857\" \/><div class=\"caption-wrap\"><div class=\"caption\">Ilha Terceira<\/div><\/div><\/li>\n                <li style=\"display: none; width: 100%;\" class=\"slide-3858 ms-image\"><img loading=\"lazy\" decoding=\"async\" src=\"https:\/\/www.cp-rup.com\/wp-content\/uploads\/2018\/10\/Azores-JAR-Faial-Island-1-1088x400.jpg\" height=\"400\" width=\"1088\" alt=\"\" class=\"slider-3849 slide-3858\" \/><div class=\"caption-wrap\"><div class=\"caption\"> Faial<\/div><\/div><\/li>\n            <\/ul>\n        <\/div>\n        \n    <\/div>\n<\/div>\n<p>&nbsp;<\/p>\n<h2><\/h2>\n<p>&nbsp;<\/p>\n<p>&nbsp;<\/p>\n","protected":false},"excerpt":{"rendered":"<p>A\u00e7ores O arquip\u00e9lago dos A\u00e7ores situa-se em pleno Atl\u00e2ntico Norte, 36\u00ba a 43\u00ba de Latitude Norte e 25\u00ba a 31\u00ba de Longitude Oeste, aproximadamente a 1500 km a Oeste de Lisboa e a 3600 km a Este da Am\u00e9rica do Norte. Os A\u00e7ores caracterizam-se pela sua diversidade paisag\u00edstica e pela riqueza do seu patrim\u00f3nio ambiental, [&hellip;]<\/p>\n","protected":false},"author":45,"featured_media":3680,"parent":13,"menu_order":0,"comment_status":"closed","ping_status":"closed","template":"page-region-detail.php","meta":{"_acf_changed":false,"footnotes":"","_links_to":"","_links_to_target":""},"class_list":["post-17","page","type-page","status-publish","has-post-thumbnail","hentry"],"acf":[],"_links":{"self":[{"href":"https:\/\/www.cp-rup.com\/pt\/wp-json\/wp\/v2\/pages\/17","targetHints":{"allow":["GET"]}}],"collection":[{"href":"https:\/\/www.cp-rup.com\/pt\/wp-json\/wp\/v2\/pages"}],"about":[{"href":"https:\/\/www.cp-rup.com\/pt\/wp-json\/wp\/v2\/types\/page"}],"author":[{"embeddable":true,"href":"https:\/\/www.cp-rup.com\/pt\/wp-json\/wp\/v2\/users\/45"}],"replies":[{"embeddable":true,"href":"https:\/\/www.cp-rup.com\/pt\/wp-json\/wp\/v2\/comments?post=17"}],"version-history":[{"count":60,"href":"https:\/\/www.cp-rup.com\/pt\/wp-json\/wp\/v2\/pages\/17\/revisions"}],"predecessor-version":[{"id":9870,"href":"https:\/\/www.cp-rup.com\/pt\/wp-json\/wp\/v2\/pages\/17\/revisions\/9870"}],"up":[{"embeddable":true,"href":"https:\/\/www.cp-rup.com\/pt\/wp-json\/wp\/v2\/pages\/13"}],"wp:featuredmedia":[{"embeddable":true,"href":"https:\/\/www.cp-rup.com\/pt\/wp-json\/wp\/v2\/media\/3680"}],"wp:attachment":[{"href":"https:\/\/www.cp-rup.com\/pt\/wp-json\/wp\/v2\/media?parent=17"}],"curies":[{"name":"wp","href":"https:\/\/api.w.org\/{rel}","templated":true}]}}