{"id":25,"date":"2017-09-20T08:45:25","date_gmt":"2017-09-20T08:45:25","guid":{"rendered":"http:\/\/rup.dev\/?page_id=25"},"modified":"2023-04-10T12:26:33","modified_gmt":"2023-04-10T12:26:33","slug":"reuniao","status":"publish","type":"page","link":"https:\/\/www.cp-rup.com\/pt\/regioes-ultraperifericas\/reuniao\/","title":{"rendered":"Reuni\u00e3o"},"content":{"rendered":"<h2 style=\"text-align: center;\">REUNI\u00c3O<\/h2>\n<h2 style=\"text-align: center;\">Descri\u00e7\u00e3o do Territ\u00f3rio<\/h2>\n<p>Localizada em pleno sudoeste do Oceano \u00cdndico, a Reuni\u00e3o \u00e9 uma regi\u00e3o europeia do hemisf\u00e9rio sul e a mais distante da Europa continental. A ilha disp\u00f5e de infraestruturas de qualidade, o que a coloca na vanguarda na zona do Oceano \u00cdndico em termos de equipamentos.<\/p>\n<p>Dois aeroportos internacionais, bem como o grande porto mar\u00edtimo permitem que a Reuni\u00e3o esteja permanentemente aberta ao resto do mundo. O territ\u00f3rio tamb\u00e9m est\u00e1 interligado por banda larga gra\u00e7as a uma rede de qualidade que incorpora v\u00e1rias tecnologias. A Reuni\u00e3o conta tamb\u00e9m com modernas infraestruturas sanit\u00e1rias, equipadas com os equipamentos p\u00fablicos mais eficientes da zona do Oceano \u00cdndico.<\/p>\n<h2 style=\"text-align: center;\">Demografia<\/h2>\n<p>A 1 de Janeiro de 2019, 861 200 pessoas viviam na Reuni\u00e3o. Desde 2013, a popula\u00e7\u00e3o tem vindo a crescer 0,5% por ano, a um ritmo mais r\u00e1pido do que na Fran\u00e7a Continental (+0,4%). Este crescimento demogr\u00e1fico \u00e9 impulsionado pelo equil\u00edbrio natural, marcado por um superavit de nascimentos em rela\u00e7\u00e3o aos \u00f3bitos. No entanto, \u00e9 travado pela maior taxa de partidas em rela\u00e7\u00e3o \u00e0s chegadas. A taxa de fertilidade permanece elevada e \u00e9 claramente mais elevada do que na Fran\u00e7a metropolitana. A popula\u00e7\u00e3o \u00e9 jovem (n\u00famero de jovens com menos de 20 anos \u00e9 2,5 vezes superior \u00e0 popula\u00e7\u00e3o com mais de 65).<\/p>\n<h2 style=\"text-align: center;\">N\u00edvel de vida m\u00e9dio e pobreza<\/h2>\n<p>Em 2019, 37% da popula\u00e7\u00e3o da Reuni\u00e3o vivia abaixo do limiar de pobreza metropolitana. Uma taxa muito mais elevada do que na Fran\u00e7a metropolitana (15%). De facto, o d\u00e9fice de emprego continua a ser elevado na ilha. Os n\u00edveis de vida continuam a ser mais baixos na Reuni\u00e3o em toda a escala de rendimentos. Metade da popula\u00e7\u00e3o da Reuni\u00e3o tem um n\u00edvel de vida inferior a 1.320 euros por m\u00eas, ou seja, menos 27% do que a m\u00e9dia nacional.<\/p>\n<h2 style=\"text-align: center;\">Produto Interno Bruto<\/h2>\n<p>Com um produto interno bruto (PIB) de 19,2 mil milh\u00f5es de euros em 2020, a Reuni\u00e3o \u00e9 uma das regi\u00f5es francesas que gera menos riqueza. Contudo, tem o PIB mais elevado dos departamentos ultramarinos franceses (DOM). O PIB per capita e por emprego s\u00e3o ainda muito inferiores, 7.000 euros e 10.000 euros respetivamente, aos das regi\u00f5es metropolitanas, excluindo Ile-de-France. No entanto, o seu PIB per capita \u00e9 superior ao dos territ\u00f3rios vizinhos no Oceano \u00cdndico, e muito pr\u00f3ximo do da Guadalupe.<\/p>\n<h2 style=\"text-align: center;\">N\u00edvel de educa\u00e7\u00e3o<\/h2>\n<p>Mais de um em cada tr\u00eas habitantes (36,5%) com 15 anos ou mais e que n\u00e3o frequentam a escola, possuem pelo menos um diploma do n\u00edvel secund\u00e1rio na Reuni\u00e3o. Um em cada cinco habitantes tem uma forma\u00e7\u00e3o superior, o que \u00e9 muito inferior \u00e0 m\u00e9dia nacional (31%). Em contrapartida, 43% dos habitantes da Reuni\u00e3o t\u00eam poucas ou nenhumas qualifica\u00e7\u00f5es, em compara\u00e7\u00e3o com 27% a n\u00edvel nacional.<\/p>\n<h2 style=\"text-align: center;\">Mercado de trabalho<\/h2>\n<p>Em 2020, o emprego cresceu na Reuni\u00e3o (+ 1,3%), atingindo 302 900 postos de trabalho no final do ano. A Reuni\u00e3o \u00e9 uma das poucas regi\u00f5es a gerar empregos em 2020. O sector terci\u00e1rio \u00e9 respons\u00e1vel por 84% dos empregos, o que \u00e9 mais do que a n\u00edvel nacional. Em particular, o sector terci\u00e1rio n\u00e3o comercial est\u00e1 claramente mais representado do que a n\u00edvel nacional (41% em compara\u00e7\u00e3o com 31%). Em contrapartida, a Reuni\u00e3o \u00e9 pouco orientada para a ind\u00fastria com 7% dos postos de trabalho, contra 12% a n\u00edvel nacional.<\/p>\n<h2 style=\"text-align: center;\">Taxa de desemprego<\/h2>\n<p>Segundo os dados da Organiza\u00e7\u00e3o Internacional do Trabalho na Ilha da Reuni\u00e3o, em 2021, 59 000 pessoas estar\u00e3o em situa\u00e7\u00e3o de desemprego, ou seja, 18% da popula\u00e7\u00e3o ativa. A taxa de desemprego dever\u00e1 cair em 2021 (- 3 pontos face a 2019) devido ao dinamismo do emprego. Apesar de estar a um n\u00edvel historicamente baixo, permanece muito acima da m\u00e9dia francesa (7,9%), e uma das mais altas das regi\u00f5es francesas. Entre as pessoas em idade ativa, apenas 46% est\u00e3o empregadas, em compara\u00e7\u00e3o com 64% a n\u00edvel nacional. Por outro lado, o n\u00famero de inativos (excluindo estudantes e reformados) \u00e9 quase duas vezes mais elevado (16% dos 15-64 anos, contra 9% a n\u00edvel nacional).<\/p>\n<h2 style=\"text-align: center;\">Atividade econ\u00f3mica<\/h2>\n<p>Em 2020, 46.400 empresas comp\u00f5em os principais sectores de mercado n\u00e3o agr\u00edcola e n\u00e3o financeiro no arquip\u00e9lago da Reuni\u00e3o. Estas empresas geram um valor agregado de 7,5 mil milh\u00f5es de euros (0,7% do valor agregado das empresas francesas excluindo Mayotte), com um volume de neg\u00f3cios de 25,5 mil milh\u00f5es de euros.<\/p>\n<p>Quatro sectores contribuem fortemente para a cria\u00e7\u00e3o deste valor acrescentado: a educa\u00e7\u00e3o, a sa\u00fade e a a\u00e7\u00e3o social (sem incluir o sector p\u00fablico), os diversos servi\u00e7os de apoio \u00e0s empresas, o com\u00e9rcio a retalho e a constru\u00e7\u00e3o.<\/p>\n<p>Dois ter\u00e7os das empresas n\u00e3o t\u00eam empregados. As restantes 14.370 empresas empregavam 117.000 pessoas em 31 de Dezembro de 2020. S\u00e3o na sua maioria empresas de pequena dimens\u00e3o: 11.870 empresas empregam entre 1 a 9 funcion\u00e1rios, 2.460 entre 10 a 249 funcion\u00e1rios, e 34 mais de 250 funcion\u00e1rios.<\/p>\n\t<div class=\"rup_main_map__wrapper position-relative\">\n\t\t<div id=\"rup_main_map\" class=\"position-static\" style=\"background-image: url('https:\/\/www.cp-rup.com\/wp-content\/themes\/rup\/img\/MapaSVGCPRUP.svg');\">\n            <a href=\"https:\/\/www.cp-rup.com\/pt\/regioes-ultraperifericas\/acores\/\">\n\t\t\t\t<div class=\"map-marker--wrapper azores\" style=\"top: 35%; left: 39.7%;\">\n\t\t\t\t\t<div class=\"hover_title Azores\"> A\u00e7ores <\/div>\n\t\t\t\t\t<div class=\"map-marker  Azores\" title=\"A\u00e7ores\"><\/div>\n\t\t\t\t<\/div>\n\t\t\t<\/a>\n            <a href=\"https:\/\/www.cp-rup.com\/pt\/regioes-ultraperifericas\/madeira\/\">\n\t\t\t\t<div class=\"map-marker--wrapper madeira\" style=\"top: 40%; left: 40.1%;\">\n\t\t\t\t\t<div class=\"hover_title Madeira\"> Madeira <\/div>\n\t\t\t\t\t<div class=\"map-marker  Madeira\" title=\"Madeira\"><\/div>\n\t\t\t\t<\/div>\n\t\t\t<\/a>\n            <a href=\"https:\/\/www.cp-rup.com\/pt\/regioes-ultraperifericas\/canarias\/\">\n\t\t\t\t<div class=\"map-marker--wrapper canarias\" style=\"top: 44%; left: 40.5%;\">\n\t\t\t\t\t<div class=\"hover_title Canarias\"> Canarias <\/div>\n\t\t\t\t\t<div class=\"map-marker  Canarias\" title=\"Canarias\"><\/div>\n\t\t\t\t<\/div>\n\t\t\t<\/a>\n            <a href=\"https:\/\/www.cp-rup.com\/pt\/regioes-ultraperifericas\/saint-martin\/\">\n\t\t\t\t<div class=\"map-marker--wrapper saint-martin\" style=\"top: 46%; left: 30.7%;\">\n\t\t\t\t\t<div class=\"hover_title San_Martin\"> Saint-Martin <\/div>\n\t\t\t\t\t<div class=\"map-marker  San_Martin\" title=\"Saint-Martin\"><\/div>\n\t\t\t\t<\/div>\n\t\t\t<\/a>\n            <a href=\"https:\/\/www.cp-rup.com\/pt\/regioes-ultraperifericas\/guadalupe\/\">\n\t\t\t\t<div class=\"map-marker--wrapper guadeloupe\" style=\"top: 48%; left: 31.7%;\">\n\t\t\t\t\t<div class=\"hover_title Guadalupe\"> Guadeloupe <\/div>\n\t\t\t\t\t<div class=\"map-marker  Guadalupe\" title=\"Guadeloupe\"><\/div>\n\t\t\t\t<\/div>\n\t\t\t<\/a>\n            <a href=\"https:\/\/www.cp-rup.com\/pt\/regioes-ultraperifericas\/martinica\/\">\n\t\t\t\t<div class=\"map-marker--wrapper martinica\" style=\"top: 51%; left: 31.7%;\">\n\t\t\t\t\t<div class=\"hover_title Martinica\" style=\"top: 5px !important;\"> Martinique <\/div>\n\t\t\t\t\t<div class=\"map-marker  Martinica\" title=\"Martinique\"><\/div>\n\t\t\t\t<\/div>\n\t\t\t<\/a>\n            <a href=\"https:\/\/www.cp-rup.com\/pt\/regioes-ultraperifericas\/guiana-francesa\/\">\n\t\t\t\t<div class=\"map-marker--wrapper guayana\" style=\"top: 55.2%; left: 32.2%;\">\n\t\t\t\t\t<div class=\"hover_title Guayana_Francesa\"> Guyane <\/div>\n\t\t\t\t\t<div class=\"map-marker  Guayana_Francesa\" title=\"Guyane\"><\/div>\n\t\t\t\t<\/div>\n\t\t\t<\/a>\n\t\t\t\t\n\t\t\t\n            <a href=\"https:\/\/www.cp-rup.com\/pt\/regioes-ultraperifericas\/maiote\/\">\n\t\t\t\t<div class=\"map-marker--wrapper mayotte\" style=\"top: 67%; left: 52.7%;\">\n\t\t\t\t\t<div class=\"hover_title Mayotte\"> Mayotte <\/div>\n\t\t\t\t\t<div class=\"map-marker  Mayotte\" title=\"Mayotte\"><\/div>\n\t\t\t\t<\/div>\n\t\t\t<\/a>\n            <a href=\"https:\/\/www.cp-rup.com\/pt\/regioes-ultraperifericas\/reuniao\/\">\n\t\t\t\t<div class=\"map-marker--wrapper reunion\" style=\"top: 72%; left: 55.2%;\">\n\t\t\t\t\t<div class=\"hover_title La_Reunion\"> R\u00e9union <\/div>\n\t\t\t\t\t<div class=\"map-marker map-marker--selected La_Reunion\" title=\"R\u00e9union\"><\/div>\n\t\t\t\t<\/div>\n\t\t\t<\/a>\n\t\t<\/div>\n\t<\/div>\n\n\t<style>\n\t.rup_main_map__wrapper:hover .hover_title {\n\t\topacity:1;\n\t}\n\t\n\t.hover_title {\n\t\tposition: absolute;\n\t\topacity:0;\n\t\ttransition: 0.15s opacity ease-in-out;\n\t\tbackground: rgba(255,255,255,0.75);\n\t\tborder-radius: 5px;\n\t\twidth: 60px;\n\t\tfont-size: 10px;\n\t}\n\n\t\t.hover_title:hover + .map-marker{\n\t\t\tanimation-name: animated-map-marker;\n\t\t\tanimation-duration: 0.5s;\n\t\t\tanimation-iteration-count: infinite;\n\t\t\tanimation-direction: alternate;\n\t\t}\n\t<\/style>\n\t<script>\n\tvar azores = jQuery('.map-marker[title=\"A\u00e7ores\"]');\n\tvar madeira = jQuery('.map-marker[title=\"Madeira\"]');\n\tvar canarias = jQuery('.map-marker[title=\"Canarias\"]');\n\tvar saint_martin = jQuery('.map-marker[title=\"Saint-Martin\"]');\n\tvar guadeloupe = jQuery('.map-marker[title=\"Guadeloupe\"]');\n\tvar martinique = jQuery('.map-marker[title=\"Martinique\"]');\n\tvar guyane = jQuery('.map-marker[title=\"Guyane\"]');\n\tvar mayotte = jQuery('.map-marker[title=\"Mayotte\"]');\n\tvar la_reunion  = jQuery('.map-marker[title=\"R\u00e9union\"]');\n\tvar rup = [ azores, madeira, canarias, mayotte, la_reunion, guyane, martinique, guadeloupe, saint_martin ];\n\tvar speed = 500;\n\tvar animation_from = {opacity: 0.25};\n\tvar animation_to = {opacity: 1};\n\tvar animation_easing = \"swing\";\n\t\n\tfunction animate(index){\n\t\trup[index].animate(animation_from, speed, animation_easing, function(){\n\t\t\trup[index].animate(animation_to, speed, animation_easing, function(){\n\t\t\t\tanimate((index+1) % rup.length);\n\t\t\t});\n\t\t});\n\t}\n\n\tanimate(0);\n\t\n\t<\/script>\n\t\n<h2><\/h2>\n<h2 style=\"text-align: center;\">Perfil geogr\u00e1fico e clim\u00e1tico<\/h2>\n<p>A Reuni\u00e3o, uma ilha subtropical vulc\u00e2nica sujeita \u00e0s adversidades clim\u00e1ticas e riscos naturais, carateriza-se por possuir terrenos montanhosos, microclimas, uma riqueza excecional e uma diversidade de ambientes e recursos naturais. A sua localiza\u00e7\u00e3o geogr\u00e1fica posiciona-a como um centro europeu ideal para a observa\u00e7\u00e3o atmosf\u00e9rica e vigil\u00e2ncia do ambiente assistida por sat\u00e9lite.<\/p>\n<p>A sua biodiversidade \u00fanica, que concentra milhares de esp\u00e9cies naturais e end\u00e9micas, torna-a um dos trinta e quatro \u201chot spots\u201d mundiais da biodiversidade terrestre e marinha. As suas bacias, picos e muralhas s\u00e3o classificadas como Patrim\u00f3nio Mundial da UNESCO desde 2010. O territ\u00f3rio \u00e9 protegido tanto no Parque Natural <em>des Hauts<\/em> como na Reserva Marinh, fazendo com que 42% da superf\u00edcie da ilha e 80 km de sua costa sejam espa\u00e7os protegidos.<\/p>\n<p>Finalmente, o relevo acidentado implica uma concentra\u00e7\u00e3o da popula\u00e7\u00e3o principalmente na costa, o que cria um impacto direto nas condi\u00e7\u00f5es de vida dos habitantes. Este desequil\u00edbrio entre zonas altas e baixas gera disparidades significativas em termos de atratividade, emprego e acessibilidade, assim como acesso aos servi\u00e7os em detrimento das \u00e1reas rurais.<\/p>\n<p>&nbsp;<\/p>\n<h2 style=\"text-align: center;\">O tecido produtivo<\/h2>\n\t\t<div class=\"col-12 mb-5\">\n\t\t\t<div class=\"row widget_picture_with_floating_text\">\n\t\t\t\t<div class=\"col-8  widget_picture_with_floating_text__picture\" style=\"background-image: url('https:\/\/cp-rup.com\/wp-content\/uploads\/2018\/07\/Reuni\u00f3n-slider-.jpg');\"><\/div>\n\t\t\t\t<div class=\"col-6 widget_picture_with_floating_text__text widget_picture_with_floating_text__text--right\">\n\t\t\t\t\t<h3>Agricultura\/agroind\u00fastrias<\/p>\n<p><\/h3>\n\t\t\t\t\t<p><\/p>\n<p>\u25aa Agroalimentar: 1\u00ba setor industrial; 1\u00ba item de exporta\u00e7\u00e3o em valor<\/p>\n<p>\u25aa 7000 fazendas<\/p>\n<p>\u25aa 22.000 empregos<\/p>\n<p>\u25aa Produ\u00e7\u00f5es de nicho com alto valor agregado (abacaxi victoria, lichia, caf\u00e9 bourbon pointu, baunilha com r\u00f3tulo IGP)<\/p>\n<p>\u25aa A\u00e7\u00facar e cacha\u00e7a representam 70% das exporta\u00e7\u00f5es em valor; l\u00edder mundial em a\u00e7\u00facares especiais; n\u00famero 1 nos mercados europeus<\/p>\n<p><\/p>\n\t\t\t\t<\/div>\n\t\t\t<\/div>\n\t\t<\/div>\n\n\n<p>&nbsp;<\/p>\n\t\t<div class=\"col-12 mb-5\">\n\t\t\t<div class=\"row widget_picture_with_floating_text\">\n\t\t\t\t<div class=\"col-8 offset-4 widget_picture_with_floating_text__picture\" style=\"background-image: url('https:\/\/cp-rup.com\/wp-content\/uploads\/2018\/07\/Run-Energies-renouvelables-1.jpg');\"><\/div>\n\t\t\t\t<div class=\"col-6 widget_picture_with_floating_text__text widget_picture_with_floating_text__text--left\">\n\t\t\t\t\t<h3> Energias renov\u00e1veis \/edif\u00edcios tropicais<\/h3>\n\t\t\t\t\t<p><\/p>\n<p>\u25aa 1\/3 da produ\u00e7\u00e3o de eletricidade \u00e9 proveniente de fontes renov\u00e1veis.<\/p>\n<p>\u25aa Abandono de carv\u00e3o e \u00f3leo combust\u00edvel pesado para a produ\u00e7\u00e3o de energia el\u00e9trica pela convers\u00e3o total das 2 usinas de Albioma para biomassa s\u00f3lida, al\u00e9m do atual uso de baga\u00e7o de cana-de-a\u00e7\u00facar e da usina EDF PEI em biomassa l\u00edquida<\/p>\n<p>\u25aa Em termos de fotovoltaica, o objetivo \u00e9 de +250 a 310 MW at\u00e9 2028, que se somam aos 190 MW existentes.<\/p>\n<p>\u25aa Edif\u00edcios tropicais: know-how e expertise reconhecidos; CIRBAT\/centro de pesquisa<\/p>\n<p><\/p>\n\t\t\t\t<\/div>\n\t\t\t<\/div>\n\t\t<\/div>\n\n\n<p>&nbsp;<\/p>\n\t\t<div class=\"col-12 mb-5\">\n\t\t\t<div class=\"row widget_picture_with_floating_text\">\n\t\t\t\t<div class=\"col-8  widget_picture_with_floating_text__picture\" style=\"background-image: url('https:\/\/cp-rup.com\/wp-content\/uploads\/2018\/07\/Reuni\u00f3n-slider-5.jpg');\"><\/div>\n\t\t\t\t<div class=\"col-6 widget_picture_with_floating_text__text widget_picture_with_floating_text__text--right\">\n\t\t\t\t\t<h3>Turismo<\/h3>\n\t\t\t\t\t<p><\/p>\n<p>A Reuni\u00e3o apresenta uma certa maturidade tur\u00edstica, alicer\u00e7ada em poderosos trunfos em termos de atractividade tur\u00edstica, nomeadamente:<\/p>\n<p>\u25aa Diversidade paisag\u00edstica (praias, circos, vulc\u00e3o&#8230;) que oferece um amplo leque de actividades de lazer<\/p>\n<p>\u25aa Um clima subtropical favor\u00e1vel durante todo o ano<\/p>\n<p>\u25aa Um patrim\u00f4nio cultural atraente ligado a um modo de vida crioulo<\/p>\n<p>\u25aa Um n\u00edvel de seguran\u00e7a e estabilidade id\u00eantico a qualquer departamento franc\u00eas<\/p>\n<p>\u25aa Boas-vindas da popula\u00e7\u00e3o<\/p>\n<p><\/p>\n\t\t\t\t<\/div>\n\t\t\t<\/div>\n\t\t<\/div>\n\n\n<p>&nbsp;<\/p>\n<hr \/>\n<p>&nbsp;<\/p>\n<h2 style=\"text-align: center;\">\u00a0Reuni\u00e3o em fotos<\/h2>\n<h2 style=\"text-align: center;\"><div id=\"metaslider-id-1917\" style=\"max-width: 1200px;\" class=\"ml-slider-3-20-3 metaslider metaslider-flex metaslider-1917 ml-slider\">\n    <div id=\"metaslider_container_1917\">\n        <div id=\"metaslider_1917\">\n            <ul aria-live=\"polite\" class=\"slides\">\n                <li style=\"display: block; width: 100%;\" class=\"slide-2361 ms-image\"><img loading=\"lazy\" decoding=\"async\" src=\"https:\/\/www.cp-rup.com\/wp-content\/uploads\/2018\/07\/reuni\u00f3n-slider-4-1200x400.jpg\" height=\"400\" width=\"1200\" alt=\"\" class=\"slider-1917 slide-2361\" \/><div class=\"caption-wrap\"><div class=\"caption\">Piton de la Fournaise<\/div><\/div><\/li>\n                <li style=\"display: none; width: 100%;\" class=\"slide-2362 ms-image\"><img loading=\"lazy\" decoding=\"async\" src=\"https:\/\/www.cp-rup.com\/wp-content\/uploads\/2018\/07\/Reuni\u00f3n-slider-6-1200x400.jpg\" height=\"400\" width=\"1200\" alt=\"\" class=\"slider-1917 slide-2362\" \/><div class=\"caption-wrap\"><div class=\"caption\">Run Rivi\u00e8re des Remparts<\/div><\/div><\/li>\n                <li style=\"display: none; width: 100%;\" class=\"slide-2364 ms-image\"><img loading=\"lazy\" decoding=\"async\" src=\"https:\/\/www.cp-rup.com\/wp-content\/uploads\/2018\/07\/Cap-Jaune-2-JK-1-1200x400.jpg\" height=\"400\" width=\"1200\" alt=\"\" class=\"slider-1917 slide-2364\" \/><div class=\"caption-wrap\"><div class=\"caption\">Cap Jaune <\/div><\/div><\/li>\n                <li style=\"display: none; width: 100%;\" class=\"slide-2365 ms-image\"><img loading=\"lazy\" decoding=\"async\" src=\"https:\/\/www.cp-rup.com\/wp-content\/uploads\/2018\/07\/cannes11_champs-CREDIT-IRT-emmanuel_virin-1-620x206.jpg\" height=\"400\" width=\"1200\" alt=\"\" class=\"slider-1917 slide-2365\" \/><div class=\"caption-wrap\"><div class=\"caption\">Champs de cannes<\/div><\/div><\/li>\n                <li style=\"display: none; width: 100%;\" class=\"slide-2366 ms-image\"><img loading=\"lazy\" decoding=\"async\" src=\"https:\/\/www.cp-rup.com\/wp-content\/uploads\/2018\/07\/Bassin-La-Mer-2-JK-1200x400.jpg\" height=\"400\" width=\"1200\" alt=\"\" class=\"slider-1917 slide-2366\" \/><div class=\"caption-wrap\"><div class=\"caption\">Bassin La Mer<\/div><\/div><\/li>\n            <\/ul>\n        <\/div>\n        \n    <\/div>\n<\/div><\/h2>\n<h2><\/h2>\n<p>&nbsp;<\/p>\n","protected":false},"excerpt":{"rendered":"<p>REUNI\u00c3O Descri\u00e7\u00e3o do Territ\u00f3rio Localizada em pleno sudoeste do Oceano \u00cdndico, a Reuni\u00e3o \u00e9 uma regi\u00e3o europeia do hemisf\u00e9rio sul e a mais distante da Europa continental. A ilha disp\u00f5e de infraestruturas de qualidade, o que a coloca na vanguarda na zona do Oceano \u00cdndico em termos de equipamentos. Dois aeroportos internacionais, bem como o [&hellip;]<\/p>\n","protected":false},"author":45,"featured_media":2358,"parent":13,"menu_order":0,"comment_status":"closed","ping_status":"closed","template":"page-region-detail.php","meta":{"_acf_changed":false,"footnotes":"","_links_to":"","_links_to_target":""},"class_list":["post-25","page","type-page","status-publish","has-post-thumbnail","hentry"],"acf":[],"_links":{"self":[{"href":"https:\/\/www.cp-rup.com\/pt\/wp-json\/wp\/v2\/pages\/25","targetHints":{"allow":["GET"]}}],"collection":[{"href":"https:\/\/www.cp-rup.com\/pt\/wp-json\/wp\/v2\/pages"}],"about":[{"href":"https:\/\/www.cp-rup.com\/pt\/wp-json\/wp\/v2\/types\/page"}],"author":[{"embeddable":true,"href":"https:\/\/www.cp-rup.com\/pt\/wp-json\/wp\/v2\/users\/45"}],"replies":[{"embeddable":true,"href":"https:\/\/www.cp-rup.com\/pt\/wp-json\/wp\/v2\/comments?post=25"}],"version-history":[{"count":74,"href":"https:\/\/www.cp-rup.com\/pt\/wp-json\/wp\/v2\/pages\/25\/revisions"}],"predecessor-version":[{"id":8516,"href":"https:\/\/www.cp-rup.com\/pt\/wp-json\/wp\/v2\/pages\/25\/revisions\/8516"}],"up":[{"embeddable":true,"href":"https:\/\/www.cp-rup.com\/pt\/wp-json\/wp\/v2\/pages\/13"}],"wp:featuredmedia":[{"embeddable":true,"href":"https:\/\/www.cp-rup.com\/pt\/wp-json\/wp\/v2\/media\/2358"}],"wp:attachment":[{"href":"https:\/\/www.cp-rup.com\/pt\/wp-json\/wp\/v2\/media?parent=25"}],"curies":[{"name":"wp","href":"https:\/\/api.w.org\/{rel}","templated":true}]}}