{"id":27,"date":"2017-09-20T08:45:37","date_gmt":"2017-09-20T08:45:37","guid":{"rendered":"http:\/\/rup.dev\/?page_id=27"},"modified":"2025-06-16T09:48:18","modified_gmt":"2025-06-16T09:48:18","slug":"martinica","status":"publish","type":"page","link":"https:\/\/www.cp-rup.com\/pt\/regioes-ultraperifericas\/martinica\/","title":{"rendered":"Martinica"},"content":{"rendered":"<h2 style=\"text-align: center;\">Informa\u00e7\u00f5es gerais e econ\u00f3micas<\/h2>\n<p>O franc\u00eas e o crioulo s\u00e3o os l\u00ednguas usados e que coexistem nesta ilha de 352 205 habitantes<a href=\"#_ftn1\" name=\"_ftnref1\">[1]<\/a>.<\/p>\n<p>A Martinica tem o estatuto de comunidade territorial da Rep\u00fablica Francesa. A autoridade regional, a Coletividade Territorial da Martinica, \u00e9 presidida pelo Presidente do Conselho Executivo. O governo franc\u00eas \u00e9 representado pelo Prefeito.<\/p>\n<p>A unidade monet\u00e1ria utilizada na ilha \u00e9 o euro. O seu indicativo telef\u00f3nico \u00e9 +596 e o seu c\u00f3digo departamental \u00e9 972.<\/p>\n<p>O PIB da Martinica ascendeu a quase 9 mil milh\u00f5es de euros em 2020, ou seja, 24 728 euros per capita, o valor mais elevado das regi\u00f5es ultramarinas francesas, mas inferior \u00e0 m\u00e9dia nacional francesa.<\/p>\n<p>A economia da Martinica baseia-se fortemente no sector terci\u00e1rio.<\/p>\n<p><a href=\"#_ftnref1\" name=\"_ftn1\">[1]<\/a> <em>Dados provisorios Eurostat 2022<\/em><\/p>\n<p>&nbsp;<\/p>\n\t<div class=\"rup_main_map__wrapper position-relative\">\n\t\t<div id=\"rup_main_map\" class=\"position-static\" style=\"background-image: url('https:\/\/www.cp-rup.com\/wp-content\/themes\/rup\/img\/MapaSVGCPRUP.svg');\">\n            <a href=\"https:\/\/www.cp-rup.com\/pt\/regioes-ultraperifericas\/acores\/\">\n\t\t\t\t<div class=\"map-marker--wrapper azores\" style=\"top: 35%; left: 39.7%;\">\n\t\t\t\t\t<div class=\"hover_title Azores\"> A\u00e7ores <\/div>\n\t\t\t\t\t<div class=\"map-marker  Azores\" title=\"A\u00e7ores\"><\/div>\n\t\t\t\t<\/div>\n\t\t\t<\/a>\n            <a href=\"https:\/\/www.cp-rup.com\/pt\/regioes-ultraperifericas\/madeira\/\">\n\t\t\t\t<div class=\"map-marker--wrapper madeira\" style=\"top: 40%; left: 40.1%;\">\n\t\t\t\t\t<div class=\"hover_title Madeira\"> Madeira <\/div>\n\t\t\t\t\t<div class=\"map-marker  Madeira\" title=\"Madeira\"><\/div>\n\t\t\t\t<\/div>\n\t\t\t<\/a>\n            <a href=\"https:\/\/www.cp-rup.com\/pt\/regioes-ultraperifericas\/canarias\/\">\n\t\t\t\t<div class=\"map-marker--wrapper canarias\" style=\"top: 44%; left: 40.5%;\">\n\t\t\t\t\t<div class=\"hover_title Canarias\"> Canarias <\/div>\n\t\t\t\t\t<div class=\"map-marker  Canarias\" title=\"Canarias\"><\/div>\n\t\t\t\t<\/div>\n\t\t\t<\/a>\n            <a href=\"https:\/\/www.cp-rup.com\/pt\/regioes-ultraperifericas\/saint-martin\/\">\n\t\t\t\t<div class=\"map-marker--wrapper saint-martin\" style=\"top: 46%; left: 30.7%;\">\n\t\t\t\t\t<div class=\"hover_title San_Martin\"> Saint-Martin <\/div>\n\t\t\t\t\t<div class=\"map-marker  San_Martin\" title=\"Saint-Martin\"><\/div>\n\t\t\t\t<\/div>\n\t\t\t<\/a>\n            <a href=\"https:\/\/www.cp-rup.com\/pt\/regioes-ultraperifericas\/guadalupe\/\">\n\t\t\t\t<div class=\"map-marker--wrapper guadeloupe\" style=\"top: 48%; left: 31.7%;\">\n\t\t\t\t\t<div class=\"hover_title Guadalupe\"> Guadeloupe <\/div>\n\t\t\t\t\t<div class=\"map-marker  Guadalupe\" title=\"Guadeloupe\"><\/div>\n\t\t\t\t<\/div>\n\t\t\t<\/a>\n            <a href=\"https:\/\/www.cp-rup.com\/pt\/regioes-ultraperifericas\/martinica\/\">\n\t\t\t\t<div class=\"map-marker--wrapper martinica\" style=\"top: 51%; left: 31.7%;\">\n\t\t\t\t\t<div class=\"hover_title Martinica\" style=\"top: 5px !important;\"> Martinique <\/div>\n\t\t\t\t\t<div class=\"map-marker map-marker--selected Martinica\" title=\"Martinique\"><\/div>\n\t\t\t\t<\/div>\n\t\t\t<\/a>\n            <a href=\"https:\/\/www.cp-rup.com\/pt\/regioes-ultraperifericas\/guiana-francesa\/\">\n\t\t\t\t<div class=\"map-marker--wrapper guayana\" style=\"top: 55.2%; left: 32.2%;\">\n\t\t\t\t\t<div class=\"hover_title Guayana_Francesa\"> Guyane <\/div>\n\t\t\t\t\t<div class=\"map-marker  Guayana_Francesa\" title=\"Guyane\"><\/div>\n\t\t\t\t<\/div>\n\t\t\t<\/a>\n\t\t\t\t\n\t\t\t\n            <a href=\"https:\/\/www.cp-rup.com\/pt\/regioes-ultraperifericas\/maiote\/\">\n\t\t\t\t<div class=\"map-marker--wrapper mayotte\" style=\"top: 67%; left: 52.7%;\">\n\t\t\t\t\t<div class=\"hover_title Mayotte\"> Mayotte <\/div>\n\t\t\t\t\t<div class=\"map-marker  Mayotte\" title=\"Mayotte\"><\/div>\n\t\t\t\t<\/div>\n\t\t\t<\/a>\n            <a href=\"https:\/\/www.cp-rup.com\/pt\/regioes-ultraperifericas\/reuniao\/\">\n\t\t\t\t<div class=\"map-marker--wrapper reunion\" style=\"top: 72%; left: 55.2%;\">\n\t\t\t\t\t<div class=\"hover_title La_Reunion\"> R\u00e9union <\/div>\n\t\t\t\t\t<div class=\"map-marker  La_Reunion\" title=\"R\u00e9union\"><\/div>\n\t\t\t\t<\/div>\n\t\t\t<\/a>\n\t\t<\/div>\n\t<\/div>\n\n\t<style>\n\t.rup_main_map__wrapper:hover .hover_title {\n\t\topacity:1;\n\t}\n\t\n\t.hover_title {\n\t\tposition: absolute;\n\t\topacity:0;\n\t\ttransition: 0.15s opacity ease-in-out;\n\t\tbackground: rgba(255,255,255,0.75);\n\t\tborder-radius: 5px;\n\t\twidth: 60px;\n\t\tfont-size: 10px;\n\t}\n\n\t\t.hover_title:hover + .map-marker{\n\t\t\tanimation-name: animated-map-marker;\n\t\t\tanimation-duration: 0.5s;\n\t\t\tanimation-iteration-count: infinite;\n\t\t\tanimation-direction: alternate;\n\t\t}\n\t<\/style>\n\t<script>\n\tvar azores = jQuery('.map-marker[title=\"A\u00e7ores\"]');\n\tvar madeira = jQuery('.map-marker[title=\"Madeira\"]');\n\tvar canarias = jQuery('.map-marker[title=\"Canarias\"]');\n\tvar saint_martin = jQuery('.map-marker[title=\"Saint-Martin\"]');\n\tvar guadeloupe = jQuery('.map-marker[title=\"Guadeloupe\"]');\n\tvar martinique = jQuery('.map-marker[title=\"Martinique\"]');\n\tvar guyane = jQuery('.map-marker[title=\"Guyane\"]');\n\tvar mayotte = jQuery('.map-marker[title=\"Mayotte\"]');\n\tvar la_reunion  = jQuery('.map-marker[title=\"R\u00e9union\"]');\n\tvar rup = [ azores, madeira, canarias, mayotte, la_reunion, guyane, martinique, guadeloupe, saint_martin ];\n\tvar speed = 500;\n\tvar animation_from = {opacity: 0.25};\n\tvar animation_to = {opacity: 1};\n\tvar animation_easing = \"swing\";\n\t\n\tfunction animate(index){\n\t\trup[index].animate(animation_from, speed, animation_easing, function(){\n\t\t\trup[index].animate(animation_to, speed, animation_easing, function(){\n\t\t\t\tanimate((index+1) % rup.length);\n\t\t\t});\n\t\t});\n\t}\n\n\tanimate(0);\n\t\n\t<\/script>\n\t\n<p>&nbsp;<\/p>\n<h2 style=\"text-align: center;\">Descri\u00e7\u00e3o geopol\u00edtica e territorial<\/h2>\n<p>Situada no cora\u00e7\u00e3o do arquip\u00e9lago das Pequenas Antilhas, a Martinica \u00e9 banhada pelo oceano Atl\u00e2ntico a leste e pelo mar das Cara\u00edbas a oeste. Gra\u00e7as a esta situa\u00e7\u00e3o geogr\u00e1fica excecional, a ilha tem facilitadas as trocas regulares com outros pa\u00edses e continentes vizinhos.<\/p>\n<p>A superf\u00edcie da Martinica tem 1.128 km\u00b2 de superf\u00edcie. Mede 80 km no seu maior comprimento e 39 km na sua maior largura. O Monte Pel\u00e9e, um vulc\u00e3o ainda ativo, \u00e9 o ponto mais alto da ilha (1.397 m), no Norte, onde predominam as florestas densas, os rios e as cascatas.<\/p>\n<p>No centro, a plan\u00edcie de Lamentin, onde se situa o aeroporto internacional Aim\u00e9 C\u00e9saire, faz a transi\u00e7\u00e3o para a regi\u00e3o Sul, com um relevo mais suave e antigo. A costa meridional abriga numerosas ba\u00edas e enseadas pitorescas. A savana de petrifica\u00e7\u00f5es, no extremo Sul, \u00e9 uma verdadeira curiosidade geol\u00f3gica.<\/p>\n<p>O clima relativamente quente e h\u00famido \u00e9 pontuado por duas esta\u00e7\u00f5es: seca e das chuvas (de junho\/julho a outubro\/novembro). A temperatura oscila entre 25 e 30\u00b0C durante todo o ano.<\/p>\n<p>Esta ilha tropical est\u00e1 coberta de sumptuosas florestas tropicais, savanas e flores, para n\u00e3o falar de um ecossistema marinho excecional, composto por mangais, leitos de ervas marinhas e recifes de coral em particular. A sua riqueza \u00e9 \u00fanica devido ao endemismo de muitas esp\u00e9cies e ao car\u00e1cter raro, mas tamb\u00e9m amea\u00e7ado, do patrim\u00f3nio dos habitats que as abrigam. Estas caracter\u00edsticas fazem da ilha um jardim ex\u00f3tico extraordin\u00e1rio, que em 2021 se tornar\u00e1 &#8220;Reserva da Biosfera&#8221; da UNESCO, em todo o seu territ\u00f3rio terrestre e mar\u00edtimo.<\/p>\n<p>&nbsp;<\/p>\n<h2 style=\"text-align: center;\">Estatuto da Coletividade Territorial da Martinica<\/h2>\n<p>Criada em 2015, a Coletividade Territorial da Martinica re\u00fane as compet\u00eancias dos antigos Conselhos Geral e Regional, com o acr\u00e9scimo de novas atribui\u00e7\u00f5es.<\/p>\n<p>O seu poder de decis\u00e3o \u00e9 partilhado entre um Conselho Executivo, composto por oito membros e dirigido por um Presidente, e uma Assembleia Territorial denominada &#8220;Assembleia da Martinica&#8221;, tamb\u00e9m chefiado por um presidente. Esta \u00faltima re\u00fane o conjunto dos representantes territoriais eleitos da Martinica, totalizando cinquenta e um elementos.<\/p>\n<p>Esta Coletividade \u00e9 respons\u00e1vel pela gest\u00e3o das pol\u00edticas p\u00fablicas aplic\u00e1veis \u00e0 Martinica. Mant\u00e9m rela\u00e7\u00f5es estreitas com os tr\u00eas Estabelecimentos P\u00fablicos de Coopera\u00e7\u00e3o Intercomunit\u00e1ria (CACEM, Cap Nord e CAESM), bem como com as trinta e quatro comunas da Martinica.<\/p>\n<p>Al\u00e9m disso, o territ\u00f3rio da Martinica est\u00e1 dividido em quatro circunscri\u00e7\u00f5es administrativas (de onde prov\u00eam os quatro deputados e os dois senadores da Martinica, membros da Assembleia Nacional e do Senado franc\u00eas). A capital da ilha \u00e9 Fort de France, desde que a erup\u00e7\u00e3o do Monte Pel\u00e9 devastou a antiga capital Saint-Pierre, em 1902.<\/p>\n<p>&nbsp;<\/p>\n<h2 style=\"text-align: center;\">Rela\u00e7\u00f5es com os parceiros das Cara\u00edbas<\/h2>\n<p>A Martinica \u00e9 simultaneamente francesa, europeia e profundamente caribenha. \u00c9 por isso que a sua integra\u00e7\u00e3o no seu ambiente geogr\u00e1fico \u00e9 uma prioridade. Com efeito, \u00e9 membro associado da Organiza\u00e7\u00e3o dos Estados das Cara\u00edbas Orientais (OECS), da Associa\u00e7\u00e3o dos Estados das Cara\u00edbas (ACS) e da Comiss\u00e3o Econ\u00f3mica para a Am\u00e9rica Latina e as Cara\u00edbas (CEPAL), uma comiss\u00e3o regional das Na\u00e7\u00f5es Unidas.<\/p>\n<p>&nbsp;<\/p>\n<h2 style=\"text-align: center;\">Agricultura<\/h2>\n<p>Historicamente, os sectores agr\u00edcola e agro-alimentar foram orientados para a exporta\u00e7\u00e3o (principalmente para a Europa), nomeadamente atrav\u00e9s de culturas de exporta\u00e7\u00e3o como a banana e a cana-de-a\u00e7\u00facar, utilizadas para produzir rum.<\/p>\n<p>Na Martinica, o sector da banana representa 60% dos trabalhadores agr\u00edcolas e ocupa atualmente 5.000 hectares. No que se refere \u00e0 produ\u00e7\u00e3o de rum, a Martinica \u00e9 reconhecida como o ber\u00e7o de alguns dos melhores runs agr\u00edcolas do mundo, que ganharam v\u00e1rios pr\u00e9mios em concursos como o <em>Spirits Selection <\/em>de Bruxelas e est\u00e3o protegidos por uma DOP desde 1996. Existem tamb\u00e9m outras produ\u00e7\u00f5es de frutos tropicais, nomeadamente anan\u00e1s, goiaba e manga.<\/p>\n<p>Atualmente, a Martinica pretende completar o seu desenvolvimento agr\u00edcola e alimentar, apoiando o desenvolvimento de uma oferta alimentar local resultante da sua rica biodiversidade e das suas t\u00e9cnicas ancestrais de agricultura mista.<\/p>\n<p>A Martinica procura desenvolver a sua agricultura atrav\u00e9s da ado\u00e7\u00e3o de v\u00e1rias medidas de apoio aos agricultores e \u00e0 diversifica\u00e7\u00e3o, a fim de apoiar, inovar e valorizar uma produ\u00e7\u00e3o local eficaz, diversificada e respeitadora do ambiente e de acompanhar a sua transi\u00e7\u00e3o agro-ecol\u00f3gica.<\/p>\n<p>Gra\u00e7as \u00e0 investiga\u00e7\u00e3o e \u00e0 inova\u00e7\u00e3o em mat\u00e9ria de fatores de produ\u00e7\u00e3o, a um melhor enraizamento da Martinica na sua bacia geogr\u00e1fica, ao desenvolvimento de canais de distribui\u00e7\u00e3o locais e \u00e0 procura de uma nova din\u00e2mica de fundos financeiros, a Martinica encontra-se numa fase de acelera\u00e7\u00e3o da sua pol\u00edtica de autonomia e de resili\u00eancia alimentar.<\/p>\n<p>&nbsp;<\/p>\n<h2 style=\"text-align: center;\">Turismo<\/h2>\n<p>O seu patrim\u00f3nio em termos de artesanato, a sua literatura de renome internacional, a sua m\u00fasica e dan\u00e7a tradicionais e modernas, bem como a sua arte de viver e a sua gastronomia, fazem da Martinica uma terra de tradi\u00e7\u00e3o e de cultura.<\/p>\n<p>Entre outros, podemos mencionar os cem monumentos hist\u00f3ricos da ilha e a cidade de Saint-Pierre, classificada como &#8220;Cidade de Arte e Hist\u00f3ria&#8221;, destru\u00edda pela erup\u00e7\u00e3o do Monte Pel\u00e9e, a 8 de Maio de 1902.<\/p>\n<p>Muitos dos seus escritores s\u00e3o famosos pelo mundo. Podemos citar, nomeadamente, Aim\u00e9 C\u00e9saire, Suzanne Dracius, Ren\u00e9 Maran, Frantz Fanon, Edouard Glissant ou Joseph Zobel.<\/p>\n<p>A Martinica \u00e9 tamb\u00e9m um destino de elei\u00e7\u00e3o para os amantes do turismo mar\u00edtimo. Oferece a possibilidade de escapadelas nos ilh\u00e9us ou em dire\u00e7\u00e3o aos fundos brancos. A ilha atrai tamb\u00e9m os amantes das atividades n\u00e1uticas, como o flyboard, o wakeboard ou o yole (vela tradicional).<\/p>\n<p>&nbsp;<\/p>\n<h2 style=\"text-align: center;\">Biodiversidade<\/h2>\n<p>A Martinica \u00e9 uma zona de biodiversidade excecional. \u00c9 tamb\u00e9m um dos 36 hot spots do mundo e, por conseguinte, uma verdadeira prioridade em termos de gest\u00e3o e de prote\u00e7\u00e3o. Possui ecossistemas muito diversificados e de grande valor biol\u00f3gico e ecol\u00f3gico.<\/p>\n<p>Conscientes deste patrim\u00f3nio, os investigadores da ilha fazem quest\u00e3o de inventariar, estudar e proteger os seus recursos biol\u00f3gicos, com vista ao desenvolvimento ind\u00fastrias de elevado valor acrescentado.<\/p>\n<p>Para atingir estes objetivos, os eleitos locais decidiram liderar a explora\u00e7\u00e3o exaustiva da biodiversidade e dos organismos vivos do territ\u00f3rio, criando o Centro Territorial de Explora\u00e7\u00e3o da Biodiversidade da Martinica, cujo objetivo \u00e9 valorizar os organismos vivos e desenvolver a investiga\u00e7\u00e3o no dom\u00ednio das bioci\u00eancias na Martinica.<\/p>\n<p>Assim, est\u00e3o a ser envidados esfor\u00e7os para estruturar e domiciliar a investiga\u00e7\u00e3o e a an\u00e1lise do vasto potencial da farmacopeia e da cosm\u00e9tica natural, com plantas da ilha. Esta estrat\u00e9gia ser\u00e1 posta em pr\u00e1tica em coer\u00eancia e em colabora\u00e7\u00e3o com todas as estruturas existentes na Martinica, a fim de melhorar o n\u00edvel da investiga\u00e7\u00e3o cient\u00edfica local.<\/p>\n<p>&nbsp;<\/p>\n<h2 style=\"text-align: center;\">Energias renov\u00e1veis<\/h2>\n<p>A localiza\u00e7\u00e3o geogr\u00e1fica da Martinica proporciona-lhe um potencial significativo de energias renov\u00e1veis (solar, fotovoltaica, hidr\u00e1ulica, geot\u00e9rmica, e\u00f3lica, biomassa, etc.).<\/p>\n<p>A quota-parte das energias renov\u00e1veis no consumo total de energia era de cerca de 25% em 2022. Neste contexto, est\u00e3o a ser estudadas e implementadas solu\u00e7\u00f5es tecnol\u00f3gicas em todo o territ\u00f3rio.<\/p>\n<p>&nbsp;<\/p>\n<div id=\"metaslider-id-4138\" style=\"max-width: 1200px;\" class=\"ml-slider-3-20-3 metaslider metaslider-flex metaslider-4138 ml-slider\">\n    <div id=\"metaslider_container_4138\">\n        <div id=\"metaslider_4138\">\n            <ul aria-live=\"polite\" class=\"slides\">\n                <li style=\"display: block; width: 100%;\" class=\"slide-4139 ms-image\"><img loading=\"lazy\" decoding=\"async\" src=\"https:\/\/www.cp-rup.com\/wp-content\/uploads\/2018\/12\/DSC_9157-Martinicacopie-003-1200x400.jpg\" height=\"400\" width=\"1200\" alt=\"\" class=\"slider-4138 slide-4139\" \/><\/li>\n                <li style=\"display: none; width: 100%;\" class=\"slide-4140 ms-image\"><img loading=\"lazy\" decoding=\"async\" src=\"https:\/\/www.cp-rup.com\/wp-content\/uploads\/2018\/12\/DSC_9549-Martinica-002-1200x400.jpg\" height=\"400\" width=\"1200\" alt=\"\" class=\"slider-4138 slide-4140\" \/><\/li>\n                <li style=\"display: none; width: 100%;\" class=\"slide-4141 ms-image\"><img loading=\"lazy\" decoding=\"async\" src=\"https:\/\/www.cp-rup.com\/wp-content\/uploads\/2018\/12\/DSC01758-Martinica-002-1200x400.jpg\" height=\"400\" width=\"1200\" alt=\"\" class=\"slider-4138 slide-4141\" \/><div class=\"caption-wrap\"><div class=\"caption\">SONY DSC<\/div><\/div><\/li>\n                <li style=\"display: none; width: 100%;\" class=\"slide-4142 ms-image\"><img loading=\"lazy\" decoding=\"async\" src=\"https:\/\/www.cp-rup.com\/wp-content\/uploads\/2018\/12\/DSC_6424-Martinica002-1200x400.jpg\" height=\"400\" width=\"1200\" alt=\"\" class=\"slider-4138 slide-4142\" \/><\/li>\n                <li style=\"display: none; width: 100%;\" class=\"slide-4143 ms-image\"><img loading=\"lazy\" decoding=\"async\" src=\"https:\/\/www.cp-rup.com\/wp-content\/uploads\/2018\/12\/DSC_4070-Martinica-003-1200x400.jpg\" height=\"400\" width=\"1200\" alt=\"\" class=\"slider-4138 slide-4143\" \/><\/li>\n            <\/ul>\n        <\/div>\n        \n    <\/div>\n<\/div>\n","protected":false},"excerpt":{"rendered":"<p>Informa\u00e7\u00f5es gerais e econ\u00f3micas O franc\u00eas e o crioulo s\u00e3o os l\u00ednguas usados e que coexistem nesta ilha de 352 205 habitantes[1]. A Martinica tem o estatuto de comunidade territorial da Rep\u00fablica Francesa. A autoridade regional, a Coletividade Territorial da Martinica, \u00e9 presidida pelo Presidente do Conselho Executivo. O governo franc\u00eas \u00e9 representado pelo Prefeito. [&hellip;]<\/p>\n","protected":false},"author":45,"featured_media":1567,"parent":13,"menu_order":0,"comment_status":"closed","ping_status":"closed","template":"page-region-detail.php","meta":{"_acf_changed":false,"footnotes":"","_links_to":"","_links_to_target":""},"class_list":["post-27","page","type-page","status-publish","has-post-thumbnail","hentry"],"acf":[],"_links":{"self":[{"href":"https:\/\/www.cp-rup.com\/pt\/wp-json\/wp\/v2\/pages\/27","targetHints":{"allow":["GET"]}}],"collection":[{"href":"https:\/\/www.cp-rup.com\/pt\/wp-json\/wp\/v2\/pages"}],"about":[{"href":"https:\/\/www.cp-rup.com\/pt\/wp-json\/wp\/v2\/types\/page"}],"author":[{"embeddable":true,"href":"https:\/\/www.cp-rup.com\/pt\/wp-json\/wp\/v2\/users\/45"}],"replies":[{"embeddable":true,"href":"https:\/\/www.cp-rup.com\/pt\/wp-json\/wp\/v2\/comments?post=27"}],"version-history":[{"count":35,"href":"https:\/\/www.cp-rup.com\/pt\/wp-json\/wp\/v2\/pages\/27\/revisions"}],"predecessor-version":[{"id":9866,"href":"https:\/\/www.cp-rup.com\/pt\/wp-json\/wp\/v2\/pages\/27\/revisions\/9866"}],"up":[{"embeddable":true,"href":"https:\/\/www.cp-rup.com\/pt\/wp-json\/wp\/v2\/pages\/13"}],"wp:featuredmedia":[{"embeddable":true,"href":"https:\/\/www.cp-rup.com\/pt\/wp-json\/wp\/v2\/media\/1567"}],"wp:attachment":[{"href":"https:\/\/www.cp-rup.com\/pt\/wp-json\/wp\/v2\/media?parent=27"}],"curies":[{"name":"wp","href":"https:\/\/api.w.org\/{rel}","templated":true}]}}