{"id":33,"date":"2017-09-20T08:46:15","date_gmt":"2017-09-20T08:46:15","guid":{"rendered":"http:\/\/rup.dev\/?page_id=33"},"modified":"2023-11-09T11:43:28","modified_gmt":"2023-11-09T11:43:28","slug":"conferencia-dos-presidentes","status":"publish","type":"page","link":"https:\/\/www.cp-rup.com\/pt\/conferencia-dos-presidentes\/","title":{"rendered":"Confer\u00eancia dos Presidentes"},"content":{"rendered":"<h1 style=\"text-align: center;\">Confer\u00eancia dos Presidentes<\/h1>\n<h2><img loading=\"lazy\" decoding=\"async\" class=\" wp-image-7473 aligncenter\" src=\"https:\/\/cp-rup.com\/wp-content\/uploads\/2022\/07\/CHM7852-1-300x200.jpg\" alt=\"\" width=\"542\" height=\"362\" srcset=\"https:\/\/www.cp-rup.com\/wp-content\/uploads\/2022\/07\/CHM7852-1-300x200.jpg 300w, https:\/\/www.cp-rup.com\/wp-content\/uploads\/2022\/07\/CHM7852-1-1024x682.jpg 1024w, https:\/\/www.cp-rup.com\/wp-content\/uploads\/2022\/07\/CHM7852-1-768x511.jpg 768w, https:\/\/www.cp-rup.com\/wp-content\/uploads\/2022\/07\/CHM7852-1-1536x1023.jpg 1536w, https:\/\/www.cp-rup.com\/wp-content\/uploads\/2022\/07\/CHM7852-1-2048x1364.jpg 2048w\" sizes=\"auto, (max-width: 542px) 100vw, 542px\" \/><\/h2>\n<p>&nbsp;<\/p>\n<p>A Confer\u00eancia dos Presidentes das RUP \u00e9 a principal estrutura de coopera\u00e7\u00e3o pol\u00edtica e t\u00e9cnica entre os presidentes dos \u00f3rg\u00e3os executivos dos A\u00e7ores, Can\u00e1rias, Guadalupe, Guiana, Madeira, Martinica, Maiote, Reuni\u00e3o e Saint-Martin.<\/p>\n<h3 style=\"text-align: center;\">Objetivos de coopera\u00e7\u00e3o<\/h3>\n<p>A Confer\u00eancia define as orienta\u00e7\u00f5es da coopera\u00e7\u00e3o das RUP, cujos objetivos essenciais s\u00e3o:<\/p>\n<ul>\n<li>Coordenar a sua a\u00e7\u00e3o conjunta e adotar posi\u00e7\u00f5es comuns com a finalidade de defender os interesses da ultraperiferia perante a Uni\u00e3o Europeia;<\/li>\n<li>Refor\u00e7ar a a\u00e7\u00e3o europeia no que se refere \u00e0s RUP, com base nas disposi\u00e7\u00f5es dos Tratados;<\/li>\n<li>Defender os interesses comuns da ultraperiferia em todas as organiza\u00e7\u00f5es europeias e internacionais com voca\u00e7\u00e3o regional nas quais t\u00eam representa\u00e7\u00e3o; e<\/li>\n<li>Refor\u00e7ar a coopera\u00e7\u00e3o entre as RUP no \u00e2mbito de projetos de coopera\u00e7\u00e3o conjunta.<\/li>\n<\/ul>\n<h3 style=\"text-align: center;\">Organiza\u00e7\u00e3o e funcionamento<\/h3>\n<p>A Presid\u00eancia da Confer\u00eancia \u00e9 de car\u00e1ter rotativo, sendo exercida por mandatos de pelo menos um ano. Re\u00fane-se em sess\u00e3o ordin\u00e1ria, pelo menos uma vez por ano, na regi\u00e3o que assume a Presid\u00eancia. As suas conclus\u00f5es t\u00eam a forma de uma Declara\u00e7\u00e3o Final onde se refletem as posi\u00e7\u00f5es pol\u00edticas comuns das RUP.<\/p>\n<p><a href=\"https:\/\/cp-rup.com\/wp-content\/uploads\/2022\/12\/2018-Declaracion-Final-Portugues.pdf\">Declara\u00e7\u00e3o Final &#8211; Las Palmas de Gran Canaria 2018<\/a><br \/>\n<a href=\"https:\/\/cp-rup.com\/wp-content\/uploads\/2022\/12\/2020-02-06-DECLARACION-FINAL-XXIV-Saint-Martin-PT-assinada.pdf\">Declara\u00e7\u00e3o final &#8211; St. Martin 2020<\/a><br \/>\n<a href=\"https:\/\/cp-rup.com\/wp-content\/uploads\/2022\/12\/2020-11-26-Declaracao_Final_PT_XXV_CPRUP.pdf\">Declara\u00e7\u00e3o final &#8211; Maiote 2020<\/a><br \/>\n<a href=\"https:\/\/cp-rup.com\/wp-content\/uploads\/2022\/12\/2021-Declaracao-Final-PT.pdf\">Declara\u00e7\u00e3o Final &#8211; Ponta Delgada 2021<\/a><br \/>\n<a href=\"https:\/\/cp-rup.com\/wp-content\/uploads\/2022\/12\/2022-Declaracao-final-CPRUP-PT.pdf\">Declara\u00e7\u00e3o final &#8211; Bruxelas 2022<\/a><br \/>\n<a href=\"https:\/\/cp-rup.com\/wp-content\/uploads\/2023\/11\/Declaracao-Final-XXVIII-CPRUP.pdf\">Declara\u00e7<\/a><a href=\"https:\/\/cp-rup.com\/wp-content\/uploads\/2022\/12\/2022-Declaracao-final-CPRUP-PT.pdf\">\u00e3<\/a><a href=\"https:\/\/cp-rup.com\/wp-content\/uploads\/2023\/11\/Declaracao-Final-XXVIII-CPRUP.pdf\">o Final- Santa Cruz de Tenerife 2023<\/a><\/p>\n<p>As suas fun\u00e7\u00f5es s\u00e3o:<\/p>\n<ul>\n<li>Definir e promover as orienta\u00e7\u00f5es pol\u00edticas estrat\u00e9gicas fundamentais desta coopera\u00e7\u00e3o.<\/li>\n<li>Representar os interesses comuns da ultraperiferia entre as institui\u00e7\u00f5es, os \u00f3rg\u00e3os e os organismos europeus<\/li>\n<li>Escolher, entre as regi\u00f5es-membro, uma presid\u00eancia rotativa da Confer\u00eancia, por um per\u00edodo de pelo menos um ano.<\/li>\n<li>Adotar todas as decis\u00f5es necess\u00e1rias para alcan\u00e7ar os objetivos de coopera\u00e7\u00e3o<\/li>\n<\/ul>\n<div id=\"metaslider-id-3731\" style=\"width: 100%; margin: 0 auto;\" class=\"ml-slider-3-20-3 metaslider metaslider-flex metaslider-3731 ml-slider\">\n    <div id=\"metaslider_container_3731\">\n        <div id=\"metaslider_3731\">\n            <ul aria-live=\"polite\" class=\"slides\">\n                <li style=\"display: block; width: 100%;\" class=\"slide-3732 ms-image\"><img loading=\"lazy\" decoding=\"async\" src=\"https:\/\/www.cp-rup.com\/wp-content\/uploads\/2018\/08\/Presidentes-RUP-y-banderas-1024x376.jpg\" height=\"400\" width=\"1088\" alt=\"\" class=\"slider-3731 slide-3732\" \/><div class=\"caption-wrap\"><div class=\"caption\">XXII CP-RUP Guayana 2016-2017<\/div><\/div><\/li>\n                <li style=\"display: none; width: 100%;\" class=\"slide-3821 ms-image\"><img loading=\"lazy\" decoding=\"async\" src=\"https:\/\/www.cp-rup.com\/wp-content\/uploads\/2018\/10\/CP-RUP2009_gc_001-1-e1539257374414-1088x400.jpg\" height=\"400\" width=\"1088\" alt=\"\" class=\"slider-3731 slide-3821\" \/><div class=\"caption-wrap\"><div class=\"caption\">XV CP-RUP Canarias 2009-2010<\/div><\/div><\/li>\n                <li style=\"display: none; width: 100%;\" class=\"slide-3822 ms-image\"><img loading=\"lazy\" decoding=\"async\" src=\"https:\/\/www.cp-rup.com\/wp-content\/uploads\/2018\/10\/CPRUP-2016-Guayana-e1539256309190-1013x372.jpg\" height=\"400\" width=\"1088\" alt=\"\" class=\"slider-3731 slide-3822\" \/><div class=\"caption-wrap\"><div class=\"caption\">XXII CP-RUP Guayana 2016-2017<\/div><\/div><\/li>\n                <li style=\"display: none; width: 100%;\" class=\"slide-3825 ms-image\"><img loading=\"lazy\" decoding=\"async\" src=\"https:\/\/www.cp-rup.com\/wp-content\/uploads\/2018\/10\/CP-RUP2010-251-e1539257284906-1088x400.jpg\" height=\"400\" width=\"1088\" alt=\"\" class=\"slider-3731 slide-3825\" \/><div class=\"caption-wrap\"><div class=\"caption\">XVI CP-RUP Canarias 2009-2010<\/div><\/div><\/li>\n                <li style=\"display: none; width: 100%;\" class=\"slide-3837 ms-image\"><img loading=\"lazy\" decoding=\"async\" src=\"https:\/\/www.cp-rup.com\/wp-content\/uploads\/2018\/10\/28-10-2010-171-e1539260221205-1088x400.jpg\" height=\"400\" width=\"1088\" alt=\"\" class=\"slider-3731 slide-3837\" \/><div class=\"caption-wrap\"><div class=\"caption\">XVI CP-RUP Canarias 2009-2010<\/div><\/div><\/li>\n                <li style=\"display: none; width: 100%;\" class=\"slide-3839 ms-image\"><img loading=\"lazy\" decoding=\"async\" src=\"https:\/\/www.cp-rup.com\/wp-content\/uploads\/2018\/10\/28-10-2010-142-1088x400.jpg\" height=\"400\" width=\"1088\" alt=\"\" class=\"slider-3731 slide-3839\" \/><div class=\"caption-wrap\"><div class=\"caption\">XVI  CP-RUP Canarias 2009-2010<\/div><\/div><\/li>\n                <li style=\"display: none; width: 100%;\" class=\"slide-3862 ms-image\"><img loading=\"lazy\" decoding=\"async\" src=\"https:\/\/www.cp-rup.com\/wp-content\/uploads\/2018\/10\/CP_RUP-2016-Banderas-CPRUP-e1539607176862-1024x376.jpg\" height=\"400\" width=\"1088\" alt=\"\" class=\"slider-3731 slide-3862\" \/><div class=\"caption-wrap\"><div class=\"caption\">XXII CP-RUP Guayana 2016-2017<\/div><\/div><\/li>\n            <\/ul>\n        <\/div>\n        \n    <\/div>\n<\/div>\n","protected":false},"excerpt":{"rendered":"<p>Confer\u00eancia dos Presidentes &nbsp; A Confer\u00eancia dos Presidentes das RUP \u00e9 a principal estrutura de coopera\u00e7\u00e3o pol\u00edtica e t\u00e9cnica entre os presidentes dos \u00f3rg\u00e3os executivos dos A\u00e7ores, Can\u00e1rias, Guadalupe, Guiana, Madeira, Martinica, Maiote, Reuni\u00e3o e Saint-Martin. Objetivos de coopera\u00e7\u00e3o A Confer\u00eancia define as orienta\u00e7\u00f5es da coopera\u00e7\u00e3o das RUP, cujos objetivos essenciais s\u00e3o: Coordenar a sua [&hellip;]<\/p>\n","protected":false},"author":45,"featured_media":0,"parent":0,"menu_order":1,"comment_status":"closed","ping_status":"closed","template":"page-static-rich.php","meta":{"_acf_changed":false,"footnotes":"","_links_to":"","_links_to_target":""},"class_list":["post-33","page","type-page","status-publish","hentry"],"acf":[],"_links":{"self":[{"href":"https:\/\/www.cp-rup.com\/pt\/wp-json\/wp\/v2\/pages\/33","targetHints":{"allow":["GET"]}}],"collection":[{"href":"https:\/\/www.cp-rup.com\/pt\/wp-json\/wp\/v2\/pages"}],"about":[{"href":"https:\/\/www.cp-rup.com\/pt\/wp-json\/wp\/v2\/types\/page"}],"author":[{"embeddable":true,"href":"https:\/\/www.cp-rup.com\/pt\/wp-json\/wp\/v2\/users\/45"}],"replies":[{"embeddable":true,"href":"https:\/\/www.cp-rup.com\/pt\/wp-json\/wp\/v2\/comments?post=33"}],"version-history":[{"count":107,"href":"https:\/\/www.cp-rup.com\/pt\/wp-json\/wp\/v2\/pages\/33\/revisions"}],"predecessor-version":[{"id":9248,"href":"https:\/\/www.cp-rup.com\/pt\/wp-json\/wp\/v2\/pages\/33\/revisions\/9248"}],"wp:attachment":[{"href":"https:\/\/www.cp-rup.com\/pt\/wp-json\/wp\/v2\/media?parent=33"}],"curies":[{"name":"wp","href":"https:\/\/api.w.org\/{rel}","templated":true}]}}