{"id":37,"date":"2017-09-20T08:46:37","date_gmt":"2017-09-20T08:46:37","guid":{"rendered":"http:\/\/rup.dev\/?page_id=37"},"modified":"2021-03-19T19:48:41","modified_gmt":"2021-03-19T19:48:41","slug":"redes-rup","status":"publish","type":"page","link":"https:\/\/www.cp-rup.com\/pt\/conferencia-dos-presidentes\/redes-rup\/","title":{"rendered":"Redes RUP"},"content":{"rendered":"<h1 style=\"text-align: center;\">Redes RUP<\/h1>\n<h2 style=\"text-align: center;\">Rede RIS3<\/h2>\n<p>A Comiss\u00e3o Europeia tem vindo a promover, h\u00e1 v\u00e1rios anos, a transforma\u00e7\u00e3o do modelo econ\u00f3mico na Europa, refor\u00e7ando os ecossistemas e os processos inovadores nos diferentes territ\u00f3rios, atrav\u00e9s de &#8220;estrat\u00e9gias de especializa\u00e7\u00e3o inteligentes&#8221; (RIS, segundo o acr\u00f3nimo em ingl\u00eas), que resultam do di\u00e1logo entre todos os atores envolvidos a partir de uma abordagem ascendente.<\/p>\n<p>Nesse contexto, as RUP, impulsionadas pela Guadalupe, elaboraram uma posi\u00e7\u00e3o conjunta sobre os seus respetivos RIS3, que comunicaram \u00e0 Comiss\u00e3o Europeia a 4 de agosto de 2017, sendo que nesta sublinharam as vantagens dessa abordagem, as suas potencialidades como laborat\u00f3rios de solu\u00e7\u00f5es inovadoras e o seu desejo de trabalhar em conjunto no refor\u00e7o das suas capacidades de investiga\u00e7\u00e3o e inova\u00e7\u00e3o.<\/p>\n<p>Tendo em vista um maior aprofundamento da sua coopera\u00e7\u00e3o nessa \u00e1rea, a XXII Confer\u00eancia dos Presidentes RUP, realizada em Guiana, em outubro de 2017, adotou um acordo para constituir formalmente esta rede de coopera\u00e7\u00e3o tem\u00e1tica. A Rede RIS3 RUP tem os seguintes objetivos:<\/p>\n<ul>\n<li>Elaborar orienta\u00e7\u00f5es e posicionamentos conjuntos, aprovados pelo Comit\u00e9 de Acompanhamento RUP, com a finalidade de que o potencial das RUP seja mais facilmente tido em conta nas pol\u00edticas europeias p\u00f3s-2020;<\/li>\n<li>Propor adapta\u00e7\u00f5es dos textos legislativos e n\u00e3o legislativos da UE tendo em conta a realidade da ultraperiferia nas \u00e1reas de interesse da rede;<\/li>\n<li>Mobilizar os recursos humanos e materiais necess\u00e1rios e identificar os mecanismos e as oportunidades de financiamento para a elabora\u00e7\u00e3o e a implementa\u00e7\u00e3o de projetos comuns resultantes do trabalho da rede;<\/li>\n<li>Apresentar projetos \u00e0s convocat\u00f3rias e manifesta\u00e7\u00f5es de interesse, bem como a\u00e7\u00f5es-piloto das plataformas tem\u00e1ticas e outras iniciativas lan\u00e7adas pela UE.<\/li>\n<\/ul>\n<p>Dos trabalhos desenvolvidos pela REDE RIS3 RUP desde a sua cria\u00e7\u00e3o, importa destacar a sua participa\u00e7\u00e3o no Projeto FORWARD (<em>Fostering Research Excellence in EU Outermost Regions<\/em>), um projeto conjunto das RUP que responde a uma convocat\u00f3ria espec\u00edfica para as Regi\u00f5es Ultraperif\u00e9ricas no \u00e2mbito do Horizonte 2020.<\/p>\n<h2 style=\"text-align: center;\">Rede Emprego RUP<\/h2>\n<p>Em outubro de 2014, durante o III F\u00f3rum da Ultraperiferia, os presidentes das Regi\u00f5es Ultraperif\u00e9ricas assinaram o &#8220;Acordo para a cria\u00e7\u00e3o de Rede para o Emprego entre as Regi\u00f5es Ultraperif\u00e9ricas da Uni\u00e3o Europeia&#8221;. O objetivo geral da Rede \u00e9 propor diretrizes e linhas estrat\u00e9gicas para estabelecer uma coopera\u00e7\u00e3o entre as RUP em mat\u00e9ria de emprego, a fim de desenvolver, de forma conjunta, a\u00e7\u00f5es e projetos inovadores em \u00e1reas relacionadas com o emprego.<\/p>\n<p>Gra\u00e7as \u00e0 sua colabora\u00e7\u00e3o, foi adotado o primeiro Plano de Emprego Azul e Verde das RUP, apresentado durante o Semin\u00e1rio sobre o Emprego nas RUP, organizado pelo Comit\u00e9 Econ\u00f3mico e Social Europeu e pela Comiss\u00e3o Europeia no final de novembro de 2015. Este Plano de Choque foi elaborado com base na situa\u00e7\u00e3o espec\u00edfica de cada regi\u00e3o e da an\u00e1lise dos setores de futuro onde existe a possibilidade de criar potencialmente emprego: emprego verde e azul.<\/p>\n<p>A rede tamb\u00e9m apresentou projetos a v\u00e1rias convocat\u00f3rias europeias sobre estas tem\u00e1ticas: Programa EaSI, <em>Sector Skills Alliance<\/em> no \u00e2mbito do Programa ERASMUS +; Programa H2020, projetos-piloto do Parlamento Europeu ou um convite da DG MARE sobre \u201cBlue Careers\u201d.<\/p>\n<p>Por fim, conseguiu ver aprovado o projecto &#8220;Grow RUP&#8221;, com a participa\u00e7\u00e3o dos A\u00e7ores, Madeira, Reuni\u00e3o, Can\u00e1rias e Martinica, na primeira convocat\u00f3ria do programa Interreg Europe.<\/p>\n<p>A Rede tamb\u00e9m participou EM consultas p\u00fablicas lan\u00e7adas pela Comiss\u00e3o Europeia nas \u00e1reas da sua atividade.<\/p>\n<p style=\"text-align: center;\"><img loading=\"lazy\" decoding=\"async\" class=\"alignnone size-large wp-image-4342\" src=\"https:\/\/cp-rup.com\/wp-content\/uploads\/2019\/03\/Forum-energies-propres-Lanzarote-5-11-18-1024x750.jpg\" alt=\"\" width=\"640\" height=\"469\" srcset=\"https:\/\/www.cp-rup.com\/wp-content\/uploads\/2019\/03\/Forum-energies-propres-Lanzarote-5-11-18-1024x750.jpg 1024w, https:\/\/www.cp-rup.com\/wp-content\/uploads\/2019\/03\/Forum-energies-propres-Lanzarote-5-11-18-300x220.jpg 300w, https:\/\/www.cp-rup.com\/wp-content\/uploads\/2019\/03\/Forum-energies-propres-Lanzarote-5-11-18-768x563.jpg 768w, https:\/\/www.cp-rup.com\/wp-content\/uploads\/2019\/03\/Forum-energies-propres-Lanzarote-5-11-18.jpg 1093w\" sizes=\"auto, (max-width: 640px) 100vw, 640px\" \/><\/p>\n<h3><\/h3>\n<h2 style=\"text-align: center;\">Rede RUP Energia<\/h2>\n<p>Durante a Primeira Cimeira Internacional de Energias Renov\u00e1veis, realizada nas Ilhas Can\u00e1rias em mar\u00e7o de 2015, foi promovida a cria\u00e7\u00e3o de uma rede RUP para a coordena\u00e7\u00e3o de quest\u00f5es energ\u00e9ticas, que recebeu o apoio pol\u00edtico da Confer\u00eancia dos Presidentes das RUP. A formaliza\u00e7\u00e3o da Rede ocorreu com a assinatura do acordo de cria\u00e7\u00e3o pelos presidentes das RUP durante a XXI Confer\u00eancia dos Presidentes, realizada no Funchal, na Madeira, em setembro de 2016.<\/p>\n<p>Desde ent\u00e3o, tem-se trabalhado para identificar os objetivos e a\u00e7\u00f5es futuras da Rede e t\u00eam-se realizado uma s\u00e9rie de a\u00e7\u00f5es conjuntas, tais como: elabora\u00e7\u00e3o de fichas sobre a situa\u00e7\u00e3o energ\u00e9tica de cada RUP; resposta \u00e0s consultas p\u00fablicas da Comiss\u00e3o Europeia em mat\u00e9ria de energia; desenvolvimento de uma p\u00e1gina web da Rede, entre outros.<\/p>\n<p>Uma das primeiras a\u00e7\u00f5es da rede foi solicitar \u00e0 DG REGIO e \u00e0 DG ENER da Comiss\u00e3o Europeia que estude, em conjunto com as RUP e os Estados-Membros, a melhor forma de financiar as energias renov\u00e1veis \u200b\u200be a efici\u00eancia energ\u00e9tica nas RUP, conforme anunciado na Comunica\u00e7\u00e3o (2012) 287 final &#8220;<em>As Regi\u00f5es Ultraperif\u00e9ricas da Uni\u00e3o Europeia: Parceria para um crescimento inteligente, sustent\u00e1vel e inclusivo<\/em>&#8220;.<\/p>\n<p>No \u00e2mbito da Rede, est\u00e3o a ser promovidas diferentes a\u00e7\u00f5es junto da Comiss\u00e3o e do Parlamento Europeu para que se tenha em conta a situa\u00e7\u00e3o energ\u00e9tica espec\u00edfica das RUP na futura legisla\u00e7\u00e3o da Uni\u00e3o da Energia.<\/p>\n<p>Da mesma forma, est\u00e1 a ser promovido, com sucesso, um projeto conjunto aprovado no \u00e2mbito da terceira convocat\u00f3ria do INTERREG Europe, denominado RESOR, na qual participam ativamente as seguintes RUP: Can\u00e1rias, Madeira, A\u00e7ores, Guadalupe, Martinica e Reuni\u00e3o. O projeto tem tamb\u00e9m como parceiros a Regi\u00e3o de Epiro e a Ag\u00eancia de Energia do Chipre.<\/p>\n<p>Finalmente, a Rede RUP Energia foi reconhecida pela Comiss\u00e3o Europeia na Comunica\u00e7\u00e3o (2017) 623 final &#8221; <em>Uma parceria estrat\u00e9gica refor\u00e7ada e renovada com as Regi\u00f5es Ultraperif\u00e9ricas da UE <\/em>&#8221; como uma forma importante de coopera\u00e7\u00e3o em solu\u00e7\u00f5es energ\u00e9ticas sustent\u00e1veis.<\/p>\n<p>A Rede RUP Energia apresentar\u00e1 as suas atividades de coopera\u00e7\u00e3o e os projetos emblem\u00e1ticos das RUP na confer\u00eancia pol\u00edtica anual da Semana Europeia da Energia em 2018.<\/p>\n","protected":false},"excerpt":{"rendered":"<p>Redes RUP Rede RIS3 A Comiss\u00e3o Europeia tem vindo a promover, h\u00e1 v\u00e1rios anos, a transforma\u00e7\u00e3o do modelo econ\u00f3mico na Europa, refor\u00e7ando os ecossistemas e os processos inovadores nos diferentes territ\u00f3rios, atrav\u00e9s de &#8220;estrat\u00e9gias de especializa\u00e7\u00e3o inteligentes&#8221; (RIS, segundo o acr\u00f3nimo em ingl\u00eas), que resultam do di\u00e1logo entre todos os atores envolvidos a partir de [&hellip;]<\/p>\n","protected":false},"author":45,"featured_media":0,"parent":33,"menu_order":4,"comment_status":"closed","ping_status":"closed","template":"page-static-rich.php","meta":{"_acf_changed":false,"footnotes":"","_links_to":"","_links_to_target":""},"class_list":["post-37","page","type-page","status-publish","hentry"],"acf":[],"_links":{"self":[{"href":"https:\/\/www.cp-rup.com\/pt\/wp-json\/wp\/v2\/pages\/37","targetHints":{"allow":["GET"]}}],"collection":[{"href":"https:\/\/www.cp-rup.com\/pt\/wp-json\/wp\/v2\/pages"}],"about":[{"href":"https:\/\/www.cp-rup.com\/pt\/wp-json\/wp\/v2\/types\/page"}],"author":[{"embeddable":true,"href":"https:\/\/www.cp-rup.com\/pt\/wp-json\/wp\/v2\/users\/45"}],"replies":[{"embeddable":true,"href":"https:\/\/www.cp-rup.com\/pt\/wp-json\/wp\/v2\/comments?post=37"}],"version-history":[{"count":55,"href":"https:\/\/www.cp-rup.com\/pt\/wp-json\/wp\/v2\/pages\/37\/revisions"}],"predecessor-version":[{"id":5960,"href":"https:\/\/www.cp-rup.com\/pt\/wp-json\/wp\/v2\/pages\/37\/revisions\/5960"}],"up":[{"embeddable":true,"href":"https:\/\/www.cp-rup.com\/pt\/wp-json\/wp\/v2\/pages\/33"}],"wp:attachment":[{"href":"https:\/\/www.cp-rup.com\/pt\/wp-json\/wp\/v2\/media?parent=37"}],"curies":[{"name":"wp","href":"https:\/\/api.w.org\/{rel}","templated":true}]}}