{"id":50,"date":"2017-09-20T08:47:48","date_gmt":"2017-09-20T08:47:48","guid":{"rendered":"http:\/\/rup.dev\/?page_id=50"},"modified":"2021-03-22T14:01:26","modified_gmt":"2021-03-22T14:01:26","slug":"comite-das-regioes","status":"publish","type":"page","link":"https:\/\/www.cp-rup.com\/pt\/as-rup-na-ue\/comite-das-regioes\/","title":{"rendered":"Comit\u00e9 das Regi\u00f5es"},"content":{"rendered":"<h1 style=\"text-align: center;\"><span id=\"result_box\" class=\"short_text\" lang=\"pt\"><span class=\"\">\u00a0Comit\u00e9 das Regi\u00f5es Europeu<\/span><\/span><\/h1>\n<p>O Comit\u00e9 das Regi\u00f5es Europeu (CdR) \u00e9 um dos dois \u00f3rg\u00e3os consultivos do Parlamento Europeu, do Conselho e da Comiss\u00e3o Europeia. \u00c9 composto por representantes eleitos a n\u00edvel local e regional, provenientes de todos os Estados-Membros.<\/p>\n<p>O CdR permite que as regi\u00f5es e os munic\u00edpios participem formalmente no desenvolvimento da legisla\u00e7\u00e3o da UE. As institui\u00e7\u00f5es acima mencionadas devem consultar o CdR aquando da elabora\u00e7\u00e3o de legisla\u00e7\u00e3o sobre quest\u00f5es relacionadas com a administra\u00e7\u00e3o local e regional, tais como sa\u00fade, educa\u00e7\u00e3o, emprego, pol\u00edtica social, coes\u00e3o econ\u00f3mica e social, transportes, energia e altera\u00e7\u00f5es clim\u00e1ticas.<\/p>\n<p>Quando o CdR recebe uma proposta legislativa, elabora e adota um parecer e envia-o para as institui\u00e7\u00f5es pertinentes da UE; pode igualmente emitir pareceres por iniciativa pr\u00f3pria.<\/p>\n<h2 style=\"text-align: center;\"><span id=\"result_box\" class=\"short_text\" lang=\"pt\"><span class=\"\">O Comit\u00e9 das Regi\u00f5es e as RUP<\/span><\/span><\/h2>\n<p>As Regi\u00f5es Ultraperif\u00e9ricas t\u00eam tr\u00eas membros titulares permanentes no CdR, nomeadamente o presidente da Comunidade Aut\u00f3noma das Can\u00e1rias e os presidentes das Regi\u00f5es Aut\u00f3nomas dos A\u00e7ores e da Madeira. No atual mandato, o presidente do Conselho Territorial de Reuni\u00e3o \u00e9 membro do mesmo.<\/p>\n<p>A participa\u00e7\u00e3o ativa das RUP neste \u00f3rg\u00e3o conseguiu torn\u00e1-lo porta-voz da realidade ultraperif\u00e9rica na Europa, atrav\u00e9s da inclus\u00e3o regular de altera\u00e7\u00f5es nos seus projetos de parecer.<\/p>\n<p>Desde 1994, foram preparados os seguintes pareceres espec\u00edficos sobre as Regi\u00f5es Ultraperif\u00e9ricas:<\/p>\n<p>\u2022 Parecer sobre a problem\u00e1tica das Regi\u00f5es Ultraperif\u00e9ricas e a aplica\u00e7\u00e3o do artigo 299.\u00ba. Relator: Karam, Presidente da Guiana, DOCE C \/ 144, de 16\/05\/2001<\/p>\n<p>\u2022 Parecer sobre a Comunica\u00e7\u00e3o da Comiss\u00e3o &#8211; Refor\u00e7ar a parceria com as Regi\u00f5es Ultraperif\u00e9ricas. Relator: Ad\u00e1n Mart\u00edn, DOUE C \/ 71 de 22\/03\/2005<\/p>\n<ul>\u2022 Parecer &#8220;Estrat\u00e9gia para as Regi\u00f5es Ultraperif\u00e9ricas: conquistas e perspetivas&#8221;. Relator: Paulino Rivero, DOUE C \/ 172 de 5\/07\/2008<\/ul>\n<ul>\u2022 Parecer &#8220;As Regi\u00f5es Ultraperif\u00e9ricas da UE \u00e0 luz da estrat\u00e9gia Europa 2020&#8221;. Relator: Malcolm Mifsud (MT \/ PPE). Aprovado em fevereiro de 2013<\/ul>\n<ul>\u2022 Parecer &#8220;Para uma aplica\u00e7\u00e3o completa da estrat\u00e9gia europeia renovada para as Regi\u00f5es Ultraperif\u00e9ricas&#8221;. Relator: Fernando Clavijo Batlle. Aprovado em fevereiro de 2018.<\/ul>\n<ul>\n<li><a href=\"https:\/\/webapi2016.cor.europa.eu\/v1\/documents\/COR-2020-03319-00-02-AC-TRA-PT.docx\/content\">Parecer do Comit\u00e9 das Regi\u00f5es sobre o &#8220;Relat\u00f3rio da Comiss\u00e3o Europeia relativo \u00e0 aplica\u00e7\u00e3o de uma parceria estrat\u00e9gica renovada com as regi\u00f5es ultraperif\u00e9ricas da UE&#8221;, aprovado a dezembro de 2020.<\/a><\/li>\n<\/ul>\n<div id=\"metaslider-id-1301\" style=\"width: 100%; margin: 0 auto;\" class=\"ml-slider-3-20-3 metaslider metaslider-flex metaslider-1301 ml-slider\">\n    <div id=\"metaslider_container_1301\">\n        <div id=\"metaslider_1301\">\n            <ul aria-live=\"polite\" class=\"slides\">\n                <li style=\"display: none; width: 100%;\" class=\"slide-1308 ms-image\"><img loading=\"lazy\" decoding=\"async\" src=\"https:\/\/www.cp-rup.com\/wp-content\/uploads\/2018\/03\/CDR-02.jpg\" height=\"400\" width=\"1200\" alt=\"\" class=\"slider-1301 slide-1308\" \/><\/li>\n                <li style=\"display: none; width: 100%;\" class=\"slide-1310 ms-image\"><img loading=\"lazy\" decoding=\"async\" src=\"https:\/\/www.cp-rup.com\/wp-content\/uploads\/2018\/03\/CDR-01.jpg\" height=\"400\" width=\"1200\" alt=\"\" class=\"slider-1301 slide-1310\" \/><\/li>\n                <li style=\"display: none; width: 100%;\" class=\"slide-3810 ms-image\"><img loading=\"lazy\" decoding=\"async\" src=\"https:\/\/www.cp-rup.com\/wp-content\/uploads\/2018\/10\/Comite-de-regiones008-1200x400.jpg\" height=\"400\" width=\"1200\" alt=\"\" class=\"slider-1301 slide-3810\" \/><\/li>\n                <li style=\"display: none; width: 100%;\" class=\"slide-3811 ms-image\"><img loading=\"lazy\" decoding=\"async\" src=\"https:\/\/www.cp-rup.com\/wp-content\/uploads\/2018\/10\/CDR2018-006-1200x400.jpg\" height=\"400\" width=\"1200\" alt=\"\" class=\"slider-1301 slide-3811\" \/><\/li>\n            <\/ul>\n        <\/div>\n        \n    <\/div>\n<\/div>\n","protected":false},"excerpt":{"rendered":"<p>\u00a0Comit\u00e9 das Regi\u00f5es Europeu O Comit\u00e9 das Regi\u00f5es Europeu (CdR) \u00e9 um dos dois \u00f3rg\u00e3os consultivos do Parlamento Europeu, do Conselho e da Comiss\u00e3o Europeia. \u00c9 composto por representantes eleitos a n\u00edvel local e regional, provenientes de todos os Estados-Membros. O CdR permite que as regi\u00f5es e os munic\u00edpios participem formalmente no desenvolvimento da legisla\u00e7\u00e3o [&hellip;]<\/p>\n","protected":false},"author":45,"featured_media":0,"parent":40,"menu_order":6,"comment_status":"closed","ping_status":"closed","template":"page-static-rich.php","meta":{"_acf_changed":false,"footnotes":"","_links_to":"","_links_to_target":""},"class_list":["post-50","page","type-page","status-publish","hentry"],"acf":[],"_links":{"self":[{"href":"https:\/\/www.cp-rup.com\/pt\/wp-json\/wp\/v2\/pages\/50","targetHints":{"allow":["GET"]}}],"collection":[{"href":"https:\/\/www.cp-rup.com\/pt\/wp-json\/wp\/v2\/pages"}],"about":[{"href":"https:\/\/www.cp-rup.com\/pt\/wp-json\/wp\/v2\/types\/page"}],"author":[{"embeddable":true,"href":"https:\/\/www.cp-rup.com\/pt\/wp-json\/wp\/v2\/users\/45"}],"replies":[{"embeddable":true,"href":"https:\/\/www.cp-rup.com\/pt\/wp-json\/wp\/v2\/comments?post=50"}],"version-history":[{"count":70,"href":"https:\/\/www.cp-rup.com\/pt\/wp-json\/wp\/v2\/pages\/50\/revisions"}],"predecessor-version":[{"id":7413,"href":"https:\/\/www.cp-rup.com\/pt\/wp-json\/wp\/v2\/pages\/50\/revisions\/7413"}],"up":[{"embeddable":true,"href":"https:\/\/www.cp-rup.com\/pt\/wp-json\/wp\/v2\/pages\/40"}],"wp:attachment":[{"href":"https:\/\/www.cp-rup.com\/pt\/wp-json\/wp\/v2\/media?parent=50"}],"curies":[{"name":"wp","href":"https:\/\/api.w.org\/{rel}","templated":true}]}}