{"id":54,"date":"2017-09-20T08:48:10","date_gmt":"2017-09-20T08:48:10","guid":{"rendered":"http:\/\/rup.dev\/?page_id=54"},"modified":"2022-12-20T20:36:48","modified_gmt":"2022-12-20T20:36:48","slug":"conferencia-anual","status":"publish","type":"page","link":"https:\/\/www.cp-rup.com\/pt\/conferencia-anual\/","title":{"rendered":"Presid\u00eancia Anual"},"content":{"rendered":"<h1 style=\"text-align: left;\"><span id=\"result_box\" class=\"short_text\" lang=\"fr\"><img loading=\"lazy\" decoding=\"async\" class=\"size-medium wp-image-7614 alignleft\" src=\"https:\/\/cp-rup.com\/wp-content\/uploads\/2022\/12\/RUP-PERFIL-RRSS_Mesa-de-trabajo-1-1-300x300.png\" alt=\"\" width=\"300\" height=\"300\" srcset=\"https:\/\/www.cp-rup.com\/wp-content\/uploads\/2022\/12\/RUP-PERFIL-RRSS_Mesa-de-trabajo-1-1-300x300.png 300w, https:\/\/www.cp-rup.com\/wp-content\/uploads\/2022\/12\/RUP-PERFIL-RRSS_Mesa-de-trabajo-1-1-150x150.png 150w, https:\/\/www.cp-rup.com\/wp-content\/uploads\/2022\/12\/RUP-PERFIL-RRSS_Mesa-de-trabajo-1-1.png 750w\" sizes=\"auto, (max-width: 300px) 100vw, 300px\" \/>Presid\u00eancia Anual<\/span><\/h1>\n<p>A Presid\u00eancia da Confer\u00eancia \u00e9 exercida sucessivamente, por cada RUP, por um per\u00edodo de, pelo menos, um ano. Durante a sess\u00e3o ordin\u00e1ria realizada na regi\u00e3o que det\u00e9m a presid\u00eancia rotativa, a Confer\u00eancia indica, de entre os seus membros, o pr\u00f3ximo membro da Confer\u00eancia\u00a0 e decide sobre a dura\u00e7\u00e3o do seu mandato de acordo com a agenda europeia, nacional e regional.<br \/>\nN\u00e3o obstante o acima exposto, foi, em 2017, adotado um calend\u00e1rio indicativo de Presid\u00eancias para os pr\u00f3ximos anos:<\/p>\n<p>&nbsp;<\/p>\n<div style=\"text-align: center;\">\n<table style=\"text-align: left; font-family: 'Calibri',sans-serif; font-size: 80%; color: #707173; height: 185px; width: 700px; margin: 0 auto;\" cellspacing=\"0\" cellpadding=\"2\">\n<tbody>\n<tr style=\"border-style: solid none; border-color: #ededed; border-width: 3px;\">\n<td style=\"border-style: solid none; border-color: #707173; color: #707173; font-weight: bold; text-align: center; width: 115.448px;\" valign=\"undefined\">CPRUP<\/td>\n<td style=\"border-style: solid none; border-color: #707173; font-weight: bold; text-align: center; color: #707173; width: 448.875px;\" valign=\"undefined\">ANOS<\/td>\n<td style=\"border-style: solid none; border-color: #707173; font-weight: bold; text-align: center; color: #707173; width: 121.677px;\" valign=\"undefined\">PRESID\u00caNCIA<\/td>\n<\/tr>\n<tr>\n<td style=\"border-style: none none solid; border-color: grey; border-width: 1px; text-align: center; width: 115.448px;\" valign=\"undefined\">XXI<\/td>\n<td style=\"border-style: none none solid; border-color: grey; border-width: 1px; text-align: center; width: 448.875px;\" valign=\"undefined\">fevereiro de 2015 &#8211; setembro de 2016<\/td>\n<td style=\"border-style: none none solid; border-color: grey; border-width: 1px; text-align: center; width: 121.677px;\" valign=\"undefined\">Madeira<\/td>\n<\/tr>\n<tr>\n<td style=\"border-style: none none solid; border-color: grey; border-width: 1px; text-align: center; width: 115.448px;\" valign=\"undefined\">XXII<\/td>\n<td style=\"border-style: none none solid; border-color: grey; border-width: 1px; text-align: center; width: 448.875px;\" valign=\"undefined\">setembro 2016 &#8211; outubro 2017<\/td>\n<td style=\"border-style: none none solid; border-color: grey; border-width: 1px; text-align: center; width: 121.677px;\" valign=\"undefined\">Guiana Francesa<\/td>\n<\/tr>\n<tr>\n<td style=\"border-style: none none solid; border-color: grey; border-width: 1px; text-align: center; width: 115.448px;\" valign=\"undefined\">XXIII<\/td>\n<td style=\"border-style: none none solid; border-color: grey; border-width: 1px; text-align: center; width: 448.875px;\" valign=\"undefined\">2017 \/ 2018<\/td>\n<td style=\"border-style: none none solid; border-color: grey; border-width: 1px; text-align: center; width: 121.677px;\" valign=\"undefined\">Can\u00e1rias<\/td>\n<\/tr>\n<tr>\n<td style=\"border-style: none none solid; border-color: grey; border-width: 1px; text-align: center; width: 115.448px;\" valign=\"undefined\">XXIV<\/td>\n<td style=\"border-style: none none solid; border-color: grey; border-width: 1px; text-align: center; width: 448.875px;\" valign=\"undefined\">2018 \/ 2019<\/td>\n<td style=\"border-style: none none solid; border-color: grey; border-width: 1px; text-align: center; width: 121.677px;\" valign=\"undefined\">S\u00e3o Martinho<\/td>\n<\/tr>\n<tr>\n<td style=\"border-style: none none solid; border-color: grey; border-width: 1px; text-align: center; width: 115.448px;\" valign=\"undefined\">XXV<\/td>\n<td style=\"border-style: none none solid; border-color: grey; border-width: 1px; text-align: center; width: 448.875px;\" valign=\"undefined\">2019 \/ 2020<\/td>\n<td style=\"border-style: none none solid; border-color: grey; border-width: 1px; text-align: center; width: 121.677px;\" valign=\"undefined\">Maiote<\/td>\n<\/tr>\n<tr>\n<td style=\"border-style: none none solid; border-color: grey; border-width: 1px; text-align: center; width: 115.448px;\" valign=\"undefined\">XXVI<\/td>\n<td style=\"border-style: none none solid; border-color: grey; border-width: 1px; text-align: center; width: 448.875px;\" valign=\"undefined\">2020 \/ 2021<br \/>\n(Presid\u00eancia Portuguesa do Conselho de janeiro a junho de 2021)<\/td>\n<td style=\"border-style: none none solid; border-color: grey; border-width: 1px; text-align: center; width: 121.677px;\" valign=\"undefined\">A\u00e7ores<\/td>\n<\/tr>\n<tr>\n<td style=\"border-style: none none solid; border-color: grey; border-width: 1px; text-align: center; width: 115.448px;\" valign=\"undefined\">XXVII<\/td>\n<td style=\"border-style: none none solid; border-color: grey; border-width: 1px; text-align: center; width: 448.875px;\" valign=\"undefined\">2021 \/ 2022<br \/>\n(Presid\u00eancia Franc\u00eas do Conselho de janeiro a junho de 2022)<\/td>\n<td style=\"border-style: none none solid; border-color: grey; border-width: 1px; text-align: center; width: 121.677px;\" valign=\"undefined\">Martinica<\/td>\n<\/tr>\n<tr>\n<td style=\"border-style: none none solid; border-color: grey; border-width: 1px; text-align: center; width: 115.448px;\" valign=\"undefined\">XXVIII<\/td>\n<td style=\"border-style: none none solid; border-color: grey; border-width: 1px; text-align: center; width: 448.875px;\" valign=\"undefined\">2022 \/ 2023<br \/>\n(Presidencia Espanhol del Consejo de julho a dezembro de 2023)<\/td>\n<td style=\"border-style: none none solid; border-color: grey; border-width: 1px; text-align: center; width: 121.677px;\" valign=\"undefined\">Can\u00e1rias<\/td>\n<\/tr>\n<tr>\n<td style=\"border-style: none none solid; border-color: grey; border-width: 1px; text-align: center; width: 115.448px;\" valign=\"undefined\">XXIX<\/td>\n<td style=\"border-style: none none solid; border-color: grey; border-width: 1px; text-align: center; width: 448.875px;\" valign=\"undefined\">2023 \/ 2024<\/td>\n<td style=\"border-style: none none solid; border-color: grey; border-width: 1px; text-align: center; width: 121.677px;\" valign=\"undefined\">Reuni\u00e3o<\/td>\n<\/tr>\n<tr>\n<td style=\"border-style: none none solid; border-color: grey; border-width: 1px; text-align: center; width: 115.448px;\" valign=\"undefined\">XXX<\/td>\n<td style=\"border-style: none none solid; border-color: grey; border-width: 1px; text-align: center; width: 448.875px;\" valign=\"undefined\">2024 \/ 2025<\/td>\n<td style=\"border-style: none none solid; border-color: grey; border-width: 1px; text-align: center; width: 121.677px;\" valign=\"undefined\">Guadalupe<\/td>\n<\/tr>\n<tr>\n<td style=\"border-style: none none solid; border-color: grey; border-width: 1px; text-align: center; width: 115.448px;\" valign=\"undefined\">XXXI<\/td>\n<td style=\"border-style: none none solid; border-color: grey; border-width: 1px; text-align: center; width: 448.875px;\" valign=\"undefined\">2025 \/ 2026<\/td>\n<td style=\"border-style: none none solid; border-color: grey; border-width: 1px; text-align: center; width: 121.677px;\" valign=\"undefined\">Madeira<\/td>\n<\/tr>\n<\/tbody>\n<\/table>\n<\/div>\n<p>&nbsp;<\/p>\n<p>Na 27\u00aa Confer\u00eancia Anual dos Presidentes das Regi\u00f5es Ultraperif\u00e9ricas, que teve lugar a 15 e 16 de Novembro de 2022 em Bruxelas, a presid\u00eancia da Martinica foi transferida para as Can\u00e1rias, representada pelo seu Presidente, \u00c1ngel V\u00edctor TORRES P\u00c9REZ, que desempenhar\u00e1 a presid\u00eancia da Confer\u00eancia dos Presidentes das Regi\u00f5es Ultraperif\u00e9ricas at\u00e9 Novembro de 2023.<\/p>\n<h3 style=\"text-align: center;\">Fun\u00e7\u00f5es<\/h3>\n<p>O presidente das RUP que assume a presid\u00eancia da Confer\u00eancia, de acordo com o protocolo de coopera\u00e7\u00e3o assinado entre eles, exerce as seguintes fun\u00e7\u00f5es:<\/p>\n<ul>\n<li>Representar a Confer\u00eancia perante as institui\u00e7\u00f5es, os \u00f3rg\u00e3os e os organismos europeus;<\/li>\n<li>Coordenar as a\u00e7\u00f5es e as iniciativas tendo em vista a defesa dos interesses das Regi\u00f5es Ultraperif\u00e9ricas;<\/li>\n<li>Convocar as reuni\u00f5es da Confer\u00eancia;<\/li>\n<li>Presidir \u00e0s reuni\u00f5es da Confer\u00eancia;<\/li>\n<li>Qualquer outra fun\u00e7\u00e3o atribu\u00edda pela Confer\u00eancia.<\/li>\n<\/ul>\n<p>Al\u00e9m disso, \u00e9 respons\u00e1vel por:<\/p>\n<ul>\n<li>Elaborar e apresentar o programa da sua Presid\u00eancia no in\u00edcio do seu mandato;<\/li>\n<li>Relacionar-se com as institui\u00e7\u00f5es europeias em nome da Confer\u00eancia;<\/li>\n<li>Coordenar a representa\u00e7\u00e3o de Regi\u00f5es Ultraperif\u00e9ricas em f\u00f3runs europeus de todos os tipos, a fim de garantir a defesa da ultraperiferia;<\/li>\n<li>Participar no Bureau Pol\u00edtico da Confer\u00eancia das Regi\u00f5es Perif\u00e9ricas Mar\u00edtimas da Europa (CRPM);<\/li>\n<li>Transmitir as posi\u00e7\u00f5es comuns da Confer\u00eancia \u00e0s institui\u00e7\u00f5es europeias;<\/li>\n<li>Organizar a sess\u00e3o anual da Confer\u00eancia no seu territ\u00f3rio.<\/li>\n<\/ul>\n","protected":false},"excerpt":{"rendered":"<p>Presid\u00eancia Anual A Presid\u00eancia da Confer\u00eancia \u00e9 exercida sucessivamente, por cada RUP, por um per\u00edodo de, pelo menos, um ano. Durante a sess\u00e3o ordin\u00e1ria realizada na regi\u00e3o que det\u00e9m a presid\u00eancia rotativa, a Confer\u00eancia indica, de entre os seus membros, o pr\u00f3ximo membro da Confer\u00eancia\u00a0 e decide sobre a dura\u00e7\u00e3o do seu mandato de acordo [&hellip;]<\/p>\n","protected":false},"author":45,"featured_media":0,"parent":0,"menu_order":0,"comment_status":"closed","ping_status":"closed","template":"page-static-rich.php","meta":{"_acf_changed":false,"footnotes":"","_links_to":"","_links_to_target":""},"class_list":["post-54","page","type-page","status-publish","hentry"],"acf":[],"_links":{"self":[{"href":"https:\/\/www.cp-rup.com\/pt\/wp-json\/wp\/v2\/pages\/54","targetHints":{"allow":["GET"]}}],"collection":[{"href":"https:\/\/www.cp-rup.com\/pt\/wp-json\/wp\/v2\/pages"}],"about":[{"href":"https:\/\/www.cp-rup.com\/pt\/wp-json\/wp\/v2\/types\/page"}],"author":[{"embeddable":true,"href":"https:\/\/www.cp-rup.com\/pt\/wp-json\/wp\/v2\/users\/45"}],"replies":[{"embeddable":true,"href":"https:\/\/www.cp-rup.com\/pt\/wp-json\/wp\/v2\/comments?post=54"}],"version-history":[{"count":143,"href":"https:\/\/www.cp-rup.com\/pt\/wp-json\/wp\/v2\/pages\/54\/revisions"}],"predecessor-version":[{"id":7789,"href":"https:\/\/www.cp-rup.com\/pt\/wp-json\/wp\/v2\/pages\/54\/revisions\/7789"}],"wp:attachment":[{"href":"https:\/\/www.cp-rup.com\/pt\/wp-json\/wp\/v2\/media?parent=54"}],"curies":[{"name":"wp","href":"https:\/\/api.w.org\/{rel}","templated":true}]}}