{"id":56,"date":"2017-09-20T08:48:21","date_gmt":"2017-09-20T08:48:21","guid":{"rendered":"http:\/\/rup.dev\/?page_id=56"},"modified":"2024-01-30T05:30:37","modified_gmt":"2024-01-30T05:30:37","slug":"mensagem-do-presidente","status":"publish","type":"page","link":"https:\/\/www.cp-rup.com\/pt\/conferencia-anual\/mensagem-do-presidente\/","title":{"rendered":"Mensagem da Presidente"},"content":{"rendered":"<p>&nbsp;<\/p>\n<h1 style=\"text-align: center;\">Mensagem do Presidente<\/h1>\n<p>&nbsp;<\/p>\n<p><a href=\"https:\/\/cp-rup.com\/conferencia-anual\/mensagem-da-presidente\/presidente_photo-officielle-3\/\" rel=\"attachment wp-att-9535\"><img loading=\"lazy\" decoding=\"async\" class=\"alignleft size-medium wp-image-9535\" src=\"https:\/\/cp-rup.com\/wp-content\/uploads\/2024\/01\/PRESIDENTE_PHOTO-OFFICIELLE-2-277x300.jpg\" alt=\"\" width=\"277\" height=\"300\" srcset=\"https:\/\/www.cp-rup.com\/wp-content\/uploads\/2024\/01\/PRESIDENTE_PHOTO-OFFICIELLE-2-277x300.jpg 277w, https:\/\/www.cp-rup.com\/wp-content\/uploads\/2024\/01\/PRESIDENTE_PHOTO-OFFICIELLE-2-944x1024.jpg 944w, https:\/\/www.cp-rup.com\/wp-content\/uploads\/2024\/01\/PRESIDENTE_PHOTO-OFFICIELLE-2-768x833.jpg 768w, https:\/\/www.cp-rup.com\/wp-content\/uploads\/2024\/01\/PRESIDENTE_PHOTO-OFFICIELLE-2.jpg 1414w\" sizes=\"auto, (max-width: 277px) 100vw, 277px\" \/><\/a>O nosso compromisso conjunto no \u00e2mbito da Confer\u00eancia dos Presidentes das RUP permite introduzir perspetivas diferentes das vis\u00f5es estritamente continentais das pol\u00edticas europeias. Estamos a trabalhar para garantir que a Uni\u00e3o Europeia se abra totalmente \u00e0 realidade do nosso afastamento do continente e que seja tamb\u00e9m mais sens\u00edvel \u00e0 realidade da nossa proximidade a pa\u00edses terceiros. Apelamos, por isso, a que na nova estrat\u00e9gia europeia se reconhe\u00e7am ainda mais as RUP como territ\u00f3rios que ligam a Europa a todos os pontos do planeta, territ\u00f3rios que facilitam redes de interc\u00e2mbio e solidariedade com as zonas mais remotas do continente. As nossas Regi\u00f5es representam um trunfo consider\u00e1vel para toda a Uni\u00e3o Europeia, conferindo-lhe uma dimens\u00e3o global.<\/p>\n<p>Quando a Uni\u00e3o Europeia aceita, desde o in\u00edcio, utilizar a refer\u00eancia ao artigo 349.\u00ba na sua legisla\u00e7\u00e3o, as RUP s\u00e3o capazes de obter resultados concretos e ben\u00e9ficos, como os contidos na pol\u00edtica de coes\u00e3o ou nas pol\u00edticas fiscal e aduaneira. E \u00e9 tamb\u00e9m aqui, naturalmente, onde a Europa consegue ser mais convincente.<\/p>\n<p>O pr\u00f3prio objetivo da integra\u00e7\u00e3o europeia \u00e9, antes de mais, defender e promover um modelo social, pelo que espero que a pr\u00f3xima estrat\u00e9gia a favor das Regi\u00f5es Ultraperif\u00e9ricas seja profundamente marcada por esta dimens\u00e3o social. Esta ambi\u00e7\u00e3o dever\u00e1 centrar-se nas quest\u00f5es centrais da educa\u00e7\u00e3o, da forma\u00e7\u00e3o e do emprego, bem como na necessidade de refor\u00e7ar a dimens\u00e3o humana das pol\u00edticas europeias a favor das RUP. \u00c9 nesta condi\u00e7\u00e3o que a Europa poder\u00e1 voltar a falar ao cora\u00e7\u00e3o dos nossos concidad\u00e3os, e aos dos nossos jovens em particular&#8230;<\/p>\n<p>&nbsp;<\/p>\n<p><strong>Huguette Bello<br \/>\n<\/strong><\/p>\n<p><strong><span class=\"HwtZe\" lang=\"pt\"><span class=\"jCAhz ChMk0b\"><span class=\"ryNqvb\">Presidente do Conselho Regional da Reuni\u00e3o<\/span><\/span><\/span><\/strong><\/p>\n","protected":false},"excerpt":{"rendered":"<p>&nbsp; Mensagem do Presidente &nbsp; O nosso compromisso conjunto no \u00e2mbito da Confer\u00eancia dos Presidentes das RUP permite introduzir perspetivas diferentes das vis\u00f5es estritamente continentais das pol\u00edticas europeias. Estamos a trabalhar para garantir que a Uni\u00e3o Europeia se abra totalmente \u00e0 realidade do nosso afastamento do continente e que seja tamb\u00e9m mais sens\u00edvel \u00e0 realidade [&hellip;]<\/p>\n","protected":false},"author":45,"featured_media":0,"parent":54,"menu_order":2,"comment_status":"closed","ping_status":"closed","template":"page-static-rich.php","meta":{"_acf_changed":false,"footnotes":"","_links_to":"","_links_to_target":""},"class_list":["post-56","page","type-page","status-publish","hentry"],"acf":[],"_links":{"self":[{"href":"https:\/\/www.cp-rup.com\/pt\/wp-json\/wp\/v2\/pages\/56","targetHints":{"allow":["GET"]}}],"collection":[{"href":"https:\/\/www.cp-rup.com\/pt\/wp-json\/wp\/v2\/pages"}],"about":[{"href":"https:\/\/www.cp-rup.com\/pt\/wp-json\/wp\/v2\/types\/page"}],"author":[{"embeddable":true,"href":"https:\/\/www.cp-rup.com\/pt\/wp-json\/wp\/v2\/users\/45"}],"replies":[{"embeddable":true,"href":"https:\/\/www.cp-rup.com\/pt\/wp-json\/wp\/v2\/comments?post=56"}],"version-history":[{"count":90,"href":"https:\/\/www.cp-rup.com\/pt\/wp-json\/wp\/v2\/pages\/56\/revisions"}],"predecessor-version":[{"id":9557,"href":"https:\/\/www.cp-rup.com\/pt\/wp-json\/wp\/v2\/pages\/56\/revisions\/9557"}],"up":[{"embeddable":true,"href":"https:\/\/www.cp-rup.com\/pt\/wp-json\/wp\/v2\/pages\/54"}],"wp:attachment":[{"href":"https:\/\/www.cp-rup.com\/pt\/wp-json\/wp\/v2\/media?parent=56"}],"curies":[{"name":"wp","href":"https:\/\/api.w.org\/{rel}","templated":true}]}}